{"id":19727,"date":"2020-04-30T13:20:23","date_gmt":"2020-04-30T11:20:23","guid":{"rendered":"https:\/\/www.rhuven.com\/?page_id=19727"},"modified":"2026-02-21T13:11:56","modified_gmt":"2026-02-21T12:11:56","slug":"disseny-de-logotips","status":"publish","type":"page","link":"https:\/\/www.rhuven.com\/ca\/disseny-de-logotips\/","title":{"rendered":"Disseny de logotips a Barcelona"},"content":{"rendered":"<section class=\"l-section wpb_row height_huge full_height valign_center color_secondary with_video\"><div id=\"us_bg_video_l82a\" class=\"l-section-video\"><script id=\"us_bg_video_l82a-script\">!function(w){var node = document.getElementById( 'us_bg_video_l82a' );if ( w.innerWidth <= 1 ) { node.remove() }}(window);<\/script><style>@media(max-width:1px){#us_bg_video_l82a{display:none!important}}<\/style><video  autoplay loop muted playsinline preload=\"auto\" tabindex=\"-1\"><source type=\"video\/mp4\" src=\"https:\/\/www.rhuven.com\/wp-content\/uploads\/2025\/07\/freepik__plano-dinmico-de-seguimiento-un-horizonte-urbano-f__29553.mp4\" \/><\/video><\/div><div class=\"l-section-overlay\" style=\"background:linear-gradient(300deg, #000 0%,rgba(0,0,0,0.52) 100%)\"><\/div><div class=\"l-section-h i-cf\"><div class=\"g-cols vc_row via_grid cols_1 laptops-cols_inherit tablets-cols_1 mobiles-cols_1 valign_middle type_default reversed stacking_default\" style=\"--columns-gap:0rem;\"><div class=\"wpb_column vc_column_container us_custom_fd43344c\"><div class=\"vc_column-inner\"><div class=\"w-text us_custom_bd19e6aa has_text_color\"><span class=\"w-text-h\"><span class=\"w-text-value\">RHUVEN<\/span><\/span><\/div><div class=\"w-separator size_small\"><\/div><h1 class=\"w-text us_custom_87c42a28 has_text_color\"><span class=\"w-text-h\"><span class=\"w-text-value\">Disseny de logotips a Barcelona<\/span><\/span><\/h1><div class=\"wpb_text_column us_custom_29eda462\"><div class=\"wpb_wrapper\"><p>Ag\u00e8ncia especialitzada en <strong>disseny de logotips a Barcelona<\/strong> .<\/p>\n<\/div><\/div><div class=\"w-hwrapper valign_middle wrap align_none\" style=\"--hwrapper-gap:3rem\"><div class=\"w-btn-wrapper align_none\"><a class=\"w-btn us-btn-style_1 us_custom_0207f80c\" href=\"#1\"><span class=\"w-btn-label\">Parlem?<\/span><\/a><\/div><\/div><\/div><\/div><\/div><\/div><\/section><section class=\"l-section wpb_row height_large\"><div class=\"l-section-h i-cf\"><div class=\"g-cols vc_row via_grid cols_1 laptops-cols_inherit tablets-cols_2 mobiles-cols_1 valign_top type_default stacking_default\" style=\"--columns-gap:30px;\"><div class=\"wpb_column vc_column_container\"><div class=\"vc_column-inner\"><div class=\"w-separator size_custom\" style=\"height:\" id=\"j48e\"><style>@media(max-width:1024px){ #j48e{height:20px!important}}@media(max-width:600px){ #j48e{height:20px!important}}<\/style><\/div><div class=\"wpb_text_column us_custom_c7cab91e\"><div class=\"wpb_wrapper\"><h2><span style=\"color: #c6a04f;\"><strong>Serveis de logotip i imatge corporativa a Barcelona<\/strong><\/span><\/h2>\n<\/div><\/div><div class=\"w-separator size_large\"><\/div><div class=\"g-cols wpb_row via_grid cols_3 laptops-cols_inherit tablets-cols_inherit mobiles-cols_1 valign_top type_default stacking_default\" style=\"--columns-gap:2rem;\"><div class=\"wpb_column vc_column_container us_custom_cd895498\"><div class=\"vc_column-inner\"><div class=\"w-text us_custom_4a25e60e has_text_color\"><span class=\"w-text-h\"><span class=\"w-text-value\">Disseny de logotips personalitzats<\/span><\/span><\/div><div class=\"wpb_text_column\"><div class=\"wpb_wrapper\"><p>Creem identitats visuals \u00faniques que reflecteixen l&#8217;ess\u00e8ncia de la vostra marca i connecten amb el vostre p\u00fablic objectiu. El nostre proc\u00e9s creatiu combina creativitat i estrat\u00e8gia per dissenyar logos memorables i professionals.<\/p>\n<\/div><\/div><div class=\"w-separator size_small\"><\/div><div class=\"w-btn-wrapper align_none\"><a class=\"w-btn us-btn-style_1\" href=\"#1\"><span class=\"w-btn-label\">Saber m\u00e9s<\/span><\/a><\/div><\/div><\/div><div class=\"wpb_column vc_column_container us_custom_cd895498\"><div class=\"vc_column-inner\"><div class=\"w-text us_custom_4a25e60e has_text_color\"><span class=\"w-text-h\"><span class=\"w-text-value\">Manual d&#039;identitat corporativa<\/span><\/span><\/div><div class=\"wpb_text_column\"><div class=\"wpb_wrapper\"><p>Desenvolupem guies visuals completes per assegurar coher\u00e8ncia en tots els suports, des de papereria fins a xarxes socials i publicitat, mantenint sempre una imatge s\u00f2lida i reconeixible.<\/p>\n<\/div><\/div><div class=\"w-separator size_small\"><\/div><div class=\"w-btn-wrapper align_none\"><a class=\"w-btn us-btn-style_1\" href=\"#1\"><span class=\"w-btn-label\">Consulta&#039;ns<\/span><\/a><\/div><\/div><\/div><div class=\"wpb_column vc_column_container us_custom_cd895498\"><div class=\"vc_column-inner\"><div class=\"w-text us_custom_4a25e60e has_text_color\"><span class=\"w-text-h\"><span class=\"w-text-value\">Redisseny de marca i actualitzaci\u00f3<\/span><\/span><\/div><div class=\"wpb_text_column\"><div class=\"wpb_wrapper\"><p>Si el teu logo actual no representa adequadament la teva empresa, t&#8217;ajudem a modernitzar-lo i adaptar-lo als usos actuals, millorant-ne l&#8217;impacte sense perdre la identitat original.<\/p>\n<\/div><\/div><div class=\"w-separator size_small\"><\/div><div class=\"w-btn-wrapper align_none\"><a class=\"w-btn us-btn-style_1\" href=\"#1\"><span class=\"w-btn-label\">Contacta&#039;ns<\/span><\/a><\/div><\/div><\/div><\/div><div class=\"w-separator size_custom\" style=\"height:\" id=\"x753\"><style>@media(max-width:1024px){ #x753{height:20px!important}}@media(max-width:600px){ #x753{height:20px!important}}<\/style><\/div><\/div><\/div><\/div><\/div><\/section><section class=\"l-section wpb_row height_auto color_primary\"><div class=\"l-section-overlay\" style=\"background:#000000\"><\/div><div class=\"l-section-h i-cf\"><div class=\"g-cols vc_row via_grid cols_2 laptops-cols_inherit tablets-cols_1 mobiles-cols_1 valign_middle type_default stacking_default\" style=\"--columns-gap:0px;\"><div class=\"wpb_column vc_column_container us_custom_db84134b has_bg_color stretched\"><div class=\"vc_column-overlay\" style=\"background:linear-gradient(280deg, rgba(0,0,0,0.88) 0%,rgba(0,0,0,0.21) 100%)\"><\/div><div class=\"vc_column-inner\"><div class=\"w-separator size_medium\"><\/div><\/div><\/div><div class=\"wpb_column vc_column_container\"><div class=\"vc_column-inner\"><div class=\"w-separator size_huge\"><\/div><div class=\"wpb_text_column us_custom_525019aa\"><div class=\"wpb_wrapper\"><h2><span style=\"color: #c6a04f;\"><strong>Disseny de logotips a mida pel teu negoci a Barcelona<\/strong><\/span><\/h2>\n<p>Entenem que un logotip \u00e9s molt m\u00e9s que una imatge: \u00e9s el s\u00edmbol que representa la identitat, els valors i la personalitat de la teva empresa. Per aix\u00f2 dissenyem cada logotip pensant en la teva hist\u00f2ria i objectius, buscant que sigui atractiu, funcional i perdurable en el temps. <\/p>\n<p>El nostre equip treballa amb tu a cada pas per crear un logotip que destaqui al mercat, sigui adaptable a tots els formats i generi confian\u00e7a en els teus clients.<\/p>\n<\/div><\/div><div class=\"w-separator size_huge\"><\/div><\/div><\/div><\/div><\/div><\/section><section class=\"l-section wpb_row height_large\"><div class=\"l-section-h i-cf\"><div class=\"g-cols vc_row via_grid cols_1 laptops-cols_inherit tablets-cols_inherit mobiles-cols_1 valign_top type_default stacking_default\" style=\"--columns-gap:4rem;\"><div class=\"wpb_column vc_column_container us_custom_6928a82a has_text_color has_bg_color\"><div class=\"vc_column-inner\"><div class=\"wpb_text_column\"><div class=\"wpb_wrapper\"><h2><strong><span style=\"color: #c6a04f;\">Les 3 fases per al teu Logo<\/span><\/strong><\/h2>\n<p>Analitzem el teu projecte per definir una imatge que transmeti la teva ess\u00e8ncia:<\/p>\n<\/div><\/div><div class=\"w-separator size_large\"><\/div><div class=\"g-cols wpb_row via_grid cols_3 laptops-cols_inherit tablets-cols_1 mobiles-cols_1 valign_top type_default\" style=\"--columns-gap:3rem;\"><div class=\"wpb_column vc_column_container\"><div class=\"vc_column-inner\"><div class=\"w-text us_custom_25e05924 has_text_color\"><span class=\"w-text-h\"><span class=\"w-text-value\">01<\/span><\/span><\/div><div class=\"wpb_text_column\"><div class=\"wpb_wrapper\"><h3><span style=\"color: #c6a04f;\"><strong>Recerca i br\u00edfing<\/strong><\/span><\/h3>\n<p>Analitzem el teu negoci, compet\u00e8ncia i p\u00fablic objectiu per definir el missatge i l&#8217;estil que ha de transmetre el teu logotip. Recollim refer\u00e8ncies, gustos i expectatives per alinear la creativitat amb els teus objectius.<\/p>\n<\/div><\/div><\/div><\/div><div class=\"wpb_column vc_column_container\"><div class=\"vc_column-inner\"><div class=\"w-text us_custom_25e05924 has_text_color\"><span class=\"w-text-h\"><span class=\"w-text-value\">02<\/span><\/span><\/div><div class=\"wpb_text_column\"><div class=\"wpb_wrapper\"><h3><span style=\"color: #c6a04f;\"><strong>Proposta i disseny<\/strong><\/span><\/h3>\n<p>Creem diverses propostes visuals basades en la informaci\u00f3 recopilada, combinant tipografies, colors i s\u00edmbols que reflecteixin la identitat de la teva marca.<\/p>\n<\/div><\/div><\/div><\/div><div class=\"wpb_column vc_column_container\"><div class=\"vc_column-inner\"><div class=\"w-text us_custom_25e05924 has_text_color\"><span class=\"w-text-h\"><span class=\"w-text-value\">03<\/span><\/span><\/div><div class=\"wpb_text_column\"><div class=\"wpb_wrapper\"><h3><span style=\"color: #c6a04f;\"><strong>Revisi\u00f3 i entrega final<\/strong><\/span><\/h3>\n<p>Ajustem el disseny triat segons els teus comentaris fins a obtenir el resultat perfecte. T&#8217;entreguem el logotip en els formats necessaris per al seu \u00fas digital i impressi\u00f3, juntament amb els fitxers font.<\/p>\n<\/div><\/div><\/div><\/div><\/div><div class=\"w-separator size_large\"><\/div><div class=\"wpb_text_column\"><div class=\"wpb_wrapper\"><h2><strong><span style=\"color: #c6a04f;\">Qu\u00e8 inclou el nostre servei de disseny de logotips a Barcelona<\/span><\/strong><\/h2>\n<p>Entreguem el logotip final en formats professionals llestos per a web, impressi\u00f3 i xarxes socials. Incloem revisions, adaptaci\u00f3 a diferents suports i assessorament perqu\u00e8 el disseny funcioni a nivell visual i de negoci: <\/p>\n<ul>\n<li><strong>Fitxers vectorials<\/strong> (AI\/EPS\/SVG) i versions a PNG\/JPG\/PDF.<\/li>\n<li><strong>Variants del logo<\/strong> (horitzontal, vertical i versi\u00f3 simplificada per a mides petites).<\/li>\n<li><strong>Aplicacions digitals<\/strong> (favicon, avatar i formats per a xarxes socials).<\/li>\n<li><strong>Paleta de color i tipografies<\/strong> recomanades per mantenir coher\u00e8ncia.<\/li>\n<li><strong>Rondes de revisi\u00f3<\/strong> per ajustar el disseny fins que encaixi amb tu.<\/li>\n<\/ul>\n<\/div><\/div><\/div><\/div><\/div><\/div><\/section><section class=\"l-section wpb_row height_auto color_primary\"><div class=\"l-section-overlay\" style=\"background:#000000\"><\/div><div class=\"l-section-h i-cf\"><div class=\"g-cols vc_row via_grid cols_2 laptops-cols_inherit tablets-cols_1 mobiles-cols_1 valign_middle type_default stacking_default\" style=\"--columns-gap:0px;\"><div class=\"wpb_column vc_column_container us_custom_128f8ecd has_bg_color stretched\"><div class=\"vc_column-overlay\" style=\"background:linear-gradient(280deg, rgba(0,0,0,0.88) 0%,rgba(0,0,0,0.21) 100%)\"><\/div><div class=\"vc_column-inner\"><\/div><\/div><div class=\"wpb_column vc_column_container\"><div class=\"vc_column-inner\"><div class=\"w-separator size_huge\"><\/div><div class=\"wpb_text_column us_custom_525019aa\"><div class=\"wpb_wrapper\"><h2><strong><span style=\"color: #c6a04f;\">Creativitat i funcionalitat per a la teva imatge corporativa<\/span><\/strong><\/h2>\n<p>La teva imatge corporativa no sols ha de ser visualment atractiva, sin\u00f3 tamb\u00e9 funcional. A <a href=\"https:\/\/www.rhuven.com\/ca\/\">Rhuven<\/a> ens assegurem que la teva marca es vegi perfecta en qualsevol mida i suport, des de targetes de visita fins a tanques publicit\u00e0ries i <a href=\"https:\/\/www.rhuven.com\/ca\/gestio-de-xarxes-socials\/\">xarxes socials<\/a> .<\/p>\n<\/div><\/div><div class=\"w-separator size_huge\"><\/div><\/div><\/div><\/div><\/div><\/section><section class=\"l-section wpb_row height_large\"><div class=\"l-section-h i-cf\"><div class=\"g-cols vc_row via_grid cols_2-3 laptops-cols_2 tablets-cols_inherit mobiles-cols_1 valign_top type_default stacking_default\" style=\"--columns-gap:5%;\"><div class=\"wpb_column vc_column_container\"><div class=\"vc_column-inner\"><div class=\"w-separator size_custom\" style=\"height:\" id=\"hcd5\"><style>@media(max-width:1024px){ #hcd5{height:20px!important}}@media(max-width:600px){ #hcd5{height:20px!important}}<\/style><\/div><div class=\"wpb_text_column\"><div class=\"wpb_wrapper\"><h2><span style=\"color: #c6a04f;\"><strong>Adaptaci\u00f3 a tend\u00e8ncies i branding actual<\/strong><\/span><\/h2>\n<p>A Barcelona, \u200b\u200bon la compet\u00e8ncia \u00e9s forta i tot canvia r\u00e0pid, mantenir la teva marca actualitzada \u00e9s fonamental. A Rhuven cuidem que la teva identitat visual conservi la teva ess\u00e8ncia, per\u00f2 s&#8217;adapti als usos actuals perqu\u00e8 se senti coherent, moderna i reconeixible. <\/p>\n<p>No es tracta de seguir modes sense sentit, sin\u00f3 de combinar all\u00f2 atemporal amb all\u00f2 actual perqu\u00e8 la teva marca connecti amb el teu p\u00fablic i es diferenci\u00ef de veritat. A m\u00e9s, estar atents a l&#8217;evoluci\u00f3 del disseny ens permet ajustar el branding a nous formats, plataformes i h\u00e0bits de consum sense perdre personalitat.<\/p>\n<\/div><\/div><\/div><\/div><div class=\"wpb_column vc_column_container\"><div class=\"vc_column-inner\"><div class=\"w-image style_shadow-2 has_ratio align_none\"><div class=\"w-image-h\"><div style=\"padding-bottom:122.2222%\"><\/div><div class=\"w-image-shadow\" style=\"background-image:url(https:\/\/www.rhuven.com\/wp-content\/uploads\/2025\/07\/5.jpg);\"><\/div><img decoding=\"async\" width=\"1000\" height=\"1000\" src=\"https:\/\/www.rhuven.com\/wp-content\/uploads\/2025\/07\/5.jpg\" class=\"attachment-full size-full\" alt=\"Desarrollo de p\u00e1ginas web en Barcelona\" loading=\"lazy\" \/><\/div><\/div><div class=\"w-separator size_custom\" style=\"height:0px\" id=\"e061\"><style>@media(max-width:1024px){ #e061{height:20px!important}}@media(max-width:600px){ #e061{height:20px!important}}<\/style><\/div><div class=\"w-separator size_custom\" style=\"height:\" id=\"d1a0\"><style>@media(max-width:1024px){ #d1a0{height:20px!important}}@media(max-width:600px){ #d1a0{height:20px!important}}<\/style><\/div><\/div><\/div><\/div><\/div><\/section><section class=\"l-section wpb_row height_large\"><div class=\"l-section-h i-cf\"><div class=\"g-cols vc_row via_grid cols_3-2 laptops-cols_2 tablets-cols_inherit mobiles-cols_1 valign_top type_default reversed stacking_default\" style=\"--columns-gap:5%;\"><div class=\"wpb_column vc_column_container\"><div class=\"vc_column-inner\"><div class=\"w-image style_shadow-2 has_ratio align_none\"><div class=\"w-image-h\"><div style=\"padding-bottom:122.2222%\"><\/div><div class=\"w-image-shadow\" style=\"background-image:url(https:\/\/www.rhuven.com\/wp-content\/uploads\/2025\/07\/freepik__a-completely-new-spectacular-and-modern-digital-ar__41496.jpeg);\"><\/div><img decoding=\"async\" width=\"1536\" height=\"1024\" src=\"https:\/\/www.rhuven.com\/wp-content\/uploads\/2025\/07\/freepik__a-completely-new-spectacular-and-modern-digital-ar__41496.jpeg\" class=\"attachment-full size-full\" alt=\"Dise\u00f1o web WordPress Barcelona\" loading=\"lazy\" \/><\/div><\/div><div class=\"w-separator size_custom\" style=\"height:\" id=\"w27f\"><style>@media(max-width:1024px){ #w27f{height:20px!important}}@media(max-width:600px){ #w27f{height:20px!important}}<\/style><\/div><div class=\"w-separator size_custom\" style=\"height:\" id=\"u3c7\"><style>@media(max-width:1024px){ #u3c7{height:20px!important}}@media(max-width:600px){ #u3c7{height:20px!important}}<\/style><\/div><div class=\"w-separator size_custom\" style=\"height:\" id=\"r511\"><style>@media(max-width:1024px){ #r511{height:20px!important}}@media(max-width:600px){ #r511{height:20px!important}}<\/style><\/div><div class=\"w-separator size_custom\" style=\"height:\" id=\"f64d\"><style>@media(max-width:1024px){ #f64d{height:20px!important}}@media(max-width:600px){ #f64d{height:20px!important}}<\/style><\/div><\/div><\/div><div class=\"wpb_column vc_column_container\"><div class=\"vc_column-inner\"><div class=\"wpb_text_column\"><div class=\"wpb_wrapper\"><h2><span style=\"color: #c6a04f;\"><strong>La teva identitat visual, el primer pas per a l&#8217;\u00e8xit<\/strong><\/span><\/h2>\n<p>Un logo no \u00e9s nom\u00e9s un dibuix o una combinaci\u00f3 de colors: \u00e9s la manera com el teu negoci es presenta al m\u00f3n. En una ciutat tan vibrant i competitiva com Barcelona, \u200b\u200b\u00e9s clau que des del primer cop d&#8217;ull la teva marca transmeti confian\u00e7a i claredat. <\/p>\n<p>A Rhuven t&#8217;ajudem a crear una identitat visual que reflecteixi qui ets, qu\u00e8 ofereixes i com vols que et percebin els teus clients. Un logotip ben dissenyat facilita que et recordin, genera credibilitat i et diferencia de la compet\u00e8ncia. <\/p>\n<p>A m\u00e9s, aquesta identitat visual ser\u00e0 la base per a tot all\u00f2 que construeixis: des de publicitat i xarxes socials fins a la teva web o les teves peces impreses. Mantenir coher\u00e8ncia a tots els punts de contacte \u00e9s el que converteix una marca \u201cbonica\u201d en una marca s\u00f2lida.<\/p>\n<\/div><\/div><\/div><\/div><\/div><\/div><\/section><section class=\"l-section wpb_row height_huge color_primary with_img\"><div class=\"l-section-img\" role=\"img\" aria-label=\"Dise\u00f1o de tiendas online Barcelona\" data-img-width=\"1000\" data-img-height=\"667\" style=\"background-image: url(https:\/\/www.rhuven.com\/wp-content\/uploads\/2025\/07\/1.jpg);\"><\/div><div class=\"l-section-overlay\" style=\"background:rgba(15,19,31,0.65)\"><\/div><div class=\"l-section-h i-cf\"><div class=\"g-cols vc_row via_grid cols_1 laptops-cols_inherit tablets-cols_inherit mobiles-cols_1 valign_top type_default stacking_default\"><div class=\"wpb_column vc_column_container us_custom_b731b683\"><div class=\"vc_column-inner\"><div class=\"w-text us_custom_79813b28 has_text_color\"><span class=\"w-text-h\"><span class=\"w-text-value\">RHUVEN<\/span><\/span><\/div><div class=\"w-text us_custom_e5214656\"><span class=\"w-text-h\"><span class=\"w-text-value\">M\u00e9s de 15 anys d&#039;experi\u00e8ncia al sector digital<\/span><\/span><\/div><div class=\"w-separator size_small\"><\/div><div class=\"w-btn-wrapper align_none\"><a class=\"w-btn us-btn-style_1\" href=\"#1\"><span class=\"w-btn-label\">T&#039;ajudem?<\/span><\/a><\/div><\/div><\/div><\/div><\/div><\/section><section class=\"l-section wpb_row height_auto width_full\"><div class=\"l-section-h i-cf\"><div class=\"g-cols vc_row via_grid cols_1 laptops-cols_inherit tablets-cols_inherit mobiles-cols_1 valign_top type_default stacking_default\"><div class=\"wpb_column vc_column_container\"><div class=\"vc_column-inner\"><div class=\"w-separator size_large\"><\/div><div class=\"wpb_text_column us_custom_de7422d6\"><div class=\"wpb_wrapper\"><h3><span style=\"color: #c6a04f;\"><strong>Casos d&#8217;\u00e8xit<\/strong><\/span><\/h3>\n<p>El que m\u00e9s ens motiva \u00e9s acompanyar els nostres clients en el creixement digital. Cada projecte que s&#8217;enlaira amb nosaltres \u00e9s una hist\u00f2ria d&#8217;\u00e8xit compartit. Aqu\u00ed us mostrem alguns exemples reals<\/p>\n<\/div><\/div><div class=\"w-separator size_medium\"><\/div><div class=\"w-grid us_carousel type_carousel layout_23863 preload_style_spinner items_2 ratio_3x2\" id=\"us_grid_1\" style=\"--items:2;--gap:0.4vw;--item-ratio:0.66667;\"><style>@media (min-width:1024px){#us_grid_1 .w-post-elm.post_title{font-size:max( 1rem,1.5vw )!important}}.layout_23863 .w-grid-item-h{background:linear-gradient(135deg,#d1a84f,#876418)}.layout_23863 .usg_post_image_1{transition-duration:0.35s;transform-origin:50% 50%;transform:scale(1) translate(0%,0%)}.layout_23863 .w-grid-item-h:focus-within .usg_post_image_1,.layout_23863 .w-grid-item-h:hover .usg_post_image_1{transform:scale(1.1) translate(0%,0%);opacity:0.1}.layout_23863 .usg_post_image_1{position:absolute!important;left:0!important;top:0!important;bottom:0!important;right:0!important;border:7px solid #d1a84f!important}.layout_23863 .usg_vwrapper_1{position:absolute!important;left:0!important;bottom:0!important;right:0!important;background:linear-gradient(180deg,transparent 0%,rgba(30,30,30,0.88) 100%)!important;padding:4rem 2rem 1.5rem 2rem!important}.layout_23863 .usg_post_title_1{color:#fff!important;font-size:1.2rem!important;font-family:var(--h1-font-family)!important;text-transform:uppercase!important}<\/style><div class=\"w-grid-list owl-carousel valign_stretch dotstyle_circle navstyle_circle arrows-ver-pos_middle arrows-hor-pos_on_sides_outside arrows-disabled_hide owl-responsive-2000 center_item with_dots\" style=\"--transition-duration:350ms;\">\t<article class=\"w-grid-item post-24487 us_portfolio type-us_portfolio status-publish has-post-thumbnail hentry us_portfolio_category-logotips\" data-id=\"24487\">\r\n\t\t<div class=\"w-grid-item-h\" style=\"background:#000000;color:#ffffff;\">\r\n\t\t\t\t\t\t<div class=\"w-post-elm post_image usg_post_image_1 stretched\"><img loading=\"lazy\" decoding=\"async\" width=\"1024\" height=\"559\" src=\"https:\/\/www.rhuven.com\/wp-content\/uploads\/2015\/06\/logotipo-para-empresas-1024x559.jpg\" class=\"attachment-large size-large wp-post-image\" alt=\"\" srcset=\"https:\/\/www.rhuven.com\/wp-content\/uploads\/2015\/06\/logotipo-para-empresas-1024x559.jpg 1024w, https:\/\/www.rhuven.com\/wp-content\/uploads\/2015\/06\/logotipo-para-empresas-300x164.jpg 300w, https:\/\/www.rhuven.com\/wp-content\/uploads\/2015\/06\/logotipo-para-empresas.jpg 1000w\" sizes=\"auto, (max-width: 1024px) 100vw, 1024px\" \/><\/div><div class=\"w-vwrapper usg_vwrapper_1 align_none valign_top\"><div class=\"w-post-elm post_title usg_post_title_1 has_text_color align_center entry-title color_link_inherit\">Disseny del logotip d&#8217;Experi\u00e8ncies Riviera Maya<\/div><\/div>\t\t<\/div>\r\n\t\t\t<\/article>\r\n\t<article class=\"w-grid-item post-24479 us_portfolio type-us_portfolio status-publish has-post-thumbnail hentry us_portfolio_category-logotips\" data-id=\"24479\">\r\n\t\t<div class=\"w-grid-item-h\" style=\"background:#000000;color:#ffffff;\">\r\n\t\t\t\t\t\t<div class=\"w-post-elm post_image usg_post_image_1 stretched\"><img loading=\"lazy\" decoding=\"async\" width=\"1024\" height=\"559\" src=\"https:\/\/www.rhuven.com\/wp-content\/uploads\/2015\/06\/logotipos-para-empresas-1024x559.jpg\" class=\"attachment-large size-large wp-post-image\" alt=\"\" srcset=\"https:\/\/www.rhuven.com\/wp-content\/uploads\/2015\/06\/logotipos-para-empresas-1024x559.jpg 1024w, https:\/\/www.rhuven.com\/wp-content\/uploads\/2015\/06\/logotipos-para-empresas-300x164.jpg 300w, https:\/\/www.rhuven.com\/wp-content\/uploads\/2015\/06\/logotipos-para-empresas.jpg 1000w\" sizes=\"auto, (max-width: 1024px) 100vw, 1024px\" \/><\/div><div class=\"w-vwrapper usg_vwrapper_1 align_none valign_top\"><div class=\"w-post-elm post_title usg_post_title_1 has_text_color align_center entry-title color_link_inherit\">Disseny de logotip per Est\u00e8tica NF Oviedo<\/div><\/div>\t\t<\/div>\r\n\t\t\t<\/article>\r\n\t<article class=\"w-grid-item post-24463 us_portfolio type-us_portfolio status-publish has-post-thumbnail hentry us_portfolio_category-logotips\" data-id=\"24463\">\r\n\t\t<div class=\"w-grid-item-h\" style=\"background:#000000;color:#ffffff;\">\r\n\t\t\t\t\t\t<div class=\"w-post-elm post_image usg_post_image_1 stretched\"><img loading=\"lazy\" decoding=\"async\" width=\"1024\" height=\"559\" src=\"https:\/\/www.rhuven.com\/wp-content\/uploads\/2015\/06\/logotipos-online-1024x559.jpg\" class=\"attachment-large size-large wp-post-image\" alt=\"\" srcset=\"https:\/\/www.rhuven.com\/wp-content\/uploads\/2015\/06\/logotipos-online-1024x559.jpg 1024w, https:\/\/www.rhuven.com\/wp-content\/uploads\/2015\/06\/logotipos-online-300x164.jpg 300w, https:\/\/www.rhuven.com\/wp-content\/uploads\/2015\/06\/logotipos-online.jpg 1000w\" sizes=\"auto, (max-width: 1024px) 100vw, 1024px\" \/><\/div><div class=\"w-vwrapper usg_vwrapper_1 align_none valign_top\"><div class=\"w-post-elm post_title usg_post_title_1 has_text_color align_center entry-title color_link_inherit\">Disseny de logotip Runaway<\/div><\/div>\t\t<\/div>\r\n\t\t\t<\/article>\r\n\t<article class=\"w-grid-item post-24441 us_portfolio type-us_portfolio status-publish has-post-thumbnail hentry us_portfolio_category-logotips\" data-id=\"24441\">\r\n\t\t<div class=\"w-grid-item-h\" style=\"background:#000000;color:#ffffff;\">\r\n\t\t\t\t\t\t<div class=\"w-post-elm post_image usg_post_image_1 stretched\"><img loading=\"lazy\" decoding=\"async\" width=\"1024\" height=\"559\" src=\"https:\/\/www.rhuven.com\/wp-content\/uploads\/2013\/05\/logotipo-aqua-slider-1024x559.jpg\" class=\"attachment-large size-large wp-post-image\" alt=\"\" srcset=\"https:\/\/www.rhuven.com\/wp-content\/uploads\/2013\/05\/logotipo-aqua-slider-1024x559.jpg 1024w, https:\/\/www.rhuven.com\/wp-content\/uploads\/2013\/05\/logotipo-aqua-slider-300x164.jpg 300w, https:\/\/www.rhuven.com\/wp-content\/uploads\/2013\/05\/logotipo-aqua-slider.jpg 1000w\" sizes=\"auto, (max-width: 1024px) 100vw, 1024px\" \/><\/div><div class=\"w-vwrapper usg_vwrapper_1 align_none valign_top\"><div class=\"w-post-elm post_title usg_post_title_1 has_text_color align_center entry-title color_link_inherit\">Disseny de logotip per a Aqua Construcciones a Argentina<\/div><\/div>\t\t<\/div>\r\n\t\t\t<\/article>\r\n\t<article class=\"w-grid-item post-24449 us_portfolio type-us_portfolio status-publish has-post-thumbnail hentry us_portfolio_category-disseny-grafic us_portfolio_category-logotips\" data-id=\"24449\">\r\n\t\t<div class=\"w-grid-item-h\" style=\"background:#000000;color:#ffffff;\">\r\n\t\t\t\t\t\t<div class=\"w-post-elm post_image usg_post_image_1 stretched\"><img loading=\"lazy\" decoding=\"async\" width=\"1000\" height=\"545\" src=\"https:\/\/www.rhuven.com\/wp-content\/uploads\/2015\/10\/diseno-de-tarjetas-slider.jpg\" class=\"attachment-large size-large wp-post-image\" alt=\"Dise\u00f1o de imagen corporativa para Ok Home\" srcset=\"https:\/\/www.rhuven.com\/wp-content\/uploads\/2015\/10\/diseno-de-tarjetas-slider.jpg 1000w, https:\/\/www.rhuven.com\/wp-content\/uploads\/2015\/10\/diseno-de-tarjetas-slider-300x164.jpg 300w\" sizes=\"auto, (max-width: 1000px) 100vw, 1000px\" \/><\/div><div class=\"w-vwrapper usg_vwrapper_1 align_none valign_top\"><div class=\"w-post-elm post_title usg_post_title_1 has_text_color align_center entry-title color_link_inherit\">Disseny d&#8217;imatge corporativa per a Ok Home<\/div><\/div>\t\t<\/div>\r\n\t\t\t<\/article>\r\n<\/div><div class=\"w-grid-carousel-json hidden\" onclick='return {&quot;carousel_settings&quot;:{&quot;aria_labels&quot;:{&quot;prev&quot;:&quot;Anterior&quot;,&quot;next&quot;:&quot;Seg\\u00fcent&quot;},&quot;autoplayContinual&quot;:false,&quot;autoplayContinualCss&quot;:false,&quot;autoplayHoverPause&quot;:false,&quot;autoplayTimeout&quot;:3000,&quot;autoWidth&quot;:false,&quot;smartSpeed&quot;:350,&quot;margin&quot;:0,&quot;mouseDrag&quot;:true,&quot;rtl&quot;:false,&quot;slideBy&quot;:&quot;1&quot;,&quot;touchDrag&quot;:true,&quot;slideTransition&quot;:&quot;cubic-bezier(0,1,.8,1)&quot;,&quot;responsive&quot;:{&quot;0&quot;:{&quot;autoHeight&quot;:false,&quot;autoplay&quot;:true,&quot;autoplayContinualCss&quot;:false,&quot;autoWidth&quot;:false,&quot;center&quot;:true,&quot;dots&quot;:true,&quot;items&quot;:1,&quot;loop&quot;:true,&quot;nav&quot;:false,&quot;stagePadding&quot;:0,&quot;slideBy&quot;:&quot;1&quot;,&quot;touchDrag&quot;:true,&quot;mouseDrag&quot;:true},&quot;601&quot;:{&quot;autoHeight&quot;:false,&quot;autoplay&quot;:true,&quot;autoplayContinualCss&quot;:false,&quot;autoWidth&quot;:false,&quot;center&quot;:true,&quot;dots&quot;:true,&quot;items&quot;:1,&quot;loop&quot;:true,&quot;nav&quot;:false,&quot;stagePadding&quot;:0,&quot;slideBy&quot;:&quot;1&quot;,&quot;touchDrag&quot;:true,&quot;mouseDrag&quot;:true},&quot;1025&quot;:{&quot;autoHeight&quot;:false,&quot;autoplay&quot;:true,&quot;autoplayContinualCss&quot;:false,&quot;autoWidth&quot;:false,&quot;center&quot;:true,&quot;dots&quot;:true,&quot;items&quot;:2,&quot;loop&quot;:true,&quot;nav&quot;:false,&quot;stagePadding&quot;:0,&quot;slideBy&quot;:&quot;1&quot;,&quot;touchDrag&quot;:true,&quot;mouseDrag&quot;:true},&quot;1400&quot;:{&quot;items&quot;:2,&quot;autoplay&quot;:true,&quot;autoplayContinualCss&quot;:false,&quot;center&quot;:true,&quot;dots&quot;:true,&quot;nav&quot;:false,&quot;autoHeight&quot;:false,&quot;autoWidth&quot;:false,&quot;loop&quot;:true,&quot;stagePadding&quot;:0}}}}'><\/div><\/div><div class=\"w-separator size_medium\"><\/div><div class=\"w-btn-wrapper align_center\"><a class=\"w-btn us-btn-style_1\" href=\"https:\/\/www.rhuven.com\/ca\/portfolio\/\"><span class=\"w-btn-label\">Veure tots<\/span><\/a><\/div><div class=\"w-separator size_medium\"><\/div><\/div><\/div><\/div><\/div><\/section><section class=\"l-section wpb_row height_medium\"><div class=\"l-section-h i-cf\"><div class=\"g-cols vc_row via_grid cols_2 laptops-cols_inherit tablets-cols_inherit mobiles-cols_1 valign_top type_default stacking_default\" style=\"--columns-gap:4vw;\"><div class=\"wpb_column vc_column_container us_custom_33b9ee00\"><div class=\"vc_column-inner\"><h2 class=\"w-text us_custom_7f07e40b has_text_color\"><span class=\"w-text-h\"><span class=\"w-text-value\">Tens un projecte al cap? Podem ajudar-te<\/span><\/span><\/h2><\/div><\/div><div class=\"wpb_column vc_column_container\"><div class=\"vc_column-inner\"><div class=\"wpb_text_column\"><div class=\"wpb_wrapper\"><p>Si busques un <strong>disseny de logotip a Barcelona<\/strong> que representi fidelment la teva marca i et diferenci\u00ef de la compet\u00e8ncia, a Rhuven estem a punt per acompanyar-te en aquest proc\u00e9s creatiu. Contacta amb nosaltres i deixa&#8217;ns fer realitat la teva visi\u00f3.<\/p>\n<\/div><\/div><div class=\"w-separator size_custom\" style=\"height:\" id=\"h5de\"><style>@media(max-width:1024px){ #h5de{height:20px!important}}@media(max-width:600px){ #h5de{height:20px!important}}<\/style><\/div><\/div><\/div><\/div><\/div><\/section><section class=\"l-section wpb_row height_medium with_img\"><div class=\"l-section-img\" role=\"img\" aria-label=\"Dise\u00f1o de tiendas online Barcelona\" data-img-width=\"1000\" data-img-height=\"667\" style=\"background-image: url(https:\/\/www.rhuven.com\/wp-content\/uploads\/2025\/07\/1.jpg);\"><\/div><div class=\"l-section-overlay\" style=\"background:rgba(0,0,0,0.82)\"><\/div><div class=\"l-section-h i-cf\"><div class=\"g-cols vc_row via_grid cols_1 laptops-cols_inherit tablets-cols_inherit mobiles-cols_1 valign_top type_default stacking_default\"><div class=\"wpb_column vc_column_container us_custom_28022451 has_text_color has_bg_color\"><div class=\"vc_column-overlay\" style=\"background:rgba(0,0,0,0.50)\"><\/div><div class=\"vc_column-inner\"><div class=\"w-actionbox us_custom_7eada627 color_light controls_bottom\"><div class=\"w-actionbox-text\"><div class=\"w-actionbox-title\">Fem el teu logotip?<\/div><\/div><div class=\"w-actionbox-controls\"><a class=\"w-btn us-btn-style_1\" href=\"#1\"><span class=\"w-btn-label\">Escriu-nos<\/span><\/a><\/div><\/div><div class=\"w-separator size_small\"><\/div><\/div><\/div><\/div><\/div><\/section><section class=\"l-section wpb_row height_medium width_custom color_alternate\" style=\"--site-content-width:1300px;\"><div class=\"l-section-h i-cf\"><div class=\"g-cols vc_row via_grid cols_1 laptops-cols_inherit tablets-cols_inherit mobiles-cols_1 valign_top type_default stacking_default\"><div class=\"wpb_column vc_column_container\"><div class=\"vc_column-inner\"><div class=\"w-separator size_custom\" style=\"height:\" id=\"r0d7\"><style>@media(max-width:1024px){ #r0d7{height:20px!important}}@media(max-width:600px){ #r0d7{height:20px!important}}<\/style><\/div><div class=\"wpb_text_column us_custom_8bd9b0ce\"><div class=\"wpb_wrapper\"><p style=\"text-align: center;\"><strong><span style=\"color: #c6a04f;\">Qu\u00e8 opinen els nostres clients?<\/span><\/strong><\/p>\n<\/div><\/div><div class=\"w-separator size_large\"><\/div><div class=\"w-grid us_carousel type_carousel layout_testimonial_8 preload_style_spinner items_2\" id=\"us_grid_2\" style=\"--items:2;--gap:0.8rem;\"><style>.layout_testimonial_8 .w-grid-item-h{}.layout_testimonial_8 .usg_vwrapper_1{color:var(--color-content-text)!important;border-radius:var(--site-border-radius)!important;padding:10%!important;background:var(--color-content-bg-alt)!important}.layout_testimonial_8 .usg_post_custom_field_1{font-size:14px!important}.layout_testimonial_8 .usg_post_custom_field_2{color:var(--color-content-heading)!important;font-size:1.2rem!important;line-height:1.5!important}.layout_testimonial_8 .usg_vwrapper_2{margin-top:auto!important}.layout_testimonial_8 .usg_post_custom_field_3{color:var(--color-content-primary)!important}<\/style><div class=\"w-grid-list owl-carousel valign_stretch dotstyle_dash navstyle_circle arrows-ver-pos_middle arrows-hor-pos_on_sides_outside arrows-disabled_hide owl-responsive-2000 with_dots with_arrows\" style=\"--transition-duration:350ms;--arrows-size:1rem;--arrows-hor-offset:calc(1rem + 0.8rem);--arrows-gap:10px;\">\t<article class=\"w-grid-item post-20569 us_testimonial type-us_testimonial status-publish hentry\" data-id=\"20569\">\r\n\t\t<div class=\"w-grid-item-h\">\r\n\t\t\t\t\t\t<div class=\"w-vwrapper usg_vwrapper_1 has_text_color align_none valign_top\" style=\"--vwrapper-gap:1.5rem\"><div class=\"w-post-elm post_custom_field usg_post_custom_field_3 has_text_color type_icon us_testimonial_rating color_link_inherit\"><div class=\"w-testimonial-rating\"><i><\/i><i><\/i><i><\/i><i><\/i><i><\/i><\/div><\/div><div class=\"w-post-elm post_content usg_post_content_1\"><p>Treballar amb Rub\u00e9n \u00e9s un veritable encert, tant a nivell de comunicaci\u00f3 com de resultats. S&#8217;encarregaren de crear la nostra p\u00e0gina web i del treball de posicionament web. Fa m\u00e9s de 5 anys que treballem amb ells.<\/p>\n<\/div><div class=\"w-vwrapper usg_vwrapper_2 align_none valign_top\" style=\"--vwrapper-gap:0rem\"><div class=\"w-post-elm post_custom_field usg_post_custom_field_2 has_text_color type_text us_testimonial_author color_link_inherit\"><span class=\"w-post-elm-value\">Sonia C.<\/span><\/div><div class=\"w-post-elm post_custom_field usg_post_custom_field_1 type_text us_testimonial_role color_link_inherit\"><span class=\"w-post-elm-value\"><\/span><\/div><\/div><\/div>\t\t<\/div>\r\n\t\t\t<\/article>\r\n\t<article class=\"w-grid-item post-20568 us_testimonial type-us_testimonial status-publish hentry\" data-id=\"20568\">\r\n\t\t<div class=\"w-grid-item-h\">\r\n\t\t\t\t\t\t<div class=\"w-vwrapper usg_vwrapper_1 has_text_color align_none valign_top\" style=\"--vwrapper-gap:1.5rem\"><div class=\"w-post-elm post_custom_field usg_post_custom_field_3 has_text_color type_icon us_testimonial_rating color_link_inherit\"><div class=\"w-testimonial-rating\"><i><\/i><i><\/i><i><\/i><i><\/i><i><\/i><\/div><\/div><div class=\"w-post-elm post_content usg_post_content_1\"><p>Em van assessorar super b\u00e9 en el meu projecte en l\u00ednia, creant la meva p\u00e0gina web i gestionant les xarxes socials. Professionals i recomanables al 100%!!!<\/p>\n<\/div><div class=\"w-vwrapper usg_vwrapper_2 align_none valign_top\" style=\"--vwrapper-gap:0rem\"><div class=\"w-post-elm post_custom_field usg_post_custom_field_2 has_text_color type_text us_testimonial_author color_link_inherit\"><span class=\"w-post-elm-value\">Laura M.<\/span><\/div><div class=\"w-post-elm post_custom_field usg_post_custom_field_1 type_text us_testimonial_role color_link_inherit\"><span class=\"w-post-elm-value\"><\/span><\/div><\/div><\/div>\t\t<\/div>\r\n\t\t\t<\/article>\r\n\t<article class=\"w-grid-item post-20567 us_testimonial type-us_testimonial status-publish hentry\" data-id=\"20567\">\r\n\t\t<div class=\"w-grid-item-h\">\r\n\t\t\t\t\t\t<div class=\"w-vwrapper usg_vwrapper_1 has_text_color align_none valign_top\" style=\"--vwrapper-gap:1.5rem\"><div class=\"w-post-elm post_custom_field usg_post_custom_field_3 has_text_color type_icon us_testimonial_rating color_link_inherit\"><div class=\"w-testimonial-rating\"><i><\/i><i><\/i><i><\/i><i><\/i><\/div><\/div><div class=\"w-post-elm post_content usg_post_content_1\"><p>Vaig contactar amb ells perqu\u00e8 el meu anterior web era un desastre, necessitava que alg\u00fa que realment sab\u00e9s fer la seva feina m&#8217;ajud\u00e9s amb la meva p\u00e0gina web. Els vaig trobar a trav\u00e9s de Google i van dissenyar la p\u00e0gina web que necessitava. Gr\u00e0cies.<\/p>\n<\/div><div class=\"w-vwrapper usg_vwrapper_2 align_none valign_top\" style=\"--vwrapper-gap:0rem\"><div class=\"w-post-elm post_custom_field usg_post_custom_field_2 has_text_color type_text us_testimonial_author color_link_inherit\"><span class=\"w-post-elm-value\">Armant C.<\/span><\/div><div class=\"w-post-elm post_custom_field usg_post_custom_field_1 type_text us_testimonial_role color_link_inherit\"><span class=\"w-post-elm-value\"><\/span><\/div><\/div><\/div>\t\t<\/div>\r\n\t\t\t<\/article>\r\n\t<article class=\"w-grid-item post-20566 us_testimonial type-us_testimonial status-publish hentry\" data-id=\"20566\">\r\n\t\t<div class=\"w-grid-item-h\">\r\n\t\t\t\t\t\t<div class=\"w-vwrapper usg_vwrapper_1 has_text_color align_none valign_top\" style=\"--vwrapper-gap:1.5rem\"><div class=\"w-post-elm post_custom_field usg_post_custom_field_3 has_text_color type_icon us_testimonial_rating color_link_inherit\"><div class=\"w-testimonial-rating\"><i><\/i><i><\/i><i><\/i><i><\/i><i><\/i><\/div><\/div><div class=\"w-post-elm post_content usg_post_content_1\"><p>Fa m\u00e9s de 7 anys que treballem amb Rub\u00e9n, encarregant-se del disseny web del nostre despatx d&#8217;advocats i del posicionament web. Si est\u00e0s buscant un equip de confian\u00e7a i que facin una bona feina, no busquis m\u00e9s ;)<\/p>\n<\/div><div class=\"w-vwrapper usg_vwrapper_2 align_none valign_top\" style=\"--vwrapper-gap:0rem\"><div class=\"w-post-elm post_custom_field usg_post_custom_field_2 has_text_color type_text us_testimonial_author color_link_inherit\"><span class=\"w-post-elm-value\">Patr\u00edcia S.<\/span><\/div><div class=\"w-post-elm post_custom_field usg_post_custom_field_1 type_text us_testimonial_role color_link_inherit\"><span class=\"w-post-elm-value\"><\/span><\/div><\/div><\/div>\t\t<\/div>\r\n\t\t\t<\/article>\r\n\t<article class=\"w-grid-item post-20565 us_testimonial type-us_testimonial status-publish hentry\" data-id=\"20565\">\r\n\t\t<div class=\"w-grid-item-h\">\r\n\t\t\t\t\t\t<div class=\"w-vwrapper usg_vwrapper_1 has_text_color align_none valign_top\" style=\"--vwrapper-gap:1.5rem\"><div class=\"w-post-elm post_custom_field usg_post_custom_field_3 has_text_color type_icon us_testimonial_rating color_link_inherit\"><div class=\"w-testimonial-rating\"><i><\/i><i><\/i><i><\/i><i><\/i><i><\/i><\/div><\/div><div class=\"w-post-elm post_content usg_post_content_1\"><p>Estan especialitzats en WordPress, que era just el que est\u00e0vem buscant. Destaquem la seva professionalitat i rapidesa, a m\u00e9s a m\u00e9s la comunicaci\u00f3 \u00e9s super fluida. Seran fixos pels nostres propers projectes.<\/p>\n<\/div><div class=\"w-vwrapper usg_vwrapper_2 align_none valign_top\" style=\"--vwrapper-gap:0rem\"><div class=\"w-post-elm post_custom_field usg_post_custom_field_2 has_text_color type_text us_testimonial_author color_link_inherit\"><span class=\"w-post-elm-value\">Didac F.<\/span><\/div><div class=\"w-post-elm post_custom_field usg_post_custom_field_1 type_text us_testimonial_role color_link_inherit\"><span class=\"w-post-elm-value\"><\/span><\/div><\/div><\/div>\t\t<\/div>\r\n\t\t\t<\/article>\r\n\t<article class=\"w-grid-item post-20564 us_testimonial type-us_testimonial status-publish hentry\" data-id=\"20564\">\r\n\t\t<div class=\"w-grid-item-h\">\r\n\t\t\t\t\t\t<div class=\"w-vwrapper usg_vwrapper_1 has_text_color align_none valign_top\" style=\"--vwrapper-gap:1.5rem\"><div class=\"w-post-elm post_custom_field usg_post_custom_field_3 has_text_color type_icon us_testimonial_rating color_link_inherit\"><div class=\"w-testimonial-rating\"><i><\/i><i><\/i><i><\/i><i><\/i><\/div><\/div><div class=\"w-post-elm post_content usg_post_content_1\"><p>Es van encarregar del disseny del logotip per a la meva empresa, la veritat \u00e9s que el resultat final va ser perfecte. Gr\u00e0cies.<\/p>\n<\/div><div class=\"w-vwrapper usg_vwrapper_2 align_none valign_top\" style=\"--vwrapper-gap:0rem\"><div class=\"w-post-elm post_custom_field usg_post_custom_field_2 has_text_color type_text us_testimonial_author color_link_inherit\"><span class=\"w-post-elm-value\">John Doe<\/span><\/div><div class=\"w-post-elm post_custom_field usg_post_custom_field_1 type_text us_testimonial_role color_link_inherit\"><span class=\"w-post-elm-value\"><\/span><\/div><\/div><\/div>\t\t<\/div>\r\n\t\t\t<\/article>\r\n\t<article class=\"w-grid-item post-20563 us_testimonial type-us_testimonial status-publish hentry\" data-id=\"20563\">\r\n\t\t<div class=\"w-grid-item-h\">\r\n\t\t\t\t\t\t<div class=\"w-vwrapper usg_vwrapper_1 has_text_color align_none valign_top\" style=\"--vwrapper-gap:1.5rem\"><div class=\"w-post-elm post_custom_field usg_post_custom_field_3 has_text_color type_icon us_testimonial_rating color_link_inherit\"><div class=\"w-testimonial-rating\"><i><\/i><i><\/i><i><\/i><i><\/i><i><\/i><\/div><\/div><div class=\"w-post-elm post_content usg_post_content_1\"><p>Van dissenyar la p\u00e0gina web i el logotip del meu centre de massatges, tamb\u00e9 porten el SEO de la meva p\u00e0gina web des de fa un parell danys. En destacaria el talent a l&#8217;hora de transmetre la teva idea al disseny, tant a nivell web com del logo. La comunicaci\u00f3 amb ells \u00e9s molt bona, no tenen problemes a explicar-t&#8217;ho tot les vegades que necessitis, una mica d&#8217;agrair ja que no \u00e9s f\u00e0cil entendre el m\u00f3n del m\u00e0rqueting en l\u00ednia.<\/p>\n<\/div><div class=\"w-vwrapper usg_vwrapper_2 align_none valign_top\" style=\"--vwrapper-gap:0rem\"><div class=\"w-post-elm post_custom_field usg_post_custom_field_2 has_text_color type_text us_testimonial_author color_link_inherit\"><span class=\"w-post-elm-value\">Marta M.<\/span><\/div><div class=\"w-post-elm post_custom_field usg_post_custom_field_1 type_text us_testimonial_role color_link_inherit\"><span class=\"w-post-elm-value\"><\/span><\/div><\/div><\/div>\t\t<\/div>\r\n\t\t\t<\/article>\r\n<\/div><div class=\"w-grid-carousel-json hidden\" onclick='return {&quot;carousel_settings&quot;:{&quot;aria_labels&quot;:{&quot;prev&quot;:&quot;Anterior&quot;,&quot;next&quot;:&quot;Seg\\u00fcent&quot;},&quot;autoplayContinual&quot;:false,&quot;autoplayContinualCss&quot;:false,&quot;autoplayHoverPause&quot;:false,&quot;autoplayTimeout&quot;:3000,&quot;autoWidth&quot;:false,&quot;smartSpeed&quot;:350,&quot;margin&quot;:0,&quot;mouseDrag&quot;:true,&quot;rtl&quot;:false,&quot;slideBy&quot;:&quot;1&quot;,&quot;touchDrag&quot;:true,&quot;slideTransition&quot;:&quot;&quot;,&quot;responsive&quot;:{&quot;0&quot;:{&quot;autoHeight&quot;:true,&quot;autoplay&quot;:true,&quot;autoplayContinualCss&quot;:false,&quot;autoWidth&quot;:false,&quot;center&quot;:true,&quot;dots&quot;:true,&quot;items&quot;:1,&quot;loop&quot;:true,&quot;nav&quot;:false,&quot;stagePadding&quot;:0,&quot;slideBy&quot;:&quot;1&quot;,&quot;touchDrag&quot;:true,&quot;mouseDrag&quot;:true},&quot;601&quot;:{&quot;autoHeight&quot;:true,&quot;autoplay&quot;:true,&quot;autoplayContinualCss&quot;:false,&quot;autoWidth&quot;:false,&quot;center&quot;:true,&quot;dots&quot;:true,&quot;items&quot;:2,&quot;loop&quot;:true,&quot;nav&quot;:true,&quot;stagePadding&quot;:0,&quot;slideBy&quot;:&quot;1&quot;,&quot;touchDrag&quot;:true,&quot;mouseDrag&quot;:true},&quot;1025&quot;:{&quot;autoHeight&quot;:true,&quot;autoplay&quot;:true,&quot;autoplayContinualCss&quot;:false,&quot;autoWidth&quot;:false,&quot;center&quot;:true,&quot;dots&quot;:true,&quot;items&quot;:3,&quot;loop&quot;:true,&quot;nav&quot;:true,&quot;stagePadding&quot;:0,&quot;slideBy&quot;:&quot;1&quot;,&quot;touchDrag&quot;:true,&quot;mouseDrag&quot;:true},&quot;1381&quot;:{&quot;items&quot;:2,&quot;autoplay&quot;:false,&quot;autoplayContinualCss&quot;:false,&quot;center&quot;:false,&quot;dots&quot;:true,&quot;nav&quot;:true,&quot;autoHeight&quot;:false,&quot;autoWidth&quot;:false,&quot;loop&quot;:true,&quot;stagePadding&quot;:0}}}}'><\/div><\/div><div class=\"w-separator size_custom\" style=\"height:\" id=\"ke47\"><style>@media(max-width:1024px){ #ke47{height:20px!important}}@media(max-width:600px){ #ke47{height:20px!important}}<\/style><\/div><\/div><\/div><\/div><\/div><\/section><section class=\"l-section wpb_row height_medium color_primary with_img\"><div class=\"l-section-img\" role=\"img\" aria-label=\"Dise\u00f1o web Barcelona\" data-img-width=\"1000\" data-img-height=\"1000\" style=\"background-image: url(https:\/\/www.rhuven.com\/wp-content\/uploads\/2025\/07\/2.jpg);\"><\/div><div class=\"l-section-overlay\" style=\"background:rgba(0,0,0,0.66)\"><\/div><div class=\"l-section-h i-cf\"><div class=\"g-cols vc_row via_grid cols_1 laptops-cols_inherit tablets-cols_inherit mobiles-cols_1 valign_top type_default stacking_default\"><div class=\"wpb_column vc_column_container\"><div class=\"vc_column-inner\"><div class=\"w-actionbox us_custom_cd4b9a68 color_primary controls_right\"><div class=\"w-actionbox-text\"><div class=\"w-actionbox-title\" style=\"font-size:max( 2rem, 4.5vh )\">Pressupost sense comprom\u00eds<\/div><\/div><div class=\"w-actionbox-controls\"><a class=\"w-btn us-btn-style_1\" style=\"font-size:0.9rem\" href=\"#1\"><span class=\"w-btn-label\">Parlem?<\/span><\/a><\/div><\/div><\/div><\/div><\/div><\/div><\/section><section class=\"l-section wpb_row height_medium\"><div class=\"l-section-h i-cf\"><div class=\"g-cols vc_row via_grid cols_1 laptops-cols_inherit tablets-cols_inherit mobiles-cols_1 valign_top type_default stacking_default\"><div class=\"wpb_column vc_column_container\"><div class=\"vc_column-inner\"><div class=\"w-separator size_custom\" style=\"height:\" id=\"z3d7\"><style>@media(max-width:1024px){ #z3d7{height:20px!important}}@media(max-width:600px){ #z3d7{height:20px!important}}<\/style><\/div><div class=\"wpb_text_column us_custom_9f72f5cd\"><div class=\"wpb_wrapper\"><p style=\"text-align: left;\"><strong><span style=\"color: #c6a04f;\">FAQ&#8217;S<\/span><\/strong><\/p>\n<\/div><\/div><div class=\"w-separator size_medium\"><\/div><div class=\"w-tabs style_default switch_click accordion type_togglable has_scrolling remove_indents\" style=\"--sections-title-size:1.2rem\"><div class=\"w-tabs-sections titles-align_none icon_chevron cpos_right\"><div class=\"w-tabs-section\" id=\"q4da\"><button class=\"w-tabs-section-header\" aria-controls=\"content-q4da\" aria-expanded=\"false\"><div class=\"w-tabs-section-title\">Per qu\u00e8 \u00e9s important tenir un logotip professional?<\/div><div class=\"w-tabs-section-control\"><\/div><\/button><div  class=\"w-tabs-section-content\" id=\"content-q4da\"><div class=\"w-tabs-section-content-h i-cf\"><div class=\"wpb_text_column\"><div class=\"wpb_wrapper\"><p>Un logotip \u00e9s la primera impressi\u00f3 visual que la teva empresa deixa als clients. Un disseny professional genera confian\u00e7a, reconeixement i ajuda a comunicar els valors de la teva marca.<\/p>\n<\/div><\/div><\/div><\/div><\/div><div class=\"w-tabs-section\" id=\"p6bc\"><button class=\"w-tabs-section-header\" aria-controls=\"content-p6bc\" aria-expanded=\"false\"><div class=\"w-tabs-section-title\">Quant de temps triga el proc\u00e9s de disseny?<\/div><div class=\"w-tabs-section-control\"><\/div><\/button><div  class=\"w-tabs-section-content\" id=\"content-p6bc\"><div class=\"w-tabs-section-content-h i-cf\"><div class=\"wpb_text_column\"><div class=\"wpb_wrapper\"><p>Dep\u00e8n de la complexitat i revisions, per\u00f2 generalment entre 2 i 6 setmanes, incloent briefing, propostes, revisions i entrega final.<\/p>\n<\/div><\/div><\/div><\/div><\/div><div class=\"w-tabs-section\" id=\"u899\"><button class=\"w-tabs-section-header\" aria-controls=\"content-u899\" aria-expanded=\"false\"><div class=\"w-tabs-section-title\">Qu\u00e8 inclou el paquet de disseny de logotip?<\/div><div class=\"w-tabs-section-control\"><\/div><\/button><div  class=\"w-tabs-section-content\" id=\"content-u899\"><div class=\"w-tabs-section-content-h i-cf\"><div class=\"wpb_text_column\"><div class=\"wpb_wrapper\"><p>Entreguem el logotip en formats vectorials (AI, EPS o SVG), a m\u00e9s de PNG, JPG i PDF, juntament amb versions adaptades per a web, impressi\u00f3 i xarxes socials.<\/p>\n<\/div><\/div><\/div><\/div><\/div><div class=\"w-tabs-section\" id=\"zac6\"><button class=\"w-tabs-section-header\" aria-controls=\"content-zac6\" aria-expanded=\"false\"><div class=\"w-tabs-section-title\">Puc demanar canvis durant el proc\u00e9s?<\/div><div class=\"w-tabs-section-control\"><\/div><\/button><div  class=\"w-tabs-section-content\" id=\"content-zac6\"><div class=\"w-tabs-section-content-h i-cf\"><div class=\"wpb_text_column\"><div class=\"wpb_wrapper\"><p>S\u00ed, el proc\u00e9s inclou rondes de revisi\u00f3 per ajustar el disseny fins que encaixi amb tu i amb la teva marca.<\/p>\n<\/div><\/div><\/div><\/div><\/div><div class=\"w-tabs-section\" id=\"gd0e\"><button class=\"w-tabs-section-header\" aria-controls=\"content-gd0e\" aria-expanded=\"false\"><div class=\"w-tabs-section-title\">El disseny ser\u00e0 original i exclusiu per a la meva empresa?<\/div><div class=\"w-tabs-section-control\"><\/div><\/button><div  class=\"w-tabs-section-content\" id=\"content-gd0e\"><div class=\"w-tabs-section-content-h i-cf\"><div class=\"wpb_text_column\"><div class=\"wpb_wrapper\"><p>S\u00ed. Dissenyem cada logotip des de zero, espec\u00edficament pel teu negoci, garantint un resultat original i exclusiu.<\/p>\n<\/div><\/div><\/div><\/div><\/div><div class=\"w-tabs-section\" id=\"qf37\"><button class=\"w-tabs-section-header\" aria-controls=\"content-qf37\" aria-expanded=\"false\"><div class=\"w-tabs-section-title\">Tamb\u00e9 em podeu ajudar amb m\u00e9s elements de branding?<\/div><div class=\"w-tabs-section-control\"><\/div><\/button><div  class=\"w-tabs-section-content\" id=\"content-qf37\"><div class=\"w-tabs-section-content-h i-cf\"><div class=\"wpb_text_column\"><div class=\"wpb_wrapper\"><p>S\u00ed, a m\u00e9s del disseny del logotip a Barcelona podem ajudar-te amb papereria, peces per a xarxes socials i altres elements d&#8217;identitat visual, integrant-lo amb <a href=\"https:\/\/www.rhuven.com\/ca\/disseny-web-wordpress\/\">web a WordPress<\/a> quan ho necessitis.<\/p>\n<\/div><\/div><\/div><\/div><\/div><\/div><\/div><div class=\"w-separator size_custom\" style=\"height:\" id=\"ye3c\"><style>@media(max-width:1024px){ #ye3c{height:20px!important}}@media(max-width:600px){ #ye3c{height:20px!important}}<\/style><\/div><\/div><\/div><\/div><\/div><\/section>\n","protected":false},"excerpt":{"rendered":"Van dissenyar la p\u00e0gina web i el logotip del meu centre de massatges, tamb\u00e9 porten el SEO de la meva p\u00e0gina web des de fa un parell danys. En destacaria el talent a l'hora de transmetre la teva idea al disseny, tant a nivell web com del logo. La comunicaci\u00f3 amb ells \u00e9s molt bona,...","protected":false},"author":1,"featured_media":23845,"parent":0,"menu_order":0,"comment_status":"closed","ping_status":"open","template":"","meta":{"_joinchat":[],"footnotes":""},"class_list":["post-19727","page","type-page","status-publish","has-post-thumbnail","hentry"],"yoast_head":"<!-- This site is optimized with the Yoast SEO plugin v27.4 - https:\/\/yoast.com\/product\/yoast-seo-wordpress\/ -->\n<title>Disseny de Logotips a Barcelona | Creem la teva marca des de zero<\/title>\n<meta name=\"description\" content=\"Som una ag\u00e8ncia de branding especialitzada en el disseny de logotips a Barcelona, \u200b\u200bdesenvolupem la millor imatge per a la teva marca.\" \/>\n<meta name=\"robots\" content=\"index, follow, max-snippet:-1, max-image-preview:large, max-video-preview:-1\" \/>\n<link rel=\"canonical\" href=\"https:\/\/www.rhuven.com\/ca\/disseny-de-logotips\/\" \/>\n<meta property=\"og:locale\" content=\"ca_ES\" \/>\n<meta property=\"og:type\" content=\"article\" \/>\n<meta property=\"og:title\" content=\"Disseny de Logotips a Barcelona | Creem la teva marca des de zero\" \/>\n<meta property=\"og:description\" content=\"Som una ag\u00e8ncia de branding especialitzada en el disseny de logotips a Barcelona, \u200b\u200bdesenvolupem la millor imatge per a la teva marca.\" \/>\n<meta property=\"og:url\" content=\"https:\/\/www.rhuven.com\/ca\/disseny-de-logotips\/\" \/>\n<meta property=\"og:site_name\" content=\"Rhuven\" \/>\n<meta property=\"article:publisher\" content=\"https:\/\/www.facebook.com\/RubenBretones\" \/>\n<meta property=\"article:modified_time\" content=\"2026-02-21T12:11:56+00:00\" \/>\n<meta property=\"og:image\" content=\"https:\/\/www.rhuven.com\/wp-content\/uploads\/2025\/07\/7.jpg\" \/>\n\t<meta property=\"og:image:width\" content=\"1000\" \/>\n\t<meta property=\"og:image:height\" content=\"1000\" \/>\n\t<meta property=\"og:image:type\" content=\"image\/jpeg\" \/>\n<meta name=\"twitter:card\" content=\"summary_large_image\" \/>\n<meta name=\"twitter:site\" content=\"@rhuven_design\" \/>\n<meta name=\"twitter:label1\" content=\"Temps estimat de lectura\" \/>\n\t<meta name=\"twitter:data1\" content=\"2 minuts\" \/>\n<script type=\"application\/ld+json\" class=\"yoast-schema-graph\">{\"@context\":\"https:\\\/\\\/schema.org\",\"@graph\":[{\"@type\":\"WebPage\",\"@id\":\"https:\\\/\\\/www.rhuven.com\\\/ca\\\/disseny-de-logotips\\\/\",\"url\":\"https:\\\/\\\/www.rhuven.com\\\/ca\\\/disseny-de-logotips\\\/\",\"name\":\"Disseny de Logotips a Barcelona | Creem la teva marca des de zero\",\"isPartOf\":{\"@id\":\"https:\\\/\\\/www.rhuven.com\\\/ca\\\/#website\"},\"primaryImageOfPage\":{\"@id\":\"https:\\\/\\\/www.rhuven.com\\\/ca\\\/disseny-de-logotips\\\/#primaryimage\"},\"image\":{\"@id\":\"https:\\\/\\\/www.rhuven.com\\\/ca\\\/disseny-de-logotips\\\/#primaryimage\"},\"thumbnailUrl\":\"https:\\\/\\\/www.rhuven.com\\\/wp-content\\\/uploads\\\/2025\\\/07\\\/7.jpg\",\"datePublished\":\"2020-04-30T11:20:23+00:00\",\"dateModified\":\"2026-02-21T12:11:56+00:00\",\"description\":\"Som una ag\u00e8ncia de branding especialitzada en el disseny de logotips a Barcelona, \u200b\u200bdesenvolupem la millor imatge per a la teva marca.\",\"breadcrumb\":{\"@id\":\"https:\\\/\\\/www.rhuven.com\\\/ca\\\/disseny-de-logotips\\\/#breadcrumb\"},\"inLanguage\":\"ca\",\"potentialAction\":[{\"@type\":\"ReadAction\",\"target\":[\"https:\\\/\\\/www.rhuven.com\\\/ca\\\/disseny-de-logotips\\\/\"]}]},{\"@type\":\"ImageObject\",\"inLanguage\":\"ca\",\"@id\":\"https:\\\/\\\/www.rhuven.com\\\/ca\\\/disseny-de-logotips\\\/#primaryimage\",\"url\":\"https:\\\/\\\/www.rhuven.com\\\/wp-content\\\/uploads\\\/2025\\\/07\\\/7.jpg\",\"contentUrl\":\"https:\\\/\\\/www.rhuven.com\\\/wp-content\\\/uploads\\\/2025\\\/07\\\/7.jpg\",\"width\":1000,\"height\":1000,\"caption\":\"Dise\u00f1o de logotipos Barcelona\"},{\"@type\":\"BreadcrumbList\",\"@id\":\"https:\\\/\\\/www.rhuven.com\\\/ca\\\/disseny-de-logotips\\\/#breadcrumb\",\"itemListElement\":[{\"@type\":\"ListItem\",\"position\":1,\"name\":\"Portada\",\"item\":\"https:\\\/\\\/www.rhuven.com\\\/ca\\\/disseny-web-barcelona\\\/\"},{\"@type\":\"ListItem\",\"position\":2,\"name\":\"Disseny de logotips a Barcelona\"}]},{\"@type\":\"WebSite\",\"@id\":\"https:\\\/\\\/www.rhuven.com\\\/ca\\\/#website\",\"url\":\"https:\\\/\\\/www.rhuven.com\\\/ca\\\/\",\"name\":\"Rhuven.com\",\"description\":\"Dise\u00f1o web Barcelona\",\"publisher\":{\"@id\":\"https:\\\/\\\/www.rhuven.com\\\/ca\\\/#organization\"},\"alternateName\":\"Rhuven\",\"potentialAction\":[{\"@type\":\"SearchAction\",\"target\":{\"@type\":\"EntryPoint\",\"urlTemplate\":\"https:\\\/\\\/www.rhuven.com\\\/ca\\\/?s={search_term_string}\"},\"query-input\":{\"@type\":\"PropertyValueSpecification\",\"valueRequired\":true,\"valueName\":\"search_term_string\"}}],\"inLanguage\":\"ca\"},{\"@type\":\"Organization\",\"@id\":\"https:\\\/\\\/www.rhuven.com\\\/ca\\\/#organization\",\"name\":\"Rhuven\",\"url\":\"https:\\\/\\\/www.rhuven.com\\\/ca\\\/\",\"logo\":{\"@type\":\"ImageObject\",\"inLanguage\":\"ca\",\"@id\":\"https:\\\/\\\/www.rhuven.com\\\/ca\\\/#\\\/schema\\\/logo\\\/image\\\/\",\"url\":\"https:\\\/\\\/www.rhuven.com\\\/wp-content\\\/uploads\\\/2016\\\/05\\\/logo_rhuven2.png\",\"contentUrl\":\"https:\\\/\\\/www.rhuven.com\\\/wp-content\\\/uploads\\\/2016\\\/05\\\/logo_rhuven2.png\",\"width\":198,\"height\":198,\"caption\":\"Rhuven\"},\"image\":{\"@id\":\"https:\\\/\\\/www.rhuven.com\\\/ca\\\/#\\\/schema\\\/logo\\\/image\\\/\"},\"sameAs\":[\"https:\\\/\\\/www.facebook.com\\\/RubenBretones\",\"https:\\\/\\\/x.com\\\/rhuven_design\",\"https:\\\/\\\/www.instagram.com\\\/rhuven_design\\\/\",\"https:\\\/\\\/www.linkedin.com\\\/in\\\/rubenbretones\",\"https:\\\/\\\/myspace.com\\\/rhuven_desing\",\"https:\\\/\\\/es.pinterest.com\\\/RhuvenDesign\\\/\",\"https:\\\/\\\/www.youtube.com\\\/c\\\/Rub\u00e9nBretones\"]}]}<\/script>\n<!-- \/ Yoast SEO plugin. -->","yoast_head_json":{"title":"Disseny de Logotips a Barcelona | Creem la teva marca des de zero","description":"Som una ag\u00e8ncia de branding especialitzada en el disseny de logotips a Barcelona, \u200b\u200bdesenvolupem la millor imatge per a la teva marca.","robots":{"index":"index","follow":"follow","max-snippet":"max-snippet:-1","max-image-preview":"max-image-preview:large","max-video-preview":"max-video-preview:-1"},"canonical":"https:\/\/www.rhuven.com\/ca\/disseny-de-logotips\/","og_locale":"ca_ES","og_type":"article","og_title":"Disseny de Logotips a Barcelona | Creem la teva marca des de zero","og_description":"Som una ag\u00e8ncia de branding especialitzada en el disseny de logotips a Barcelona, \u200b\u200bdesenvolupem la millor imatge per a la teva marca.","og_url":"https:\/\/www.rhuven.com\/ca\/disseny-de-logotips\/","og_site_name":"Rhuven","article_publisher":"https:\/\/www.facebook.com\/RubenBretones","article_modified_time":"2026-02-21T12:11:56+00:00","og_image":[{"width":1000,"height":1000,"url":"https:\/\/www.rhuven.com\/wp-content\/uploads\/2025\/07\/7.jpg","type":"image\/jpeg"}],"twitter_card":"summary_large_image","twitter_site":"@rhuven_design","twitter_misc":{"Temps estimat de lectura":"2 minuts"},"schema":{"@context":"https:\/\/schema.org","@graph":[{"@type":"WebPage","@id":"https:\/\/www.rhuven.com\/ca\/disseny-de-logotips\/","url":"https:\/\/www.rhuven.com\/ca\/disseny-de-logotips\/","name":"Disseny de Logotips a Barcelona | Creem la teva marca des de zero","isPartOf":{"@id":"https:\/\/www.rhuven.com\/ca\/#website"},"primaryImageOfPage":{"@id":"https:\/\/www.rhuven.com\/ca\/disseny-de-logotips\/#primaryimage"},"image":{"@id":"https:\/\/www.rhuven.com\/ca\/disseny-de-logotips\/#primaryimage"},"thumbnailUrl":"https:\/\/www.rhuven.com\/wp-content\/uploads\/2025\/07\/7.jpg","datePublished":"2020-04-30T11:20:23+00:00","dateModified":"2026-02-21T12:11:56+00:00","description":"Som una ag\u00e8ncia de branding especialitzada en el disseny de logotips a Barcelona, \u200b\u200bdesenvolupem la millor imatge per a la teva marca.","breadcrumb":{"@id":"https:\/\/www.rhuven.com\/ca\/disseny-de-logotips\/#breadcrumb"},"inLanguage":"ca","potentialAction":[{"@type":"ReadAction","target":["https:\/\/www.rhuven.com\/ca\/disseny-de-logotips\/"]}]},{"@type":"ImageObject","inLanguage":"ca","@id":"https:\/\/www.rhuven.com\/ca\/disseny-de-logotips\/#primaryimage","url":"https:\/\/www.rhuven.com\/wp-content\/uploads\/2025\/07\/7.jpg","contentUrl":"https:\/\/www.rhuven.com\/wp-content\/uploads\/2025\/07\/7.jpg","width":1000,"height":1000,"caption":"Dise\u00f1o de logotipos Barcelona"},{"@type":"BreadcrumbList","@id":"https:\/\/www.rhuven.com\/ca\/disseny-de-logotips\/#breadcrumb","itemListElement":[{"@type":"ListItem","position":1,"name":"Portada","item":"https:\/\/www.rhuven.com\/ca\/disseny-web-barcelona\/"},{"@type":"ListItem","position":2,"name":"Disseny de logotips a Barcelona"}]},{"@type":"WebSite","@id":"https:\/\/www.rhuven.com\/ca\/#website","url":"https:\/\/www.rhuven.com\/ca\/","name":"Rhuven.com","description":"Dise\u00f1o web Barcelona","publisher":{"@id":"https:\/\/www.rhuven.com\/ca\/#organization"},"alternateName":"Rhuven","potentialAction":[{"@type":"SearchAction","target":{"@type":"EntryPoint","urlTemplate":"https:\/\/www.rhuven.com\/ca\/?s={search_term_string}"},"query-input":{"@type":"PropertyValueSpecification","valueRequired":true,"valueName":"search_term_string"}}],"inLanguage":"ca"},{"@type":"Organization","@id":"https:\/\/www.rhuven.com\/ca\/#organization","name":"Rhuven","url":"https:\/\/www.rhuven.com\/ca\/","logo":{"@type":"ImageObject","inLanguage":"ca","@id":"https:\/\/www.rhuven.com\/ca\/#\/schema\/logo\/image\/","url":"https:\/\/www.rhuven.com\/wp-content\/uploads\/2016\/05\/logo_rhuven2.png","contentUrl":"https:\/\/www.rhuven.com\/wp-content\/uploads\/2016\/05\/logo_rhuven2.png","width":198,"height":198,"caption":"Rhuven"},"image":{"@id":"https:\/\/www.rhuven.com\/ca\/#\/schema\/logo\/image\/"},"sameAs":["https:\/\/www.facebook.com\/RubenBretones","https:\/\/x.com\/rhuven_design","https:\/\/www.instagram.com\/rhuven_design\/","https:\/\/www.linkedin.com\/in\/rubenbretones","https:\/\/myspace.com\/rhuven_desing","https:\/\/es.pinterest.com\/RhuvenDesign\/","https:\/\/www.youtube.com\/c\/Rub\u00e9nBretones"]}]}},"_links":{"self":[{"href":"https:\/\/www.rhuven.com\/ca\/wp-json\/wp\/v2\/pages\/19727","targetHints":{"allow":["GET"]}}],"collection":[{"href":"https:\/\/www.rhuven.com\/ca\/wp-json\/wp\/v2\/pages"}],"about":[{"href":"https:\/\/www.rhuven.com\/ca\/wp-json\/wp\/v2\/types\/page"}],"author":[{"embeddable":true,"href":"https:\/\/www.rhuven.com\/ca\/wp-json\/wp\/v2\/users\/1"}],"replies":[{"embeddable":true,"href":"https:\/\/www.rhuven.com\/ca\/wp-json\/wp\/v2\/comments?post=19727"}],"version-history":[{"count":4,"href":"https:\/\/www.rhuven.com\/ca\/wp-json\/wp\/v2\/pages\/19727\/revisions"}],"predecessor-version":[{"id":24601,"href":"https:\/\/www.rhuven.com\/ca\/wp-json\/wp\/v2\/pages\/19727\/revisions\/24601"}],"wp:featuredmedia":[{"embeddable":true,"href":"https:\/\/www.rhuven.com\/ca\/wp-json\/wp\/v2\/media\/23845"}],"wp:attachment":[{"href":"https:\/\/www.rhuven.com\/ca\/wp-json\/wp\/v2\/media?parent=19727"}],"curies":[{"name":"wp","href":"https:\/\/api.w.org\/{rel}","templated":true}]}}