{"id":20705,"date":"2020-10-28T08:28:46","date_gmt":"2020-10-28T07:28:46","guid":{"rendered":"https:\/\/www.rhuven.com\/?page_id=20705"},"modified":"2026-02-21T13:25:52","modified_gmt":"2026-02-21T12:25:52","slug":"gestio-de-xarxes-socials","status":"publish","type":"page","link":"https:\/\/www.rhuven.com\/ca\/gestio-de-xarxes-socials\/","title":{"rendered":"Gesti\u00f3 de xarxes socials"},"content":{"rendered":"<section class=\"l-section wpb_row height_huge full_height valign_center color_secondary with_video\"><div id=\"us_bg_video_j062\" class=\"l-section-video\"><script id=\"us_bg_video_j062-script\">!function(w){var node = document.getElementById( 'us_bg_video_j062' );if ( w.innerWidth <= 1 ) { node.remove() }}(window);<\/script><style>@media(max-width:1px){#us_bg_video_j062{display:none!important}}<\/style><video  autoplay loop muted playsinline preload=\"auto\" tabindex=\"-1\"><source type=\"video\/mp4\" src=\"https:\/\/www.rhuven.com\/wp-content\/uploads\/2025\/07\/freepik__plano-dinmico-de-seguimiento-un-horizonte-urbano-f__29553.mp4\" \/><\/video><\/div><div class=\"l-section-overlay\" style=\"background:linear-gradient(300deg, #000 0%,rgba(0,0,0,0.52) 100%)\"><\/div><div class=\"l-section-h i-cf\"><div class=\"g-cols vc_row via_grid cols_1 laptops-cols_inherit tablets-cols_1 mobiles-cols_1 valign_middle type_default reversed stacking_default\" style=\"--columns-gap:0rem;\"><div class=\"wpb_column vc_column_container us_custom_fd43344c\"><div class=\"vc_column-inner\"><div class=\"w-text us_custom_bd19e6aa has_text_color\"><span class=\"w-text-h\"><span class=\"w-text-value\">RHUVEN<\/span><\/span><\/div><div class=\"w-separator size_small\"><\/div><h1 class=\"w-text us_custom_87c42a28 has_text_color\"><span class=\"w-text-h\"><span class=\"w-text-value\">Gesti\u00f3 de xarxes socials a Barcelona<\/span><\/span><\/h1><div class=\"wpb_text_column us_custom_29eda462\"><div class=\"wpb_wrapper\"><p>Ag\u00e8ncia especialitzada en <strong>Community Manager i gesti\u00f3 de xarxes socials a Barcelona<\/strong> , \u200b\u200bamb enfocament estrat\u00e8gic i orientaci\u00f3 a resultats reals.<\/p>\n<\/div><\/div><div class=\"w-hwrapper valign_middle wrap align_none\" style=\"--hwrapper-gap:3rem\"><div class=\"w-btn-wrapper align_none\"><a class=\"w-btn us-btn-style_1 us_custom_0207f80c\" href=\"#1\"><span class=\"w-btn-label\">Parlem?<\/span><\/a><\/div><\/div><\/div><\/div><\/div><\/div><\/section><section class=\"l-section wpb_row height_large\"><div class=\"l-section-h i-cf\"><div class=\"g-cols vc_row via_grid cols_1 laptops-cols_inherit tablets-cols_2 mobiles-cols_1 valign_top type_default stacking_default\" style=\"--columns-gap:30px;\"><div class=\"wpb_column vc_column_container\"><div class=\"vc_column-inner\"><div class=\"w-separator size_custom\" style=\"height:\" id=\"ed81\"><style>@media(max-width:1024px){ #ed81{height:20px!important}}@media(max-width:600px){ #ed81{height:20px!important}}<\/style><\/div><div class=\"wpb_text_column us_custom_c7cab91e\"><div class=\"wpb_wrapper\"><h2><span style=\"color: #c6a04f;\"><strong>Serveis de Community Manager a Barcelona<\/strong><\/span><\/h2>\n<\/div><\/div><div class=\"w-separator size_large\"><\/div><div class=\"g-cols wpb_row via_grid cols_3 laptops-cols_inherit tablets-cols_inherit mobiles-cols_1 valign_top type_default stacking_default\" style=\"--columns-gap:2rem;\"><div class=\"wpb_column vc_column_container us_custom_cd895498\"><div class=\"vc_column-inner\"><div class=\"w-text us_custom_4a25e60e has_text_color\"><span class=\"w-text-h\"><span class=\"w-text-value\">Estrat\u00e8gia i planificaci\u00f3 de contingut<\/span><\/span><\/div><div class=\"wpb_text_column\"><div class=\"wpb_wrapper\"><p>Definim to, objectius i un calendari editorial adaptat a la teva marca, amb tem\u00e0tiques, formats i missatges pensats per convertir.<\/p>\n<\/div><\/div><div class=\"w-separator size_small\"><\/div><div class=\"w-btn-wrapper align_none\"><a class=\"w-btn us-btn-style_1\" href=\"#1\"><span class=\"w-btn-label\">Saber m\u00e9s<\/span><\/a><\/div><\/div><\/div><div class=\"wpb_column vc_column_container us_custom_cd895498\"><div class=\"vc_column-inner\"><div class=\"w-text us_custom_4a25e60e has_text_color\"><span class=\"w-text-h\"><span class=\"w-text-value\">Disseny gr\u00e0fic professional per a xarxes<\/span><\/span><\/div><div class=\"wpb_text_column\"><div class=\"wpb_wrapper\"><p>Creem peces visuals i creativitats coherents amb la teva identitat, optimitzades per a cada xarxa social i cada objectiu (abast, interacci\u00f3 o leads).<\/p>\n<\/div><\/div><div class=\"w-separator size_small\"><\/div><div class=\"w-btn-wrapper align_none\"><a class=\"w-btn us-btn-style_1\" href=\"#1\"><span class=\"w-btn-label\">Consulta&#039;ns<\/span><\/a><\/div><\/div><\/div><div class=\"wpb_column vc_column_container us_custom_cd895498\"><div class=\"vc_column-inner\"><div class=\"w-text us_custom_4a25e60e has_text_color\"><span class=\"w-text-h\"><span class=\"w-text-value\">Monitoritzaci\u00f3, anal\u00edtica i interacci\u00f3<\/span><\/span><\/div><div class=\"wpb_text_column\"><div class=\"wpb_wrapper\"><p>Mesurem el rendiment, responem missatges i gestionem la comunitat amb proximitat i professionalitat, recolzant-nos en dades i KPI clars.<\/p>\n<\/div><\/div><div class=\"w-separator size_small\"><\/div><div class=\"w-btn-wrapper align_none\"><a class=\"w-btn us-btn-style_1\" href=\"#1\"><span class=\"w-btn-label\">Contacta&#039;ns<\/span><\/a><\/div><\/div><\/div><\/div><div class=\"w-separator size_custom\" style=\"height:\" id=\"aa00\"><style>@media(max-width:1024px){ #aa00{height:20px!important}}@media(max-width:600px){ #aa00{height:20px!important}}<\/style><\/div><\/div><\/div><\/div><\/div><\/section><section class=\"l-section wpb_row height_auto color_primary\"><div class=\"l-section-overlay\" style=\"background:#000000\"><\/div><div class=\"l-section-h i-cf\"><div class=\"g-cols vc_row via_grid cols_2 laptops-cols_inherit tablets-cols_1 mobiles-cols_1 valign_middle type_default stacking_default\" style=\"--columns-gap:0px;\"><div class=\"wpb_column vc_column_container us_custom_db84134b has_bg_color stretched\"><div class=\"vc_column-overlay\" style=\"background:linear-gradient(280deg, rgba(0,0,0,0.88) 0%,rgba(0,0,0,0.21) 100%)\"><\/div><div class=\"vc_column-inner\"><div class=\"w-separator size_medium\"><\/div><\/div><\/div><div class=\"wpb_column vc_column_container\"><div class=\"vc_column-inner\"><div class=\"w-separator size_huge\"><\/div><div class=\"wpb_text_column us_custom_525019aa\"><div class=\"wpb_wrapper\"><h2><span style=\"color: #c6a04f;\"><strong>Social Media Barcelona per a empreses que volen cr\u00e9ixer<\/strong><\/span><\/h2>\n<p>Entenem que el social media no \u00e9s nom\u00e9s publicar: \u00e9s connectar amb el teu p\u00fablic, sostenir una marca coherent i moure l&#8217;acci\u00f3. Treballem amb empreses de Barcelona creant estrat\u00e8gies a mesura que combinen creativitat, anal\u00edtica i branding. Si a m\u00e9s busques un creixement org\u00e0nic s\u00f2lid, el reforcem amb una visi\u00f3 de <a href=\"https:\/\/www.rhuven.com\/ca\/posicionament-web\/\">posicionament SEO<\/a> alineada amb el teu negoci.  <\/p>\n<p>T&#8217;ajudem a millorar la teva reputaci\u00f3 digital, augmentar la teva visibilitat i atreure clients reals amb contingut \u00fatil, una comunitat ben atesa i decisions basades en dades, no en suposicions.<\/p>\n<\/div><\/div><div class=\"w-separator size_huge\"><\/div><\/div><\/div><\/div><\/div><\/section><section class=\"l-section wpb_row height_large\"><div class=\"l-section-h i-cf\"><div class=\"g-cols vc_row via_grid cols_1 laptops-cols_inherit tablets-cols_inherit mobiles-cols_1 valign_top type_default stacking_default\" style=\"--columns-gap:4rem;\"><div class=\"wpb_column vc_column_container us_custom_6928a82a has_text_color has_bg_color\"><div class=\"vc_column-inner\"><div class=\"wpb_text_column\"><div class=\"wpb_wrapper\"><h2><strong><span style=\"color: #c6a04f;\">Les 3 fases del m\u00e0rqueting en l\u00ednia aplicat al Social Media<\/span><\/strong><\/h2>\n<p>Analitzem el teu projecte per definir una estrat\u00e8gia de <strong>Social Media<\/strong> que funcioni, tingui sentit per a la teva marca i sigui sostenible en el temps:<\/p>\n<\/div><\/div><div class=\"w-separator size_large\"><\/div><div class=\"g-cols wpb_row via_grid cols_3 laptops-cols_inherit tablets-cols_1 mobiles-cols_1 valign_top type_default\" style=\"--columns-gap:3rem;\"><div class=\"wpb_column vc_column_container\"><div class=\"vc_column-inner\"><div class=\"w-text us_custom_25e05924 has_text_color\"><span class=\"w-text-h\"><span class=\"w-text-value\">01<\/span><\/span><\/div><div class=\"wpb_text_column\"><div class=\"wpb_wrapper\"><h3><span style=\"color: #c6a04f;\"><strong>Estrat\u00e8gia digital<\/strong><\/span><\/h3>\n<p>Estudiem el teu sector, compet\u00e8ncia i objectius. Definim missatges, p\u00fablic i proposta perqu\u00e8 cada publicaci\u00f3 tingui un prop\u00f2sit clar.<\/p>\n<\/div><\/div><\/div><\/div><div class=\"wpb_column vc_column_container\"><div class=\"vc_column-inner\"><div class=\"w-text us_custom_25e05924 has_text_color\"><span class=\"w-text-h\"><span class=\"w-text-value\">02<\/span><\/span><\/div><div class=\"wpb_text_column\"><div class=\"wpb_wrapper\"><h3><span style=\"color: #c6a04f;\"><strong>Execuci\u00f3 creativa i publicacions<\/strong><\/span><\/h3>\n<p>Creem contingut visual i copy, ho programem i ho adaptem a cada xarxa. Mantindr\u00e0s una pres\u00e8ncia constant, coherent i alineada amb la marca.<\/p>\n<\/div><\/div><\/div><\/div><div class=\"wpb_column vc_column_container\"><div class=\"vc_column-inner\"><div class=\"w-text us_custom_25e05924 has_text_color\"><span class=\"w-text-h\"><span class=\"w-text-value\">03<\/span><\/span><\/div><div class=\"wpb_text_column\"><div class=\"wpb_wrapper\"><h3><span style=\"color: #c6a04f;\"><strong>An\u00e0lisi i optimitzaci\u00f3 cont\u00ednua<\/strong><\/span><\/h3>\n<p>Revisem m\u00e8triques, ajustem enfocament i t&#8217;entreguem informes amb resultats, aprenentatges i millores accionables per continuar creixent.<\/p>\n<\/div><\/div><\/div><\/div><\/div><\/div><\/div><\/div><\/div><\/section><section class=\"l-section wpb_row height_auto color_primary\"><div class=\"l-section-overlay\" style=\"background:#000000\"><\/div><div class=\"l-section-h i-cf\"><div class=\"g-cols vc_row via_grid cols_2 laptops-cols_inherit tablets-cols_1 mobiles-cols_1 valign_middle type_default stacking_default\" style=\"--columns-gap:0px;\"><div class=\"wpb_column vc_column_container us_custom_128f8ecd has_bg_color stretched\"><div class=\"vc_column-overlay\" style=\"background:linear-gradient(280deg, rgba(0,0,0,0.88) 0%,rgba(0,0,0,0.21) 100%)\"><\/div><div class=\"vc_column-inner\"><\/div><\/div><div class=\"wpb_column vc_column_container\"><div class=\"vc_column-inner\"><div class=\"w-separator size_huge\"><\/div><div class=\"wpb_text_column us_custom_525019aa\"><div class=\"wpb_wrapper\"><h2><strong><span style=\"color: #c6a04f;\">Beneficis de tenir una estrat\u00e8gia de Social Media ben definida<br \/>\n<\/span><\/strong><\/h2>\n<p>Tenir pres\u00e8ncia a xarxes no n&#8217;hi ha prou. El m\u00e9s important \u00e9s que cada publicaci\u00f3, hist\u00f2ria o campanya respongui a un objectiu mesurable. Dissenyem <strong>estrat\u00e8gies de Social Media a Barcelona<\/strong> que s&#8217;alineen amb el teu negoci: captar nous clients, fidelitzar, generar comunitat o augmentar les vendes, amb una l\u00ednia visual acurada i una identitat consistent.  <\/p>\n<p>Una estrat\u00e8gia ben definida et permet comunicar amb claredat, optimitzar recursos i diferenciar-te en un entorn cada cop m\u00e9s saturat. A m\u00e9s, t&#8217;ajuda a prendre decisions basades en dades reals, ajustar el que no funciona i potenciar el que s\u00ed que converteix, recolzant-te en una <a href=\"https:\/\/www.rhuven.com\/ca\/disseny-web-wordpress\/\">web a WordPress pensada per convertir<\/a> quan el tr\u00e0nsit comen\u00e7a a arribar des de xarxes socials. <\/p>\n<p>Comptar amb un equip especialitzat vol dir deixar de publicar per in\u00e8rcia i comen\u00e7ar a construir una marca s\u00f2lida, atractiva i amb projecci\u00f3 real.<\/p>\n<\/div><\/div><div class=\"w-separator size_huge\"><\/div><\/div><\/div><\/div><\/div><\/section><section class=\"l-section wpb_row height_large\"><div class=\"l-section-h i-cf\"><div class=\"g-cols vc_row via_grid cols_2-3 laptops-cols_2 tablets-cols_inherit mobiles-cols_1 valign_top type_default stacking_default\" style=\"--columns-gap:5%;\"><div class=\"wpb_column vc_column_container\"><div class=\"vc_column-inner\"><div class=\"w-separator size_custom\" style=\"height:\" id=\"t25f\"><style>@media(max-width:1024px){ #t25f{height:20px!important}}@media(max-width:600px){ #t25f{height:20px!important}}<\/style><\/div><div class=\"wpb_text_column\"><div class=\"wpb_wrapper\"><h2><span style=\"color: #c6a04f;\"><strong>Quines xarxes treballem i com ho fem a Rhuven<br \/>\n<\/strong><\/span><\/h2>\n<p>Ens adaptem a les plataformes m\u00e9s rellevants pel teu p\u00fablic objectiu. Ja sigui <strong>Instagram<\/strong> , <strong>Facebook<\/strong> , <strong>LinkedIn<\/strong> , <strong>TikTok<\/strong> o <strong>Pinterest<\/strong> , cada canal t\u00e9 el seu propi llenguatge, audi\u00e8ncia i forma de convertir. Per aix\u00f2 no apliquem f\u00f3rmules gen\u00e8riques: analitzem quines xarxes s\u00f3n m\u00e9s efectives per al teu negoci i constru\u00efm una pres\u00e8ncia s\u00f2lida, visual i ben gestionada a cadascuna, integrant-lo amb el teu ecosistema digital quan conv\u00e9 (per exemple, amb una web preparada per captar contactes i convertir visites en oportunitats).  <\/p>\n<p>A m\u00e9s, us <strong>oferim paquets flexibles segons les vostres necessitats<\/strong> : des de gesti\u00f3 de xarxes amb publicacions di\u00e0ries o setmanals, fins a campanyes temporals, llan\u00e7aments o esdeveniments puntuals. Tot amb seguiment constant, contingut de qualitat i focus en resultats tangibles per a la teva empresa.<\/p>\n<\/div><\/div><\/div><\/div><div class=\"wpb_column vc_column_container\"><div class=\"vc_column-inner\"><div class=\"w-image style_shadow-2 has_ratio align_none\"><div class=\"w-image-h\"><div style=\"padding-bottom:100%\"><\/div><div class=\"w-image-shadow\" style=\"background-image:url(https:\/\/www.rhuven.com\/wp-content\/uploads\/2025\/07\/5.jpg);\"><\/div><img decoding=\"async\" width=\"1000\" height=\"1000\" src=\"https:\/\/www.rhuven.com\/wp-content\/uploads\/2025\/07\/5.jpg\" class=\"attachment-full size-full\" alt=\"Desarrollo de p\u00e1ginas web en Barcelona\" loading=\"lazy\" \/><\/div><\/div><div class=\"w-separator size_custom\" style=\"height:0px\" id=\"xf72\"><style>@media(max-width:1024px){ #xf72{height:20px!important}}@media(max-width:600px){ #xf72{height:20px!important}}<\/style><\/div><div class=\"w-separator size_custom\" style=\"height:\" id=\"o085\"><style>@media(max-width:1024px){ #o085{height:20px!important}}@media(max-width:600px){ #o085{height:20px!important}}<\/style><\/div><\/div><\/div><\/div><\/div><\/section><section class=\"l-section wpb_row height_large\"><div class=\"l-section-h i-cf\"><div class=\"g-cols vc_row via_grid cols_3-2 laptops-cols_2 tablets-cols_inherit mobiles-cols_1 valign_top type_default reversed stacking_default\" style=\"--columns-gap:5%;\"><div class=\"wpb_column vc_column_container\"><div class=\"vc_column-inner\"><div class=\"w-image style_shadow-2 has_ratio align_none\"><div class=\"w-image-h\"><div style=\"padding-bottom:100%\"><\/div><div class=\"w-image-shadow\" style=\"background-image:url(https:\/\/www.rhuven.com\/wp-content\/uploads\/2025\/07\/freepik__a-completely-new-spectacular-and-modern-digital-ar__41496.jpeg);\"><\/div><img decoding=\"async\" width=\"1536\" height=\"1024\" src=\"https:\/\/www.rhuven.com\/wp-content\/uploads\/2025\/07\/freepik__a-completely-new-spectacular-and-modern-digital-ar__41496.jpeg\" class=\"attachment-full size-full\" alt=\"Dise\u00f1o web WordPress Barcelona\" loading=\"lazy\" \/><\/div><\/div><div class=\"w-separator size_custom\" style=\"height:\" id=\"ne33\"><style>@media(max-width:1024px){ #ne33{height:20px!important}}@media(max-width:600px){ #ne33{height:20px!important}}<\/style><\/div><div class=\"w-separator size_custom\" style=\"height:\" id=\"lf4d\"><style>@media(max-width:1024px){ #lf4d{height:20px!important}}@media(max-width:600px){ #lf4d{height:20px!important}}<\/style><\/div><div class=\"w-separator size_custom\" style=\"height:\" id=\"i06a\"><style>@media(max-width:1024px){ #i06a{height:20px!important}}@media(max-width:600px){ #i06a{height:20px!important}}<\/style><\/div><div class=\"w-separator size_custom\" style=\"height:\" id=\"a17e\"><style>@media(max-width:1024px){ #a17e{height:20px!important}}@media(max-width:600px){ #a17e{height:20px!important}}<\/style><\/div><\/div><\/div><div class=\"wpb_column vc_column_container\"><div class=\"vc_column-inner\"><div class=\"wpb_text_column\"><div class=\"wpb_wrapper\"><h2><span style=\"color: #c6a04f;\"><strong>Per qu\u00e8 externalitzar la gesti\u00f3 de xarxes socials?<\/strong><\/span><\/h2>\n<p>Perqu\u00e8 no es tracta nom\u00e9s d&#8217;\u201cestar present\u201d, sin\u00f3 de comunicar amb intenci\u00f3 i de forma estrat\u00e8gica. Delegar la gesti\u00f3 de les xarxes socials en un equip especialitzat com <a href=\"https:\/\/www.rhuven.com\/ca\/\">el nostre equip a Barcelona<\/a> et permet estalviar temps, elevar la teva imatge de marca i obtenir resultats mesurables, sense improvisar ni dependre de la inspiraci\u00f3 del dia. <\/p>\n<p>Ens ocupem de tot: des de la planificaci\u00f3 i la creaci\u00f3 de continguts, fins a la publicaci\u00f3, la interacci\u00f3 amb els seguidors i l&#8217;an\u00e0lisi de resultats. Ho fem amb una visi\u00f3 global de marca, tenint cura de cada detall perqu\u00e8 la teva comunicaci\u00f3 sigui coherent, professional i efectiva. <\/p>\n<p>Mentre t&#8217;enfoques a fer cr\u00e9ixer el teu negoci, nosaltres ens encarreguem de connectar la teva marca amb el p\u00fablic adequat. Perqu\u00e8 una bona pres\u00e8ncia a les xarxes no nom\u00e9s genera visibilitat: tamb\u00e9 construeix confian\u00e7a, fidelitza i converteix.<\/p>\n<\/div><\/div><\/div><\/div><\/div><\/div><\/section><section class=\"l-section wpb_row height_huge color_primary with_img\"><div class=\"l-section-img\" role=\"img\" aria-label=\"Dise\u00f1o de tiendas online Barcelona\" data-img-width=\"1000\" data-img-height=\"667\" style=\"background-image: url(https:\/\/www.rhuven.com\/wp-content\/uploads\/2025\/07\/1.jpg);\"><\/div><div class=\"l-section-overlay\" style=\"background:rgba(15,19,31,0.65)\"><\/div><div class=\"l-section-h i-cf\"><div class=\"g-cols vc_row via_grid cols_1 laptops-cols_inherit tablets-cols_inherit mobiles-cols_1 valign_top type_default stacking_default\"><div class=\"wpb_column vc_column_container us_custom_b731b683\"><div class=\"vc_column-inner\"><div class=\"w-text us_custom_79813b28 has_text_color\"><span class=\"w-text-h\"><span class=\"w-text-value\">RHUVEN<\/span><\/span><\/div><div class=\"w-text us_custom_e5214656\"><span class=\"w-text-h\"><span class=\"w-text-value\">M\u00e9s de 15 anys d&#039;experi\u00e8ncia al sector digital<\/span><\/span><\/div><div class=\"w-separator size_small\"><\/div><div class=\"w-btn-wrapper align_none\"><a class=\"w-btn us-btn-style_1\" href=\"#1\"><span class=\"w-btn-label\">T&#039;ajudem?<\/span><\/a><\/div><\/div><\/div><\/div><\/div><\/section><section class=\"l-section wpb_row height_auto width_full\"><div class=\"l-section-h i-cf\"><div class=\"g-cols vc_row via_grid cols_1 laptops-cols_inherit tablets-cols_inherit mobiles-cols_1 valign_top type_default stacking_default\"><div class=\"wpb_column vc_column_container\"><div class=\"vc_column-inner\"><div class=\"w-separator size_large\"><\/div><div class=\"wpb_text_column us_custom_de7422d6\"><div class=\"wpb_wrapper\"><h3><span style=\"color: #c6a04f;\"><strong>Casos d&#8217;\u00e8xit<\/strong><\/span><\/h3>\n<p>El que m\u00e9s ens motiva \u00e9s acompanyar els nostres clients en el creixement digital. Cada projecte que s&#8217;enlaira amb nosaltres \u00e9s una hist\u00f2ria d&#8217;\u00e8xit compartit. Aqu\u00ed us mostrem alguns exemples reals perqu\u00e8 vegis el nivell de detall, disseny i enfocament a resultats.<\/p>\n<\/div><\/div><div class=\"w-separator size_medium\"><\/div><div class=\"w-grid us_carousel type_carousel layout_23863 preload_style_spinner items_2 ratio_3x2\" id=\"us_grid_1\" style=\"--items:2;--gap:0.4vw;--item-ratio:0.66667;\"><style>@media (min-width:1024px){#us_grid_1 .w-post-elm.post_title{font-size:max( 1rem,1.5vw )!important}}.layout_23863 .w-grid-item-h{background:linear-gradient(135deg,#d1a84f,#876418)}.layout_23863 .usg_post_image_1{transition-duration:0.35s;transform-origin:50% 50%;transform:scale(1) translate(0%,0%)}.layout_23863 .w-grid-item-h:focus-within .usg_post_image_1,.layout_23863 .w-grid-item-h:hover .usg_post_image_1{transform:scale(1.1) translate(0%,0%);opacity:0.1}.layout_23863 .usg_post_image_1{position:absolute!important;left:0!important;top:0!important;bottom:0!important;right:0!important;border:7px solid #d1a84f!important}.layout_23863 .usg_vwrapper_1{position:absolute!important;left:0!important;bottom:0!important;right:0!important;background:linear-gradient(180deg,transparent 0%,rgba(30,30,30,0.88) 100%)!important;padding:4rem 2rem 1.5rem 2rem!important}.layout_23863 .usg_post_title_1{color:#fff!important;font-size:1.2rem!important;font-family:var(--h1-font-family)!important;text-transform:uppercase!important}<\/style><div class=\"w-grid-list owl-carousel valign_stretch dotstyle_circle navstyle_circle arrows-ver-pos_middle arrows-hor-pos_on_sides_outside arrows-disabled_hide owl-responsive-2000 center_item with_dots\" style=\"--transition-duration:350ms;\">\t<article class=\"w-grid-item post-24475 us_portfolio type-us_portfolio status-publish has-post-thumbnail hentry us_portfolio_category-disseny-web-ca\" data-id=\"24475\">\r\n\t\t<div class=\"w-grid-item-h\" style=\"background:#000000;color:#ffffff;\">\r\n\t\t\t\t\t\t<div class=\"w-post-elm post_image usg_post_image_1 stretched\"><img loading=\"lazy\" decoding=\"async\" width=\"1000\" height=\"545\" src=\"https:\/\/www.rhuven.com\/wp-content\/uploads\/2015\/10\/diseno-web-en-barcelona-1.jpg\" class=\"attachment-large size-large wp-post-image\" alt=\"Dise\u00f1o web wordpress Barcelona\" srcset=\"https:\/\/www.rhuven.com\/wp-content\/uploads\/2015\/10\/diseno-web-en-barcelona-1.jpg 1000w, https:\/\/www.rhuven.com\/wp-content\/uploads\/2015\/10\/diseno-web-en-barcelona-1-300x164.jpg 300w\" sizes=\"auto, (max-width: 1000px) 100vw, 1000px\" \/><\/div><div class=\"w-vwrapper usg_vwrapper_1 align_none valign_top\"><div class=\"w-post-elm post_title usg_post_title_1 has_text_color align_center entry-title color_link_inherit\">Disseny web Restaurant Shalom Kosher Barcelona<\/div><\/div>\t\t<\/div>\r\n\t\t\t<\/article>\r\n\t<article class=\"w-grid-item post-24411 us_portfolio type-us_portfolio status-publish has-post-thumbnail hentry us_portfolio_category-disseny-web-ca\" data-id=\"24411\">\r\n\t\t<div class=\"w-grid-item-h\" style=\"background:#000000;color:#ffffff;\">\r\n\t\t\t\t\t\t<div class=\"w-post-elm post_image usg_post_image_1 stretched\"><img loading=\"lazy\" decoding=\"async\" width=\"1000\" height=\"667\" src=\"https:\/\/www.rhuven.com\/wp-content\/uploads\/2018\/10\/web-la-folie.jpg\" class=\"attachment-large size-large wp-post-image\" alt=\"Errores a evitar al hacer tu p\u00e1gina web\" srcset=\"https:\/\/www.rhuven.com\/wp-content\/uploads\/2018\/10\/web-la-folie.jpg 1000w, https:\/\/www.rhuven.com\/wp-content\/uploads\/2018\/10\/web-la-folie-300x200.jpg 300w\" sizes=\"auto, (max-width: 1000px) 100vw, 1000px\" \/><\/div><div class=\"w-vwrapper usg_vwrapper_1 align_none valign_top\"><div class=\"w-post-elm post_title usg_post_title_1 has_text_color align_center entry-title color_link_inherit\">Disseny web per a La Folie Barcelona<\/div><\/div>\t\t<\/div>\r\n\t\t\t<\/article>\r\n\t<article class=\"w-grid-item post-24407 us_portfolio type-us_portfolio status-publish has-post-thumbnail hentry us_portfolio_category-disseny-web-ca\" data-id=\"24407\">\r\n\t\t<div class=\"w-grid-item-h\" style=\"background:#000000;color:#ffffff;\">\r\n\t\t\t\t\t\t<div class=\"w-post-elm post_image usg_post_image_1 stretched\"><img loading=\"lazy\" decoding=\"async\" width=\"1000\" height=\"667\" src=\"https:\/\/www.rhuven.com\/wp-content\/uploads\/2018\/10\/web-doctor-lazaro-gava.jpg\" class=\"attachment-large size-large wp-post-image\" alt=\"\" srcset=\"https:\/\/www.rhuven.com\/wp-content\/uploads\/2018\/10\/web-doctor-lazaro-gava.jpg 1000w, https:\/\/www.rhuven.com\/wp-content\/uploads\/2018\/10\/web-doctor-lazaro-gava-300x200.jpg 300w\" sizes=\"auto, (max-width: 1000px) 100vw, 1000px\" \/><\/div><div class=\"w-vwrapper usg_vwrapper_1 align_none valign_top\"><div class=\"w-post-elm post_title usg_post_title_1 has_text_color align_center entry-title color_link_inherit\">Disseny web Medicina Est\u00e8tica Doctor L\u00e1zaro Gava<\/div><\/div>\t\t<\/div>\r\n\t\t\t<\/article>\r\n\t<article class=\"w-grid-item post-24400 us_portfolio type-us_portfolio status-publish has-post-thumbnail hentry us_portfolio_category-disseny-web-ca us_portfolio_category-marqueting-online\" data-id=\"24400\">\r\n\t\t<div class=\"w-grid-item-h\" style=\"background:#000000;color:#ffffff;\">\r\n\t\t\t\t\t\t<div class=\"w-post-elm post_image usg_post_image_1 stretched\"><img loading=\"lazy\" decoding=\"async\" width=\"1024\" height=\"683\" src=\"https:\/\/www.rhuven.com\/wp-content\/uploads\/2018\/05\/pagina-web-rogelaine-1024x683.jpg\" class=\"attachment-large size-large wp-post-image\" alt=\"Disseny botigues online\" srcset=\"https:\/\/www.rhuven.com\/wp-content\/uploads\/2018\/05\/pagina-web-rogelaine-1024x683.jpg 1024w, https:\/\/www.rhuven.com\/wp-content\/uploads\/2018\/05\/pagina-web-rogelaine-300x200.jpg 300w, https:\/\/www.rhuven.com\/wp-content\/uploads\/2018\/05\/pagina-web-rogelaine.jpg 1000w\" sizes=\"auto, (max-width: 1024px) 100vw, 1024px\" \/><\/div><div class=\"w-vwrapper usg_vwrapper_1 align_none valign_top\"><div class=\"w-post-elm post_title usg_post_title_1 has_text_color align_center entry-title color_link_inherit\">Disseny web i M\u00e0rqueting Online per a Rogelaine Imatge de Madrid<\/div><\/div>\t\t<\/div>\r\n\t\t\t<\/article>\r\n\t<article class=\"w-grid-item post-24392 us_portfolio type-us_portfolio status-publish has-post-thumbnail hentry us_portfolio_category-disseny-web-ca\" data-id=\"24392\">\r\n\t\t<div class=\"w-grid-item-h\" style=\"background:#000000;color:#ffffff;\">\r\n\t\t\t\t\t\t<div class=\"w-post-elm post_image usg_post_image_1 stretched\"><img loading=\"lazy\" decoding=\"async\" width=\"1000\" height=\"667\" src=\"https:\/\/www.rhuven.com\/wp-content\/uploads\/2017\/09\/paginas-webs-profesionales-1.jpg\" class=\"attachment-large size-large wp-post-image\" alt=\"Disseny Web Castelldefels\" srcset=\"https:\/\/www.rhuven.com\/wp-content\/uploads\/2017\/09\/paginas-webs-profesionales-1.jpg 1000w, https:\/\/www.rhuven.com\/wp-content\/uploads\/2017\/09\/paginas-webs-profesionales-1-300x200.jpg 300w\" sizes=\"auto, (max-width: 1000px) 100vw, 1000px\" \/><\/div><div class=\"w-vwrapper usg_vwrapper_1 align_none valign_top\"><div class=\"w-post-elm post_title usg_post_title_1 has_text_color align_center entry-title color_link_inherit\">Disseny web per a Bioacer<\/div><\/div>\t\t<\/div>\r\n\t\t\t<\/article>\r\n<\/div><div class=\"w-grid-carousel-json hidden\" onclick='return {&quot;carousel_settings&quot;:{&quot;aria_labels&quot;:{&quot;prev&quot;:&quot;Anterior&quot;,&quot;next&quot;:&quot;Seg\\u00fcent&quot;},&quot;autoplayContinual&quot;:false,&quot;autoplayContinualCss&quot;:false,&quot;autoplayHoverPause&quot;:false,&quot;autoplayTimeout&quot;:3000,&quot;autoWidth&quot;:false,&quot;smartSpeed&quot;:350,&quot;margin&quot;:0,&quot;mouseDrag&quot;:true,&quot;rtl&quot;:false,&quot;slideBy&quot;:&quot;1&quot;,&quot;touchDrag&quot;:true,&quot;slideTransition&quot;:&quot;cubic-bezier(0,1,.8,1)&quot;,&quot;responsive&quot;:{&quot;0&quot;:{&quot;autoHeight&quot;:false,&quot;autoplay&quot;:true,&quot;autoplayContinualCss&quot;:false,&quot;autoWidth&quot;:false,&quot;center&quot;:true,&quot;dots&quot;:true,&quot;items&quot;:1,&quot;loop&quot;:true,&quot;nav&quot;:false,&quot;stagePadding&quot;:0,&quot;slideBy&quot;:&quot;1&quot;,&quot;touchDrag&quot;:true,&quot;mouseDrag&quot;:true},&quot;601&quot;:{&quot;autoHeight&quot;:false,&quot;autoplay&quot;:true,&quot;autoplayContinualCss&quot;:false,&quot;autoWidth&quot;:false,&quot;center&quot;:true,&quot;dots&quot;:true,&quot;items&quot;:1,&quot;loop&quot;:true,&quot;nav&quot;:false,&quot;stagePadding&quot;:0,&quot;slideBy&quot;:&quot;1&quot;,&quot;touchDrag&quot;:true,&quot;mouseDrag&quot;:true},&quot;1025&quot;:{&quot;autoHeight&quot;:false,&quot;autoplay&quot;:true,&quot;autoplayContinualCss&quot;:false,&quot;autoWidth&quot;:false,&quot;center&quot;:true,&quot;dots&quot;:true,&quot;items&quot;:2,&quot;loop&quot;:true,&quot;nav&quot;:false,&quot;stagePadding&quot;:0,&quot;slideBy&quot;:&quot;1&quot;,&quot;touchDrag&quot;:true,&quot;mouseDrag&quot;:true},&quot;1400&quot;:{&quot;items&quot;:2,&quot;autoplay&quot;:true,&quot;autoplayContinualCss&quot;:false,&quot;center&quot;:true,&quot;dots&quot;:true,&quot;nav&quot;:false,&quot;autoHeight&quot;:false,&quot;autoWidth&quot;:false,&quot;loop&quot;:true,&quot;stagePadding&quot;:0}}}}'><\/div><\/div><div class=\"w-separator size_medium\"><\/div><div class=\"w-btn-wrapper align_center\"><a class=\"w-btn us-btn-style_1\" href=\"https:\/\/www.rhuven.com\/ca\/portfolio\/\"><span class=\"w-btn-label\">Veure tots<\/span><\/a><\/div><div class=\"w-separator size_medium\"><\/div><\/div><\/div><\/div><\/div><\/section><section class=\"l-section wpb_row height_medium\"><div class=\"l-section-h i-cf\"><div class=\"g-cols vc_row via_grid cols_2 laptops-cols_inherit tablets-cols_inherit mobiles-cols_1 valign_top type_default stacking_default\" style=\"--columns-gap:4vw;\"><div class=\"wpb_column vc_column_container us_custom_33b9ee00\"><div class=\"vc_column-inner\"><h2 class=\"w-text us_custom_7f07e40b has_text_color\"><span class=\"w-text-h\"><span class=\"w-text-value\">Tens un projecte al cap? Podem ajudar-te<\/span><\/span><\/h2><\/div><\/div><div class=\"wpb_column vc_column_container\"><div class=\"vc_column-inner\"><div class=\"wpb_text_column\"><div class=\"wpb_wrapper\"><p>Des de la creaci\u00f3 de perfils fins a campanyes completes a xarxes socials, estem preparats per ajudar-te a portar la teva comunicaci\u00f3 digital al seg\u00fcent nivell. Contacta&#8217;ns sense comprom\u00eds i dissenyarem una proposta adaptada als teus objectius; si ho prefereixes, pots anar directament a <a href=\"https:\/\/www.rhuven.com\/ca\/contacte\/\">contacte<\/a> i responem r\u00e0pidament.<\/p>\n<\/div><\/div><div class=\"w-separator size_custom\" style=\"height:\" id=\"t014\"><style>@media(max-width:1024px){ #t014{height:20px!important}}@media(max-width:600px){ #t014{height:20px!important}}<\/style><\/div><\/div><\/div><\/div><\/div><\/section><section class=\"l-section wpb_row height_medium with_img\"><div class=\"l-section-img\" role=\"img\" aria-label=\"Dise\u00f1o de tiendas online Barcelona\" data-img-width=\"1000\" data-img-height=\"667\" style=\"background-image: url(https:\/\/www.rhuven.com\/wp-content\/uploads\/2025\/07\/1.jpg);\"><\/div><div class=\"l-section-overlay\" style=\"background:rgba(0,0,0,0.82)\"><\/div><div class=\"l-section-h i-cf\"><div class=\"g-cols vc_row via_grid cols_1 laptops-cols_inherit tablets-cols_inherit mobiles-cols_1 valign_top type_default stacking_default\"><div class=\"wpb_column vc_column_container us_custom_28022451 has_text_color has_bg_color\"><div class=\"vc_column-overlay\" style=\"background:rgba(0,0,0,0.50)\"><\/div><div class=\"vc_column-inner\"><div class=\"w-actionbox us_custom_7eada627 color_light controls_bottom\"><div class=\"w-actionbox-text\"><div class=\"w-actionbox-title\">\u00bf Gestionem les teves xarxes?<\/div><\/div><div class=\"w-actionbox-controls\"><a class=\"w-btn us-btn-style_1\" href=\"#1\"><span class=\"w-btn-label\">Escriu-nos<\/span><\/a><\/div><\/div><div class=\"w-separator size_small\"><\/div><\/div><\/div><\/div><\/div><\/section><section class=\"l-section wpb_row height_medium width_custom color_alternate\" style=\"--site-content-width:1300px;\"><div class=\"l-section-h i-cf\"><div class=\"g-cols vc_row via_grid cols_1 laptops-cols_inherit tablets-cols_inherit mobiles-cols_1 valign_top type_default stacking_default\"><div class=\"wpb_column vc_column_container\"><div class=\"vc_column-inner\"><div class=\"w-separator size_custom\" style=\"height:\" id=\"ze2d\"><style>@media(max-width:1024px){ #ze2d{height:20px!important}}@media(max-width:600px){ #ze2d{height:20px!important}}<\/style><\/div><div class=\"wpb_text_column us_custom_8bd9b0ce\"><div class=\"wpb_wrapper\"><p style=\"text-align: center;\"><strong><span style=\"color: #c6a04f;\">Qu\u00e8 opinen els nostres clients?<\/span><\/strong><\/p>\n<\/div><\/div><div class=\"w-separator size_large\"><\/div><div class=\"w-grid us_carousel type_carousel layout_testimonial_8 preload_style_spinner items_2\" id=\"us_grid_2\" style=\"--items:2;--gap:0.8rem;\"><style>.layout_testimonial_8 .w-grid-item-h{}.layout_testimonial_8 .usg_vwrapper_1{color:var(--color-content-text)!important;border-radius:var(--site-border-radius)!important;padding:10%!important;background:var(--color-content-bg-alt)!important}.layout_testimonial_8 .usg_post_custom_field_1{font-size:14px!important}.layout_testimonial_8 .usg_post_custom_field_2{color:var(--color-content-heading)!important;font-size:1.2rem!important;line-height:1.5!important}.layout_testimonial_8 .usg_vwrapper_2{margin-top:auto!important}.layout_testimonial_8 .usg_post_custom_field_3{color:var(--color-content-primary)!important}<\/style><div class=\"w-grid-list owl-carousel valign_stretch dotstyle_dash navstyle_circle arrows-ver-pos_middle arrows-hor-pos_on_sides_outside arrows-disabled_hide owl-responsive-2000 with_dots with_arrows\" style=\"--transition-duration:350ms;--arrows-size:1rem;--arrows-hor-offset:calc(1rem + 0.8rem);--arrows-gap:10px;\">\t<article class=\"w-grid-item post-20569 us_testimonial type-us_testimonial status-publish hentry\" data-id=\"20569\">\r\n\t\t<div class=\"w-grid-item-h\">\r\n\t\t\t\t\t\t<div class=\"w-vwrapper usg_vwrapper_1 has_text_color align_none valign_top\" style=\"--vwrapper-gap:1.5rem\"><div class=\"w-post-elm post_custom_field usg_post_custom_field_3 has_text_color type_icon us_testimonial_rating color_link_inherit\"><div class=\"w-testimonial-rating\"><i><\/i><i><\/i><i><\/i><i><\/i><i><\/i><\/div><\/div><div class=\"w-post-elm post_content usg_post_content_1\"><p>Treballar amb Rub\u00e9n \u00e9s un veritable encert, tant a nivell de comunicaci\u00f3 com de resultats. S&#8217;encarregaren de crear la nostra p\u00e0gina web i del treball de posicionament web. Fa m\u00e9s de 5 anys que treballem amb ells.<\/p>\n<\/div><div class=\"w-vwrapper usg_vwrapper_2 align_none valign_top\" style=\"--vwrapper-gap:0rem\"><div class=\"w-post-elm post_custom_field usg_post_custom_field_2 has_text_color type_text us_testimonial_author color_link_inherit\"><span class=\"w-post-elm-value\">Sonia C.<\/span><\/div><div class=\"w-post-elm post_custom_field usg_post_custom_field_1 type_text us_testimonial_role color_link_inherit\"><span class=\"w-post-elm-value\"><\/span><\/div><\/div><\/div>\t\t<\/div>\r\n\t\t\t<\/article>\r\n\t<article class=\"w-grid-item post-20568 us_testimonial type-us_testimonial status-publish hentry\" data-id=\"20568\">\r\n\t\t<div class=\"w-grid-item-h\">\r\n\t\t\t\t\t\t<div class=\"w-vwrapper usg_vwrapper_1 has_text_color align_none valign_top\" style=\"--vwrapper-gap:1.5rem\"><div class=\"w-post-elm post_custom_field usg_post_custom_field_3 has_text_color type_icon us_testimonial_rating color_link_inherit\"><div class=\"w-testimonial-rating\"><i><\/i><i><\/i><i><\/i><i><\/i><i><\/i><\/div><\/div><div class=\"w-post-elm post_content usg_post_content_1\"><p>Em van assessorar super b\u00e9 en el meu projecte en l\u00ednia, creant la meva p\u00e0gina web i gestionant les xarxes socials. Professionals i recomanables al 100%!!!<\/p>\n<\/div><div class=\"w-vwrapper usg_vwrapper_2 align_none valign_top\" style=\"--vwrapper-gap:0rem\"><div class=\"w-post-elm post_custom_field usg_post_custom_field_2 has_text_color type_text us_testimonial_author color_link_inherit\"><span class=\"w-post-elm-value\">Laura M.<\/span><\/div><div class=\"w-post-elm post_custom_field usg_post_custom_field_1 type_text us_testimonial_role color_link_inherit\"><span class=\"w-post-elm-value\"><\/span><\/div><\/div><\/div>\t\t<\/div>\r\n\t\t\t<\/article>\r\n\t<article class=\"w-grid-item post-20567 us_testimonial type-us_testimonial status-publish hentry\" data-id=\"20567\">\r\n\t\t<div class=\"w-grid-item-h\">\r\n\t\t\t\t\t\t<div class=\"w-vwrapper usg_vwrapper_1 has_text_color align_none valign_top\" style=\"--vwrapper-gap:1.5rem\"><div class=\"w-post-elm post_custom_field usg_post_custom_field_3 has_text_color type_icon us_testimonial_rating color_link_inherit\"><div class=\"w-testimonial-rating\"><i><\/i><i><\/i><i><\/i><i><\/i><\/div><\/div><div class=\"w-post-elm post_content usg_post_content_1\"><p>Vaig contactar amb ells perqu\u00e8 el meu anterior web era un desastre, necessitava que alg\u00fa que realment sab\u00e9s fer la seva feina m&#8217;ajud\u00e9s amb la meva p\u00e0gina web. Els vaig trobar a trav\u00e9s de Google i van dissenyar la p\u00e0gina web que necessitava. Gr\u00e0cies.<\/p>\n<\/div><div class=\"w-vwrapper usg_vwrapper_2 align_none valign_top\" style=\"--vwrapper-gap:0rem\"><div class=\"w-post-elm post_custom_field usg_post_custom_field_2 has_text_color type_text us_testimonial_author color_link_inherit\"><span class=\"w-post-elm-value\">Armant C.<\/span><\/div><div class=\"w-post-elm post_custom_field usg_post_custom_field_1 type_text us_testimonial_role color_link_inherit\"><span class=\"w-post-elm-value\"><\/span><\/div><\/div><\/div>\t\t<\/div>\r\n\t\t\t<\/article>\r\n\t<article class=\"w-grid-item post-20566 us_testimonial type-us_testimonial status-publish hentry\" data-id=\"20566\">\r\n\t\t<div class=\"w-grid-item-h\">\r\n\t\t\t\t\t\t<div class=\"w-vwrapper usg_vwrapper_1 has_text_color align_none valign_top\" style=\"--vwrapper-gap:1.5rem\"><div class=\"w-post-elm post_custom_field usg_post_custom_field_3 has_text_color type_icon us_testimonial_rating color_link_inherit\"><div class=\"w-testimonial-rating\"><i><\/i><i><\/i><i><\/i><i><\/i><i><\/i><\/div><\/div><div class=\"w-post-elm post_content usg_post_content_1\"><p>Fa m\u00e9s de 7 anys que treballem amb Rub\u00e9n, encarregant-se del disseny web del nostre despatx d&#8217;advocats i del posicionament web. Si est\u00e0s buscant un equip de confian\u00e7a i que facin una bona feina, no busquis m\u00e9s ;)<\/p>\n<\/div><div class=\"w-vwrapper usg_vwrapper_2 align_none valign_top\" style=\"--vwrapper-gap:0rem\"><div class=\"w-post-elm post_custom_field usg_post_custom_field_2 has_text_color type_text us_testimonial_author color_link_inherit\"><span class=\"w-post-elm-value\">Patr\u00edcia S.<\/span><\/div><div class=\"w-post-elm post_custom_field usg_post_custom_field_1 type_text us_testimonial_role color_link_inherit\"><span class=\"w-post-elm-value\"><\/span><\/div><\/div><\/div>\t\t<\/div>\r\n\t\t\t<\/article>\r\n\t<article class=\"w-grid-item post-20565 us_testimonial type-us_testimonial status-publish hentry\" data-id=\"20565\">\r\n\t\t<div class=\"w-grid-item-h\">\r\n\t\t\t\t\t\t<div class=\"w-vwrapper usg_vwrapper_1 has_text_color align_none valign_top\" style=\"--vwrapper-gap:1.5rem\"><div class=\"w-post-elm post_custom_field usg_post_custom_field_3 has_text_color type_icon us_testimonial_rating color_link_inherit\"><div class=\"w-testimonial-rating\"><i><\/i><i><\/i><i><\/i><i><\/i><i><\/i><\/div><\/div><div class=\"w-post-elm post_content usg_post_content_1\"><p>Estan especialitzats en WordPress, que era just el que est\u00e0vem buscant. Destaquem la seva professionalitat i rapidesa, a m\u00e9s a m\u00e9s la comunicaci\u00f3 \u00e9s super fluida. Seran fixos pels nostres propers projectes.<\/p>\n<\/div><div class=\"w-vwrapper usg_vwrapper_2 align_none valign_top\" style=\"--vwrapper-gap:0rem\"><div class=\"w-post-elm post_custom_field usg_post_custom_field_2 has_text_color type_text us_testimonial_author color_link_inherit\"><span class=\"w-post-elm-value\">Didac F.<\/span><\/div><div class=\"w-post-elm post_custom_field usg_post_custom_field_1 type_text us_testimonial_role color_link_inherit\"><span class=\"w-post-elm-value\"><\/span><\/div><\/div><\/div>\t\t<\/div>\r\n\t\t\t<\/article>\r\n\t<article class=\"w-grid-item post-20564 us_testimonial type-us_testimonial status-publish hentry\" data-id=\"20564\">\r\n\t\t<div class=\"w-grid-item-h\">\r\n\t\t\t\t\t\t<div class=\"w-vwrapper usg_vwrapper_1 has_text_color align_none valign_top\" style=\"--vwrapper-gap:1.5rem\"><div class=\"w-post-elm post_custom_field usg_post_custom_field_3 has_text_color type_icon us_testimonial_rating color_link_inherit\"><div class=\"w-testimonial-rating\"><i><\/i><i><\/i><i><\/i><i><\/i><\/div><\/div><div class=\"w-post-elm post_content usg_post_content_1\"><p>Es van encarregar del disseny del logotip per a la meva empresa, la veritat \u00e9s que el resultat final va ser perfecte. Gr\u00e0cies.<\/p>\n<\/div><div class=\"w-vwrapper usg_vwrapper_2 align_none valign_top\" style=\"--vwrapper-gap:0rem\"><div class=\"w-post-elm post_custom_field usg_post_custom_field_2 has_text_color type_text us_testimonial_author color_link_inherit\"><span class=\"w-post-elm-value\">John Doe<\/span><\/div><div class=\"w-post-elm post_custom_field usg_post_custom_field_1 type_text us_testimonial_role color_link_inherit\"><span class=\"w-post-elm-value\"><\/span><\/div><\/div><\/div>\t\t<\/div>\r\n\t\t\t<\/article>\r\n\t<article class=\"w-grid-item post-20563 us_testimonial type-us_testimonial status-publish hentry\" data-id=\"20563\">\r\n\t\t<div class=\"w-grid-item-h\">\r\n\t\t\t\t\t\t<div class=\"w-vwrapper usg_vwrapper_1 has_text_color align_none valign_top\" style=\"--vwrapper-gap:1.5rem\"><div class=\"w-post-elm post_custom_field usg_post_custom_field_3 has_text_color type_icon us_testimonial_rating color_link_inherit\"><div class=\"w-testimonial-rating\"><i><\/i><i><\/i><i><\/i><i><\/i><i><\/i><\/div><\/div><div class=\"w-post-elm post_content usg_post_content_1\"><p>Van dissenyar la p\u00e0gina web i el logotip del meu centre de massatges, tamb\u00e9 porten el SEO de la meva p\u00e0gina web des de fa un parell danys. En destacaria el talent a l&#8217;hora de transmetre la teva idea al disseny, tant a nivell web com del logo. La comunicaci\u00f3 amb ells \u00e9s molt bona, no tenen problemes a explicar-t&#8217;ho tot les vegades que necessitis, una mica d&#8217;agrair ja que no \u00e9s f\u00e0cil entendre el m\u00f3n del m\u00e0rqueting en l\u00ednia.<\/p>\n<\/div><div class=\"w-vwrapper usg_vwrapper_2 align_none valign_top\" style=\"--vwrapper-gap:0rem\"><div class=\"w-post-elm post_custom_field usg_post_custom_field_2 has_text_color type_text us_testimonial_author color_link_inherit\"><span class=\"w-post-elm-value\">Marta M.<\/span><\/div><div class=\"w-post-elm post_custom_field usg_post_custom_field_1 type_text us_testimonial_role color_link_inherit\"><span class=\"w-post-elm-value\"><\/span><\/div><\/div><\/div>\t\t<\/div>\r\n\t\t\t<\/article>\r\n<\/div><div class=\"w-grid-carousel-json hidden\" onclick='return {&quot;carousel_settings&quot;:{&quot;aria_labels&quot;:{&quot;prev&quot;:&quot;Anterior&quot;,&quot;next&quot;:&quot;Seg\\u00fcent&quot;},&quot;autoplayContinual&quot;:false,&quot;autoplayContinualCss&quot;:false,&quot;autoplayHoverPause&quot;:false,&quot;autoplayTimeout&quot;:3000,&quot;autoWidth&quot;:false,&quot;smartSpeed&quot;:350,&quot;margin&quot;:0,&quot;mouseDrag&quot;:true,&quot;rtl&quot;:false,&quot;slideBy&quot;:&quot;1&quot;,&quot;touchDrag&quot;:true,&quot;slideTransition&quot;:&quot;&quot;,&quot;responsive&quot;:{&quot;0&quot;:{&quot;autoHeight&quot;:true,&quot;autoplay&quot;:true,&quot;autoplayContinualCss&quot;:false,&quot;autoWidth&quot;:false,&quot;center&quot;:true,&quot;dots&quot;:true,&quot;items&quot;:1,&quot;loop&quot;:true,&quot;nav&quot;:false,&quot;stagePadding&quot;:0,&quot;slideBy&quot;:&quot;1&quot;,&quot;touchDrag&quot;:true,&quot;mouseDrag&quot;:true},&quot;601&quot;:{&quot;autoHeight&quot;:true,&quot;autoplay&quot;:true,&quot;autoplayContinualCss&quot;:false,&quot;autoWidth&quot;:false,&quot;center&quot;:true,&quot;dots&quot;:true,&quot;items&quot;:2,&quot;loop&quot;:true,&quot;nav&quot;:true,&quot;stagePadding&quot;:0,&quot;slideBy&quot;:&quot;1&quot;,&quot;touchDrag&quot;:true,&quot;mouseDrag&quot;:true},&quot;1025&quot;:{&quot;autoHeight&quot;:true,&quot;autoplay&quot;:true,&quot;autoplayContinualCss&quot;:false,&quot;autoWidth&quot;:false,&quot;center&quot;:true,&quot;dots&quot;:true,&quot;items&quot;:3,&quot;loop&quot;:true,&quot;nav&quot;:true,&quot;stagePadding&quot;:0,&quot;slideBy&quot;:&quot;1&quot;,&quot;touchDrag&quot;:true,&quot;mouseDrag&quot;:true},&quot;1381&quot;:{&quot;items&quot;:2,&quot;autoplay&quot;:false,&quot;autoplayContinualCss&quot;:false,&quot;center&quot;:false,&quot;dots&quot;:true,&quot;nav&quot;:true,&quot;autoHeight&quot;:false,&quot;autoWidth&quot;:false,&quot;loop&quot;:true,&quot;stagePadding&quot;:0}}}}'><\/div><\/div><div class=\"w-separator size_custom\" style=\"height:\" id=\"i633\"><style>@media(max-width:1024px){ #i633{height:20px!important}}@media(max-width:600px){ #i633{height:20px!important}}<\/style><\/div><\/div><\/div><\/div><\/div><\/section><section class=\"l-section wpb_row height_medium color_primary with_img\"><div class=\"l-section-img\" role=\"img\" aria-label=\"Dise\u00f1o web Barcelona\" data-img-width=\"1000\" data-img-height=\"1000\" style=\"background-image: url(https:\/\/www.rhuven.com\/wp-content\/uploads\/2025\/07\/2.jpg);\"><\/div><div class=\"l-section-overlay\" style=\"background:rgba(0,0,0,0.66)\"><\/div><div class=\"l-section-h i-cf\"><div class=\"g-cols vc_row via_grid cols_1 laptops-cols_inherit tablets-cols_inherit mobiles-cols_1 valign_top type_default stacking_default\"><div class=\"wpb_column vc_column_container\"><div class=\"vc_column-inner\"><div class=\"w-actionbox us_custom_cd4b9a68 color_primary controls_right\"><div class=\"w-actionbox-text\"><div class=\"w-actionbox-title\" style=\"font-size:max( 2rem, 4.5vh )\">Pressupost sense comprom\u00eds<\/div><\/div><div class=\"w-actionbox-controls\"><a class=\"w-btn us-btn-style_1\" style=\"font-size:0.9rem\" href=\"#1\"><span class=\"w-btn-label\">Parlem?<\/span><\/a><\/div><\/div><\/div><\/div><\/div><\/div><\/section><section class=\"l-section wpb_row height_medium\"><div class=\"l-section-h i-cf\"><div class=\"g-cols vc_row via_grid cols_1 laptops-cols_inherit tablets-cols_inherit mobiles-cols_1 valign_top type_default stacking_default\"><div class=\"wpb_column vc_column_container\"><div class=\"vc_column-inner\"><div class=\"w-separator size_custom\" style=\"height:\" id=\"uc7c\"><style>@media(max-width:1024px){ #uc7c{height:20px!important}}@media(max-width:600px){ #uc7c{height:20px!important}}<\/style><\/div><div class=\"wpb_text_column us_custom_9f72f5cd\"><div class=\"wpb_wrapper\"><p style=\"text-align: left;\"><strong><span style=\"color: #c6a04f;\">FAQ&#8217;S<\/span><\/strong><\/p>\n<\/div><\/div><div class=\"w-separator size_medium\"><\/div><div class=\"w-tabs style_default switch_click accordion type_togglable has_scrolling remove_indents\" style=\"--sections-title-size:1.2rem\"><div class=\"w-tabs-sections titles-align_none icon_chevron cpos_right\"><div class=\"w-tabs-section\" id=\"c967\"><button class=\"w-tabs-section-header\" aria-controls=\"content-c967\" aria-expanded=\"false\"><div class=\"w-tabs-section-title\">Qu\u00e8 inclou el servei de Community Manager?<\/div><div class=\"w-tabs-section-control\"><\/div><\/button><div  class=\"w-tabs-section-content\" id=\"content-c967\"><div class=\"w-tabs-section-content-h i-cf\"><div class=\"wpb_text_column\"><div class=\"wpb_wrapper\"><p>Inclou estrat\u00e8gia, disseny gr\u00e0fic, redacci\u00f3 de textos, programaci\u00f3 de publicacions, interacci\u00f3 amb seguidors i an\u00e0lisi de resultats.<\/p>\n<\/div><\/div><\/div><\/div><\/div><div class=\"w-tabs-section\" id=\"rb38\"><button class=\"w-tabs-section-header\" aria-controls=\"content-rb38\" aria-expanded=\"false\"><div class=\"w-tabs-section-title\">Puc veure el contingut abans que es publiqui?<\/div><div class=\"w-tabs-section-control\"><\/div><\/button><div  class=\"w-tabs-section-content\" id=\"content-rb38\"><div class=\"w-tabs-section-content-h i-cf\"><div class=\"wpb_text_column\"><div class=\"wpb_wrapper\"><p>S\u00ed. Treballem amb calendari editorial compartit perqu\u00e8 aprovis tot abans de publicar-ho.<\/p>\n<\/div><\/div><\/div><\/div><\/div><div class=\"w-tabs-section\" id=\"icf2\"><button class=\"w-tabs-section-header\" aria-controls=\"content-icf2\" aria-expanded=\"false\"><div class=\"w-tabs-section-title\">Gestioneu sorteigs, col\u00b7laboracions o campanyes puntuals?<\/div><div class=\"w-tabs-section-control\"><\/div><\/button><div  class=\"w-tabs-section-content\" id=\"content-icf2\"><div class=\"w-tabs-section-content-h i-cf\"><div class=\"wpb_text_column\"><div class=\"wpb_wrapper\"><p>S\u00ed, tamb\u00e9 dissenyem i executem campanyes especials, col\u00b7laboracions amb influencers o sorteigs.<\/p>\n<\/div><\/div><\/div><\/div><\/div><div class=\"w-tabs-section\" id=\"reb5\"><button class=\"w-tabs-section-header\" aria-controls=\"content-reb5\" aria-expanded=\"false\"><div class=\"w-tabs-section-title\">Quant de temps triga a veure&#039;s resultats?<\/div><div class=\"w-tabs-section-control\"><\/div><\/button><div  class=\"w-tabs-section-content\" id=\"content-reb5\"><div class=\"w-tabs-section-content-h i-cf\"><div class=\"wpb_text_column\"><div class=\"wpb_wrapper\"><p>Dep\u00e8n de la situaci\u00f3 inicial i els objectius, per\u00f2 normalment entre 1 i 3 mesos es comencen a veure millores en interacci\u00f3, visibilitat i comunitat.<\/p>\n<\/div><\/div><\/div><\/div><\/div><div class=\"w-tabs-section\" id=\"g070\"><button class=\"w-tabs-section-header\" aria-controls=\"content-g070\" aria-expanded=\"false\"><div class=\"w-tabs-section-title\">Oferiu servei de publicitat a xarxes socials (Meta Ads, etc.)?<\/div><div class=\"w-tabs-section-control\"><\/div><\/button><div  class=\"w-tabs-section-content\" id=\"content-g070\"><div class=\"w-tabs-section-content-h i-cf\"><div class=\"wpb_text_column\"><div class=\"wpb_wrapper\"><p>S\u00ed, tamb\u00e9 podem dissenyar i gestionar campanyes de publicitat a Facebook, Instagram o LinkedIn si busques m\u00e9s abast o conversi\u00f3.<\/p>\n<\/div><\/div><\/div><\/div><\/div><\/div><\/div><div class=\"w-separator size_custom\" style=\"height:\" id=\"sadc\"><style>@media(max-width:1024px){ #sadc{height:20px!important}}@media(max-width:600px){ #sadc{height:20px!important}}<\/style><\/div><\/div><\/div><\/div><\/div><\/section>\n","protected":false},"excerpt":{"rendered":"Van dissenyar la p\u00e0gina web i el logotip del meu centre de massatges, tamb\u00e9 porten el SEO de la meva p\u00e0gina web des de fa un parell danys. En destacaria el talent a l'hora de transmetre la teva idea al disseny, tant a nivell web com del logo. La comunicaci\u00f3 amb ells \u00e9s molt bona,...","protected":false},"author":1,"featured_media":15909,"parent":0,"menu_order":0,"comment_status":"closed","ping_status":"closed","template":"","meta":{"_joinchat":[],"footnotes":""},"class_list":["post-20705","page","type-page","status-publish","has-post-thumbnail","hentry"],"yoast_head":"<!-- This site is optimized with the Yoast SEO plugin v27.4 - https:\/\/yoast.com\/product\/yoast-seo-wordpress\/ -->\n<title>Gesti\u00f3 de xarxes socials a Barcelona | Community Manager<\/title>\n<meta name=\"description\" content=\"Gesti\u00f3 de xarxes socials a Barcelona amb Community Manager especialitzat. Estrat\u00e8gia, contingut i an\u00e0lisi per atraure clients reals.\" \/>\n<meta name=\"robots\" content=\"index, follow, max-snippet:-1, max-image-preview:large, max-video-preview:-1\" \/>\n<link rel=\"canonical\" href=\"https:\/\/www.rhuven.com\/ca\/gestio-de-xarxes-socials\/\" \/>\n<meta property=\"og:locale\" content=\"ca_ES\" \/>\n<meta property=\"og:type\" content=\"article\" \/>\n<meta property=\"og:title\" content=\"Gesti\u00f3 de xarxes socials a Barcelona | Community Manager\" \/>\n<meta property=\"og:description\" content=\"Gesti\u00f3 de xarxes socials a Barcelona amb Community Manager especialitzat. Estrat\u00e8gia, contingut i an\u00e0lisi per atraure clients reals.\" \/>\n<meta property=\"og:url\" content=\"https:\/\/www.rhuven.com\/ca\/gestio-de-xarxes-socials\/\" \/>\n<meta property=\"og:site_name\" content=\"Rhuven\" \/>\n<meta property=\"article:publisher\" content=\"https:\/\/www.facebook.com\/RubenBretones\" \/>\n<meta property=\"article:modified_time\" content=\"2026-02-21T12:25:52+00:00\" \/>\n<meta property=\"og:image\" content=\"https:\/\/www.rhuven.com\/wp-content\/uploads\/2020\/02\/Diseno-web-Vilanova.jpg\" \/>\n\t<meta property=\"og:image:width\" content=\"640\" \/>\n\t<meta property=\"og:image:height\" content=\"426\" \/>\n\t<meta property=\"og:image:type\" content=\"image\/jpeg\" \/>\n<meta name=\"twitter:card\" content=\"summary_large_image\" \/>\n<meta name=\"twitter:site\" content=\"@rhuven_design\" \/>\n<meta name=\"twitter:label1\" content=\"Temps estimat de lectura\" \/>\n\t<meta name=\"twitter:data1\" content=\"4 minuts\" \/>\n<script type=\"application\/ld+json\" class=\"yoast-schema-graph\">{\"@context\":\"https:\\\/\\\/schema.org\",\"@graph\":[{\"@type\":\"WebPage\",\"@id\":\"https:\\\/\\\/www.rhuven.com\\\/ca\\\/gestio-de-xarxes-socials\\\/\",\"url\":\"https:\\\/\\\/www.rhuven.com\\\/ca\\\/gestio-de-xarxes-socials\\\/\",\"name\":\"Gesti\u00f3 de xarxes socials a Barcelona | Community Manager\",\"isPartOf\":{\"@id\":\"https:\\\/\\\/www.rhuven.com\\\/ca\\\/#website\"},\"primaryImageOfPage\":{\"@id\":\"https:\\\/\\\/www.rhuven.com\\\/ca\\\/gestio-de-xarxes-socials\\\/#primaryimage\"},\"image\":{\"@id\":\"https:\\\/\\\/www.rhuven.com\\\/ca\\\/gestio-de-xarxes-socials\\\/#primaryimage\"},\"thumbnailUrl\":\"https:\\\/\\\/www.rhuven.com\\\/wp-content\\\/uploads\\\/2020\\\/02\\\/Diseno-web-Vilanova.jpg\",\"datePublished\":\"2020-10-28T07:28:46+00:00\",\"dateModified\":\"2026-02-21T12:25:52+00:00\",\"description\":\"Gesti\u00f3 de xarxes socials a Barcelona amb Community Manager especialitzat. Estrat\u00e8gia, contingut i an\u00e0lisi per atraure clients reals.\",\"breadcrumb\":{\"@id\":\"https:\\\/\\\/www.rhuven.com\\\/ca\\\/gestio-de-xarxes-socials\\\/#breadcrumb\"},\"inLanguage\":\"ca\",\"potentialAction\":[{\"@type\":\"ReadAction\",\"target\":[\"https:\\\/\\\/www.rhuven.com\\\/ca\\\/gestio-de-xarxes-socials\\\/\"]}]},{\"@type\":\"ImageObject\",\"inLanguage\":\"ca\",\"@id\":\"https:\\\/\\\/www.rhuven.com\\\/ca\\\/gestio-de-xarxes-socials\\\/#primaryimage\",\"url\":\"https:\\\/\\\/www.rhuven.com\\\/wp-content\\\/uploads\\\/2020\\\/02\\\/Diseno-web-Vilanova.jpg\",\"contentUrl\":\"https:\\\/\\\/www.rhuven.com\\\/wp-content\\\/uploads\\\/2020\\\/02\\\/Diseno-web-Vilanova.jpg\",\"width\":640,\"height\":426,\"caption\":\"Gesti\u00f3 de xarxes socials\"},{\"@type\":\"BreadcrumbList\",\"@id\":\"https:\\\/\\\/www.rhuven.com\\\/ca\\\/gestio-de-xarxes-socials\\\/#breadcrumb\",\"itemListElement\":[{\"@type\":\"ListItem\",\"position\":1,\"name\":\"Portada\",\"item\":\"https:\\\/\\\/www.rhuven.com\\\/ca\\\/disseny-web-barcelona\\\/\"},{\"@type\":\"ListItem\",\"position\":2,\"name\":\"Gesti\u00f3 de xarxes socials\"}]},{\"@type\":\"WebSite\",\"@id\":\"https:\\\/\\\/www.rhuven.com\\\/ca\\\/#website\",\"url\":\"https:\\\/\\\/www.rhuven.com\\\/ca\\\/\",\"name\":\"Rhuven.com\",\"description\":\"Dise\u00f1o web Barcelona\",\"publisher\":{\"@id\":\"https:\\\/\\\/www.rhuven.com\\\/ca\\\/#organization\"},\"alternateName\":\"Rhuven\",\"potentialAction\":[{\"@type\":\"SearchAction\",\"target\":{\"@type\":\"EntryPoint\",\"urlTemplate\":\"https:\\\/\\\/www.rhuven.com\\\/ca\\\/?s={search_term_string}\"},\"query-input\":{\"@type\":\"PropertyValueSpecification\",\"valueRequired\":true,\"valueName\":\"search_term_string\"}}],\"inLanguage\":\"ca\"},{\"@type\":\"Organization\",\"@id\":\"https:\\\/\\\/www.rhuven.com\\\/ca\\\/#organization\",\"name\":\"Rhuven\",\"url\":\"https:\\\/\\\/www.rhuven.com\\\/ca\\\/\",\"logo\":{\"@type\":\"ImageObject\",\"inLanguage\":\"ca\",\"@id\":\"https:\\\/\\\/www.rhuven.com\\\/ca\\\/#\\\/schema\\\/logo\\\/image\\\/\",\"url\":\"https:\\\/\\\/www.rhuven.com\\\/wp-content\\\/uploads\\\/2016\\\/05\\\/logo_rhuven2.png\",\"contentUrl\":\"https:\\\/\\\/www.rhuven.com\\\/wp-content\\\/uploads\\\/2016\\\/05\\\/logo_rhuven2.png\",\"width\":198,\"height\":198,\"caption\":\"Rhuven\"},\"image\":{\"@id\":\"https:\\\/\\\/www.rhuven.com\\\/ca\\\/#\\\/schema\\\/logo\\\/image\\\/\"},\"sameAs\":[\"https:\\\/\\\/www.facebook.com\\\/RubenBretones\",\"https:\\\/\\\/x.com\\\/rhuven_design\",\"https:\\\/\\\/www.instagram.com\\\/rhuven_design\\\/\",\"https:\\\/\\\/www.linkedin.com\\\/in\\\/rubenbretones\",\"https:\\\/\\\/myspace.com\\\/rhuven_desing\",\"https:\\\/\\\/es.pinterest.com\\\/RhuvenDesign\\\/\",\"https:\\\/\\\/www.youtube.com\\\/c\\\/Rub\u00e9nBretones\"]}]}<\/script>\n<!-- \/ Yoast SEO plugin. -->","yoast_head_json":{"title":"Gesti\u00f3 de xarxes socials a Barcelona | Community Manager","description":"Gesti\u00f3 de xarxes socials a Barcelona amb Community Manager especialitzat. Estrat\u00e8gia, contingut i an\u00e0lisi per atraure clients reals.","robots":{"index":"index","follow":"follow","max-snippet":"max-snippet:-1","max-image-preview":"max-image-preview:large","max-video-preview":"max-video-preview:-1"},"canonical":"https:\/\/www.rhuven.com\/ca\/gestio-de-xarxes-socials\/","og_locale":"ca_ES","og_type":"article","og_title":"Gesti\u00f3 de xarxes socials a Barcelona | Community Manager","og_description":"Gesti\u00f3 de xarxes socials a Barcelona amb Community Manager especialitzat. Estrat\u00e8gia, contingut i an\u00e0lisi per atraure clients reals.","og_url":"https:\/\/www.rhuven.com\/ca\/gestio-de-xarxes-socials\/","og_site_name":"Rhuven","article_publisher":"https:\/\/www.facebook.com\/RubenBretones","article_modified_time":"2026-02-21T12:25:52+00:00","og_image":[{"width":640,"height":426,"url":"https:\/\/www.rhuven.com\/wp-content\/uploads\/2020\/02\/Diseno-web-Vilanova.jpg","type":"image\/jpeg"}],"twitter_card":"summary_large_image","twitter_site":"@rhuven_design","twitter_misc":{"Temps estimat de lectura":"4 minuts"},"schema":{"@context":"https:\/\/schema.org","@graph":[{"@type":"WebPage","@id":"https:\/\/www.rhuven.com\/ca\/gestio-de-xarxes-socials\/","url":"https:\/\/www.rhuven.com\/ca\/gestio-de-xarxes-socials\/","name":"Gesti\u00f3 de xarxes socials a Barcelona | Community Manager","isPartOf":{"@id":"https:\/\/www.rhuven.com\/ca\/#website"},"primaryImageOfPage":{"@id":"https:\/\/www.rhuven.com\/ca\/gestio-de-xarxes-socials\/#primaryimage"},"image":{"@id":"https:\/\/www.rhuven.com\/ca\/gestio-de-xarxes-socials\/#primaryimage"},"thumbnailUrl":"https:\/\/www.rhuven.com\/wp-content\/uploads\/2020\/02\/Diseno-web-Vilanova.jpg","datePublished":"2020-10-28T07:28:46+00:00","dateModified":"2026-02-21T12:25:52+00:00","description":"Gesti\u00f3 de xarxes socials a Barcelona amb Community Manager especialitzat. Estrat\u00e8gia, contingut i an\u00e0lisi per atraure clients reals.","breadcrumb":{"@id":"https:\/\/www.rhuven.com\/ca\/gestio-de-xarxes-socials\/#breadcrumb"},"inLanguage":"ca","potentialAction":[{"@type":"ReadAction","target":["https:\/\/www.rhuven.com\/ca\/gestio-de-xarxes-socials\/"]}]},{"@type":"ImageObject","inLanguage":"ca","@id":"https:\/\/www.rhuven.com\/ca\/gestio-de-xarxes-socials\/#primaryimage","url":"https:\/\/www.rhuven.com\/wp-content\/uploads\/2020\/02\/Diseno-web-Vilanova.jpg","contentUrl":"https:\/\/www.rhuven.com\/wp-content\/uploads\/2020\/02\/Diseno-web-Vilanova.jpg","width":640,"height":426,"caption":"Gesti\u00f3 de xarxes socials"},{"@type":"BreadcrumbList","@id":"https:\/\/www.rhuven.com\/ca\/gestio-de-xarxes-socials\/#breadcrumb","itemListElement":[{"@type":"ListItem","position":1,"name":"Portada","item":"https:\/\/www.rhuven.com\/ca\/disseny-web-barcelona\/"},{"@type":"ListItem","position":2,"name":"Gesti\u00f3 de xarxes socials"}]},{"@type":"WebSite","@id":"https:\/\/www.rhuven.com\/ca\/#website","url":"https:\/\/www.rhuven.com\/ca\/","name":"Rhuven.com","description":"Dise\u00f1o web Barcelona","publisher":{"@id":"https:\/\/www.rhuven.com\/ca\/#organization"},"alternateName":"Rhuven","potentialAction":[{"@type":"SearchAction","target":{"@type":"EntryPoint","urlTemplate":"https:\/\/www.rhuven.com\/ca\/?s={search_term_string}"},"query-input":{"@type":"PropertyValueSpecification","valueRequired":true,"valueName":"search_term_string"}}],"inLanguage":"ca"},{"@type":"Organization","@id":"https:\/\/www.rhuven.com\/ca\/#organization","name":"Rhuven","url":"https:\/\/www.rhuven.com\/ca\/","logo":{"@type":"ImageObject","inLanguage":"ca","@id":"https:\/\/www.rhuven.com\/ca\/#\/schema\/logo\/image\/","url":"https:\/\/www.rhuven.com\/wp-content\/uploads\/2016\/05\/logo_rhuven2.png","contentUrl":"https:\/\/www.rhuven.com\/wp-content\/uploads\/2016\/05\/logo_rhuven2.png","width":198,"height":198,"caption":"Rhuven"},"image":{"@id":"https:\/\/www.rhuven.com\/ca\/#\/schema\/logo\/image\/"},"sameAs":["https:\/\/www.facebook.com\/RubenBretones","https:\/\/x.com\/rhuven_design","https:\/\/www.instagram.com\/rhuven_design\/","https:\/\/www.linkedin.com\/in\/rubenbretones","https:\/\/myspace.com\/rhuven_desing","https:\/\/es.pinterest.com\/RhuvenDesign\/","https:\/\/www.youtube.com\/c\/Rub\u00e9nBretones"]}]}},"_links":{"self":[{"href":"https:\/\/www.rhuven.com\/ca\/wp-json\/wp\/v2\/pages\/20705","targetHints":{"allow":["GET"]}}],"collection":[{"href":"https:\/\/www.rhuven.com\/ca\/wp-json\/wp\/v2\/pages"}],"about":[{"href":"https:\/\/www.rhuven.com\/ca\/wp-json\/wp\/v2\/types\/page"}],"author":[{"embeddable":true,"href":"https:\/\/www.rhuven.com\/ca\/wp-json\/wp\/v2\/users\/1"}],"replies":[{"embeddable":true,"href":"https:\/\/www.rhuven.com\/ca\/wp-json\/wp\/v2\/comments?post=20705"}],"version-history":[{"count":4,"href":"https:\/\/www.rhuven.com\/ca\/wp-json\/wp\/v2\/pages\/20705\/revisions"}],"predecessor-version":[{"id":24645,"href":"https:\/\/www.rhuven.com\/ca\/wp-json\/wp\/v2\/pages\/20705\/revisions\/24645"}],"wp:featuredmedia":[{"embeddable":true,"href":"https:\/\/www.rhuven.com\/ca\/wp-json\/wp\/v2\/media\/15909"}],"wp:attachment":[{"href":"https:\/\/www.rhuven.com\/ca\/wp-json\/wp\/v2\/media?parent=20705"}],"curies":[{"name":"wp","href":"https:\/\/api.w.org\/{rel}","templated":true}]}}