{"id":24089,"date":"2025-07-13T14:22:30","date_gmt":"2025-07-13T12:22:30","guid":{"rendered":"https:\/\/www.rhuven.com\/disseny-web-castelldefels\/"},"modified":"2026-02-21T13:17:57","modified_gmt":"2026-02-21T12:17:57","slug":"disseny-web-castelldefels","status":"publish","type":"page","link":"https:\/\/www.rhuven.com\/ca\/disseny-web-castelldefels\/","title":{"rendered":"Disseny Web Castelldefels"},"content":{"rendered":"<section class=\"l-section wpb_row height_huge full_height valign_center color_secondary with_video\"><div id=\"us_bg_video_faf4\" class=\"l-section-video\"><script id=\"us_bg_video_faf4-script\">!function(w){var node = document.getElementById( 'us_bg_video_faf4' );if ( w.innerWidth <= 1 ) { node.remove() }}(window);<\/script><style>@media(max-width:1px){#us_bg_video_faf4{display:none!important}}<\/style><video  autoplay loop muted playsinline preload=\"auto\" tabindex=\"-1\"><source type=\"video\/mp4\" src=\"https:\/\/www.rhuven.com\/wp-content\/uploads\/2025\/07\/freepik__plano-dinmico-de-seguimiento-un-horizonte-urbano-f__29553.mp4\" \/><\/video><\/div><div class=\"l-section-overlay\" style=\"background:linear-gradient(300deg, #000 0%,rgba(0,0,0,0.52) 100%)\"><\/div><div class=\"l-section-h i-cf\"><div class=\"g-cols vc_row via_grid cols_1 laptops-cols_inherit tablets-cols_1 mobiles-cols_1 valign_middle type_default reversed stacking_default\" style=\"--columns-gap:0rem;\"><div class=\"wpb_column vc_column_container us_custom_fd43344c\"><div class=\"vc_column-inner\"><div class=\"w-text us_custom_bd19e6aa has_text_color\"><span class=\"w-text-h\"><span class=\"w-text-value\">RHUVEN<\/span><\/span><\/div><div class=\"w-separator size_small\"><\/div><h1 class=\"w-text us_custom_87c42a28 has_text_color\"><span class=\"w-text-h\"><span class=\"w-text-value\">Disseny web Castelldefels<\/span><\/span><\/h1><div class=\"wpb_text_column us_custom_29eda462\"><div class=\"wpb_wrapper\"><p>Ag\u00e8ncia especialitzada en <strong>SEO<\/strong> i <strong>disseny web a Castelldefels<\/strong> , amb enfocament en rendiment, conversi\u00f3 i una est\u00e8tica cuidada.<\/p>\n<\/div><\/div><div class=\"w-hwrapper valign_middle wrap align_none\" style=\"--hwrapper-gap:3rem\"><div class=\"w-btn-wrapper align_none\"><a class=\"w-btn us-btn-style_1 us_custom_0207f80c\" href=\"#1\"><span class=\"w-btn-label\">Parlem?<\/span><\/a><\/div><\/div><\/div><\/div><\/div><\/div><\/section><section class=\"l-section wpb_row height_large\"><div class=\"l-section-h i-cf\"><div class=\"g-cols vc_row via_grid cols_1 laptops-cols_inherit tablets-cols_2 mobiles-cols_1 valign_top type_default stacking_default\" style=\"--columns-gap:30px;\"><div class=\"wpb_column vc_column_container\"><div class=\"vc_column-inner\"><div class=\"w-separator size_custom\" style=\"height:\" id=\"z553\"><style>@media(max-width:1024px){ #z553{height:20px!important}}@media(max-width:600px){ #z553{height:20px!important}}<\/style><\/div><div class=\"wpb_text_column us_custom_c7cab91e\"><div class=\"wpb_wrapper\"><h2><span style=\"color: #c6a04f;\"><strong>M\u00e0rqueting digital i disseny de p\u00e0gines web a Castelldefels<\/strong><\/span><\/h2>\n<\/div><\/div><div class=\"w-separator size_large\"><\/div><div class=\"g-cols wpb_row via_grid cols_3 laptops-cols_inherit tablets-cols_inherit mobiles-cols_1 valign_top type_default stacking_default\" style=\"--columns-gap:2rem;\"><div class=\"wpb_column vc_column_container us_custom_cd895498\"><div class=\"vc_column-inner\"><div class=\"w-text us_custom_4a25e60e has_text_color\"><span class=\"w-text-h\"><span class=\"w-text-value\">Disseny web a mida<\/span><\/span><\/div><div class=\"wpb_text_column\"><div class=\"wpb_wrapper\"><p>Creem llocs \u00fanics, adaptats al teu negoci. Fem servir <a href=\"https:\/\/www.rhuven.com\/ca\/disseny-web-wordpress\/\">WordPress<\/a> i tecnologies actuals per oferir p\u00e0gines r\u00e0pides, segures, adaptables a m\u00f2bil i orientades a objectius comercials (contactes, reserves o vendes).<\/p>\n<\/div><\/div><div class=\"w-separator size_small\"><\/div><div class=\"w-btn-wrapper align_none\"><a class=\"w-btn us-btn-style_1\" href=\"#1\"><span class=\"w-btn-label\">Saber m\u00e9s<\/span><\/a><\/div><\/div><\/div><div class=\"wpb_column vc_column_container us_custom_cd895498\"><div class=\"vc_column-inner\"><div class=\"w-text us_custom_4a25e60e has_text_color\"><span class=\"w-text-h\"><span class=\"w-text-value\">Xarxes socials i gesti\u00f3 de contingut<\/span><\/span><\/div><div class=\"wpb_text_column\"><div class=\"wpb_wrapper\"><p>Connectem la teva marca amb la teva audi\u00e8ncia amb publicacions professionals, contingut coherent i campanyes puntuals. T&#8217;ajudem a comunicar millor ia generar oportunitats reals des dels teus perfils.<\/p>\n<\/div><\/div><div class=\"w-separator size_small\"><\/div><div class=\"w-btn-wrapper align_none\"><a class=\"w-btn us-btn-style_1\" href=\"#1\"><span class=\"w-btn-label\">Consulta&#039;ns<\/span><\/a><\/div><\/div><\/div><div class=\"wpb_column vc_column_container us_custom_cd895498\"><div class=\"vc_column-inner\"><div class=\"w-text us_custom_4a25e60e has_text_color\"><span class=\"w-text-h\"><span class=\"w-text-value\">Campanyes de publicitat en l\u00ednia<\/span><\/span><\/div><div class=\"wpb_text_column\"><div class=\"wpb_wrapper\"><p>Dissenyem i gestionem campanyes a Google Ads, Facebook o Instagram per atraure clients potencials a Castelldefels i rodalies. Mesurem, optimitzem i prioritzem conversions reals.<\/p>\n<\/div><\/div><div class=\"w-separator size_small\"><\/div><div class=\"w-btn-wrapper align_none\"><a class=\"w-btn us-btn-style_1\" href=\"#1\"><span class=\"w-btn-label\">Contacta&#039;ns<\/span><\/a><\/div><\/div><\/div><\/div><div class=\"w-separator size_custom\" style=\"height:\" id=\"n1cd\"><style>@media(max-width:1024px){ #n1cd{height:20px!important}}@media(max-width:600px){ #n1cd{height:20px!important}}<\/style><\/div><\/div><\/div><\/div><\/div><\/section><section class=\"l-section wpb_row height_auto color_primary\"><div class=\"l-section-overlay\" style=\"background:#000000\"><\/div><div class=\"l-section-h i-cf\"><div class=\"g-cols vc_row via_grid cols_2 laptops-cols_inherit tablets-cols_1 mobiles-cols_1 valign_middle type_default stacking_default\" style=\"--columns-gap:0px;\"><div class=\"wpb_column vc_column_container us_custom_db84134b has_bg_color stretched\"><div class=\"vc_column-overlay\" style=\"background:linear-gradient(280deg, rgba(0,0,0,0.88) 0%,rgba(0,0,0,0.21) 100%)\"><\/div><div class=\"vc_column-inner\"><div class=\"w-separator size_medium\"><\/div><\/div><\/div><div class=\"wpb_column vc_column_container\"><div class=\"vc_column-inner\"><div class=\"w-separator size_huge\"><\/div><div class=\"wpb_text_column us_custom_525019aa\"><div class=\"wpb_wrapper\"><h2><span style=\"color: #c6a04f;\"><strong>Disseny de p\u00e0gines web a Castelldefels: pres\u00e8ncia digital professional<\/strong><\/span><\/h2>\n<p>A Rhuven desenvolupem <strong>p\u00e0gines web a Castelldefels<\/strong> amb una visi\u00f3 estrat\u00e8gica i est\u00e8tica. Tant si tens un comer\u00e7, un restaurant, una cl\u00ednica, una acad\u00e8mia o una empresa de serveis, t&#8217;ajudem a destacar amb un web modern, funcional i pensat per generar negoci. <\/p>\n<p>Els nostres dissenys s&#8217;adapten a qualsevol dispositiu, carreguen r\u00e0pidament i estan optimitzats per convertir visites en contactes. Podem integrar formularis, reserves, cat\u00e0legs, ecommerce o all\u00f2 que el teu projecte necessiti, sense complicacions.<\/p>\n<\/div><\/div><div class=\"w-separator size_huge\"><\/div><\/div><\/div><\/div><\/div><\/section><section class=\"l-section wpb_row height_large\"><div class=\"l-section-h i-cf\"><div class=\"g-cols vc_row via_grid cols_1 laptops-cols_inherit tablets-cols_inherit mobiles-cols_1 valign_top type_default stacking_default\" style=\"--columns-gap:4rem;\"><div class=\"wpb_column vc_column_container us_custom_6928a82a has_text_color has_bg_color\"><div class=\"vc_column-inner\"><div class=\"wpb_text_column\"><div class=\"wpb_wrapper\"><h2><strong><span style=\"color: #c6a04f;\">Les 3 fases de la teva p\u00e0gina web<\/span><\/strong><\/h2>\n<p>Analitzem el teu projecte per definir una estrat\u00e8gia de <strong>disseny web a Castelldefels<\/strong> que funcioni de deb\u00f2:<\/p>\n<\/div><\/div><div class=\"w-separator size_large\"><\/div><div class=\"g-cols wpb_row via_grid cols_3 laptops-cols_inherit tablets-cols_1 mobiles-cols_1 valign_top type_default\" style=\"--columns-gap:3rem;\"><div class=\"wpb_column vc_column_container\"><div class=\"vc_column-inner\"><div class=\"w-text us_custom_25e05924 has_text_color\"><span class=\"w-text-h\"><span class=\"w-text-value\">01<\/span><\/span><\/div><div class=\"wpb_text_column\"><div class=\"wpb_wrapper\"><h3>Briefing i estrat\u00e8gia<\/h3>\n<p>Analitzem les vostres necessitats, el tipus de negoci i el vostre p\u00fablic objectiu. Definim l&#8217;estructura, el contingut i les funcionalitats necess\u00e0ries perqu\u00e8 el web tingui sentit i converteixi.<\/p>\n<\/div><\/div><\/div><\/div><div class=\"wpb_column vc_column_container\"><div class=\"vc_column-inner\"><div class=\"w-text us_custom_25e05924 has_text_color\"><span class=\"w-text-h\"><span class=\"w-text-value\">02<\/span><\/span><\/div><div class=\"wpb_text_column\"><div class=\"wpb_wrapper\"><h3>Disseny i desenvolupament<\/h3>\n<p>Creem un disseny visual atractiu alineat amb la teva identitat de marca. Desenvolupem la web tenint cura de la usabilitat, el rendiment i una base SEO s\u00f2lida perqu\u00e8 pugui posicionar.<\/p>\n<\/div><\/div><\/div><\/div><div class=\"wpb_column vc_column_container\"><div class=\"vc_column-inner\"><div class=\"w-text us_custom_25e05924 has_text_color\"><span class=\"w-text-h\"><span class=\"w-text-value\">03<\/span><\/span><\/div><div class=\"wpb_text_column\"><div class=\"wpb_wrapper\"><h3>Publicaci\u00f3 i seguiment<\/h3>\n<p>Publiquem la teva web al hosting definitiu i t&#8217;acompanyem amb suport, manteniment o millores a mida segons creixi el teu projecte i els teus objectius.<\/p>\n<\/div><\/div><\/div><\/div><\/div><\/div><\/div><\/div><\/div><\/section><section class=\"l-section wpb_row height_auto color_primary\"><div class=\"l-section-overlay\" style=\"background:#000000\"><\/div><div class=\"l-section-h i-cf\"><div class=\"g-cols vc_row via_grid cols_2 laptops-cols_inherit tablets-cols_1 mobiles-cols_1 valign_middle type_default stacking_default\" style=\"--columns-gap:0px;\"><div class=\"wpb_column vc_column_container us_custom_128f8ecd has_bg_color stretched\"><div class=\"vc_column-overlay\" style=\"background:linear-gradient(280deg, rgba(0,0,0,0.88) 0%,rgba(0,0,0,0.21) 100%)\"><\/div><div class=\"vc_column-inner\"><\/div><\/div><div class=\"wpb_column vc_column_container\"><div class=\"vc_column-inner\"><div class=\"w-separator size_huge\"><\/div><div class=\"wpb_text_column us_custom_525019aa\"><div class=\"wpb_wrapper\"><h2><strong><span style=\"color: #c6a04f;\">Posicionament SEO a Castelldefels<\/span><\/strong><\/h2>\n<p>Una web sense visibilitat es queda curta. Apliquem <strong>SEO local a Castelldefels<\/strong> perqu\u00e8 la teva p\u00e0gina aparegui en cerques rellevants i atregui clients de la teva zona. Optimitzem estructura, rendiment, contingut i enlla\u00e7at intern per millorar la teva pres\u00e8ncia a Google de manera sostenible.  <\/p>\n<p>Si ja tens una web, tamb\u00e9 podem auditar-la i dir-te amb claredat qu\u00e8 est\u00e0 frenant el teu creixement i qu\u00e8 val la pena millorar.<\/p>\n<\/div><\/div><div class=\"w-separator size_huge\"><\/div><\/div><\/div><\/div><\/div><\/section><section class=\"l-section wpb_row height_large\"><div class=\"l-section-h i-cf\"><div class=\"g-cols vc_row via_grid cols_2-3 laptops-cols_2 tablets-cols_inherit mobiles-cols_1 valign_top type_default stacking_default\" style=\"--columns-gap:5%;\"><div class=\"wpb_column vc_column_container\"><div class=\"vc_column-inner\"><div class=\"w-separator size_custom\" style=\"height:\" id=\"vab4\"><style>@media(max-width:1024px){ #vab4{height:20px!important}}@media(max-width:600px){ #vab4{height:20px!important}}<\/style><\/div><div class=\"wpb_text_column\"><div class=\"wpb_wrapper\"><h2><span style=\"color: #c6a04f;\"><strong>Disseny de logotips a Castelldefels: imatge de marca professional<\/strong><\/span><\/h2>\n<p>El logotip \u00e9s el cor de la teva identitat visual. A la nostra ag\u00e8ncia creem logotips \u00fanics i professionals a Castelldefels que representen la teva marca, transmeten confian\u00e7a i funcionen en qualsevol suport: web, xarxes, targetes o cartelleria. <\/p>\n<p>Tamb\u00e9 desenvolupem guies de marca, versions adaptades i recursos gr\u00e0fics perqu\u00e8 mantinguis una imatge coherent a tots els canals.<\/p>\n<\/div><\/div><\/div><\/div><div class=\"wpb_column vc_column_container\"><div class=\"vc_column-inner\"><div class=\"w-image style_shadow-2 has_ratio align_none\"><div class=\"w-image-h\"><div style=\"padding-bottom:100%\"><\/div><div class=\"w-image-shadow\" style=\"background-image:url(https:\/\/www.rhuven.com\/wp-content\/uploads\/2025\/07\/5.jpg);\"><\/div><img decoding=\"async\" width=\"1000\" height=\"1000\" src=\"https:\/\/www.rhuven.com\/wp-content\/uploads\/2025\/07\/5.jpg\" class=\"attachment-full size-full\" alt=\"Desarrollo de p\u00e1ginas web en Barcelona\" loading=\"lazy\" \/><\/div><\/div><div class=\"w-separator size_custom\" style=\"height:0px\" id=\"p077\"><style>@media(max-width:1024px){ #p077{height:20px!important}}@media(max-width:600px){ #p077{height:20px!important}}<\/style><\/div><div class=\"w-separator size_custom\" style=\"height:\" id=\"o222\"><style>@media(max-width:1024px){ #o222{height:20px!important}}@media(max-width:600px){ #o222{height:20px!important}}<\/style><\/div><\/div><\/div><\/div><\/div><\/section><section class=\"l-section wpb_row height_large\"><div class=\"l-section-h i-cf\"><div class=\"g-cols vc_row via_grid cols_3-2 laptops-cols_2 tablets-cols_inherit mobiles-cols_1 valign_top type_default reversed stacking_default\" style=\"--columns-gap:5%;\"><div class=\"wpb_column vc_column_container\"><div class=\"vc_column-inner\"><div class=\"w-image style_shadow-2 has_ratio align_none\"><div class=\"w-image-h\"><div style=\"padding-bottom:100%\"><\/div><div class=\"w-image-shadow\" style=\"background-image:url(https:\/\/www.rhuven.com\/wp-content\/uploads\/2025\/07\/freepik__a-completely-new-spectacular-and-modern-digital-ar__41496.jpeg);\"><\/div><img decoding=\"async\" width=\"1536\" height=\"1024\" src=\"https:\/\/www.rhuven.com\/wp-content\/uploads\/2025\/07\/freepik__a-completely-new-spectacular-and-modern-digital-ar__41496.jpeg\" class=\"attachment-full size-full\" alt=\"Dise\u00f1o web WordPress Barcelona\" loading=\"lazy\" \/><\/div><\/div><div class=\"w-separator size_custom\" style=\"height:\" id=\"t8cb\"><style>@media(max-width:1024px){ #t8cb{height:20px!important}}@media(max-width:600px){ #t8cb{height:20px!important}}<\/style><\/div><div class=\"w-separator size_custom\" style=\"height:\" id=\"qa73\"><style>@media(max-width:1024px){ #qa73{height:20px!important}}@media(max-width:600px){ #qa73{height:20px!important}}<\/style><\/div><div class=\"w-separator size_custom\" style=\"height:\" id=\"yc20\"><style>@media(max-width:1024px){ #yc20{height:20px!important}}@media(max-width:600px){ #yc20{height:20px!important}}<\/style><\/div><div class=\"w-separator size_custom\" style=\"height:\" id=\"kdc7\"><style>@media(max-width:1024px){ #kdc7{height:20px!important}}@media(max-width:600px){ #kdc7{height:20px!important}}<\/style><\/div><\/div><\/div><div class=\"wpb_column vc_column_container\"><div class=\"vc_column-inner\"><div class=\"wpb_text_column\"><div class=\"wpb_wrapper\"><h2><span style=\"color: #c6a04f;\"><strong>SEO estrat\u00e8gic per a negocis de Castelldefels<\/strong><\/span><\/h2>\n<p>La teva web no apareix quan et cerquen? T&#8217;ajudem amb una estrat\u00e8gia clara, mesurable i sense fum. Revisem l&#8217;estat del vostre lloc, corregim frens t\u00e8cnics i definim un pla de continguts i enlla\u00e7at per guanyar visibilitat. Si necessites un servei m\u00e9s ampli, tamb\u00e9 pots veure la nostra soluci\u00f3 de <strong><a href=\"https:\/\/www.rhuven.com\/ca\/posicionament-web\/\">posicionament web<\/a><\/strong> .   <\/p>\n<p>El nostre objectiu \u00e9s que arribis a m\u00e9s clients, augmentis el tr\u00e0nsit qualificat i aconsegueixis resultats sostenibles en el temps.<\/p>\n<\/div><\/div><\/div><\/div><\/div><\/div><\/section><section class=\"l-section wpb_row height_huge color_primary with_img\"><div class=\"l-section-img\" role=\"img\" aria-label=\"Dise\u00f1o de tiendas online Barcelona\" data-img-width=\"1000\" data-img-height=\"667\" style=\"background-image: url(https:\/\/www.rhuven.com\/wp-content\/uploads\/2025\/07\/1.jpg);\"><\/div><div class=\"l-section-overlay\" style=\"background:rgba(15,19,31,0.65)\"><\/div><div class=\"l-section-h i-cf\"><div class=\"g-cols vc_row via_grid cols_1 laptops-cols_inherit tablets-cols_inherit mobiles-cols_1 valign_top type_default stacking_default\"><div class=\"wpb_column vc_column_container us_custom_b731b683\"><div class=\"vc_column-inner\"><div class=\"w-text us_custom_79813b28 has_text_color\"><span class=\"w-text-h\"><span class=\"w-text-value\">RHUVEN<\/span><\/span><\/div><div class=\"w-text us_custom_e5214656\"><span class=\"w-text-h\"><span class=\"w-text-value\">M\u00e9s de 15 anys d&#039;experi\u00e8ncia al sector digital<\/span><\/span><\/div><div class=\"w-separator size_small\"><\/div><div class=\"w-btn-wrapper align_none\"><a class=\"w-btn us-btn-style_1\" href=\"#1\"><span class=\"w-btn-label\">T&#039;ajudem?<\/span><\/a><\/div><\/div><\/div><\/div><\/div><\/section><section class=\"l-section wpb_row height_auto width_full\"><div class=\"l-section-h i-cf\"><div class=\"g-cols vc_row via_grid cols_1 laptops-cols_inherit tablets-cols_inherit mobiles-cols_1 valign_top type_default stacking_default\"><div class=\"wpb_column vc_column_container\"><div class=\"vc_column-inner\"><div class=\"w-separator size_large\"><\/div><div class=\"wpb_text_column us_custom_de7422d6\"><div class=\"wpb_wrapper\"><h3><span style=\"color: #c6a04f;\"><strong>Casos d&#8217;\u00e8xit<\/strong><\/span><\/h3>\n<p>El que m\u00e9s ens motiva \u00e9s acompanyar els nostres clients en el creixement digital. Cada projecte que s&#8217;enlaira amb nosaltres \u00e9s una hist\u00f2ria d&#8217;\u00e8xit compartit. Aqu\u00ed us mostrem alguns exemples reals<\/p>\n<\/div><\/div><div class=\"w-separator size_medium\"><\/div><div class=\"w-grid us_carousel type_carousel layout_23863 preload_style_spinner items_2 ratio_3x2\" id=\"us_grid_1\" style=\"--items:2;--gap:0.4vw;--item-ratio:0.66667;\"><style>@media (min-width:1024px){#us_grid_1 .w-post-elm.post_title{font-size:max( 1rem,1.5vw )!important}}.layout_23863 .w-grid-item-h{background:linear-gradient(135deg,#d1a84f,#876418)}.layout_23863 .usg_post_image_1{transition-duration:0.35s;transform-origin:50% 50%;transform:scale(1) translate(0%,0%)}.layout_23863 .w-grid-item-h:focus-within .usg_post_image_1,.layout_23863 .w-grid-item-h:hover .usg_post_image_1{transform:scale(1.1) translate(0%,0%);opacity:0.1}.layout_23863 .usg_post_image_1{position:absolute!important;left:0!important;top:0!important;bottom:0!important;right:0!important;border:7px solid #d1a84f!important}.layout_23863 .usg_vwrapper_1{position:absolute!important;left:0!important;bottom:0!important;right:0!important;background:linear-gradient(180deg,transparent 0%,rgba(30,30,30,0.88) 100%)!important;padding:4rem 2rem 1.5rem 2rem!important}.layout_23863 .usg_post_title_1{color:#fff!important;font-size:1.2rem!important;font-family:var(--h1-font-family)!important;text-transform:uppercase!important}<\/style><div class=\"w-grid-list owl-carousel valign_stretch dotstyle_circle navstyle_circle arrows-ver-pos_middle arrows-hor-pos_on_sides_outside arrows-disabled_hide owl-responsive-2000 center_item with_dots\" style=\"--transition-duration:350ms;\">\t<article class=\"w-grid-item post-24475 us_portfolio type-us_portfolio status-publish has-post-thumbnail hentry us_portfolio_category-disseny-web-ca\" data-id=\"24475\">\r\n\t\t<div class=\"w-grid-item-h\" style=\"background:#000000;color:#ffffff;\">\r\n\t\t\t\t\t\t<div class=\"w-post-elm post_image usg_post_image_1 stretched\"><img loading=\"lazy\" decoding=\"async\" width=\"1000\" height=\"545\" src=\"https:\/\/www.rhuven.com\/wp-content\/uploads\/2015\/10\/diseno-web-en-barcelona-1.jpg\" class=\"attachment-large size-large wp-post-image\" alt=\"Dise\u00f1o web wordpress Barcelona\" srcset=\"https:\/\/www.rhuven.com\/wp-content\/uploads\/2015\/10\/diseno-web-en-barcelona-1.jpg 1000w, https:\/\/www.rhuven.com\/wp-content\/uploads\/2015\/10\/diseno-web-en-barcelona-1-300x164.jpg 300w\" sizes=\"auto, (max-width: 1000px) 100vw, 1000px\" \/><\/div><div class=\"w-vwrapper usg_vwrapper_1 align_none valign_top\"><div class=\"w-post-elm post_title usg_post_title_1 has_text_color align_center entry-title color_link_inherit\">Disseny web Restaurant Shalom Kosher Barcelona<\/div><\/div>\t\t<\/div>\r\n\t\t\t<\/article>\r\n\t<article class=\"w-grid-item post-24411 us_portfolio type-us_portfolio status-publish has-post-thumbnail hentry us_portfolio_category-disseny-web-ca\" data-id=\"24411\">\r\n\t\t<div class=\"w-grid-item-h\" style=\"background:#000000;color:#ffffff;\">\r\n\t\t\t\t\t\t<div class=\"w-post-elm post_image usg_post_image_1 stretched\"><img loading=\"lazy\" decoding=\"async\" width=\"1000\" height=\"667\" src=\"https:\/\/www.rhuven.com\/wp-content\/uploads\/2018\/10\/web-la-folie.jpg\" class=\"attachment-large size-large wp-post-image\" alt=\"Errores a evitar al hacer tu p\u00e1gina web\" srcset=\"https:\/\/www.rhuven.com\/wp-content\/uploads\/2018\/10\/web-la-folie.jpg 1000w, https:\/\/www.rhuven.com\/wp-content\/uploads\/2018\/10\/web-la-folie-300x200.jpg 300w\" sizes=\"auto, (max-width: 1000px) 100vw, 1000px\" \/><\/div><div class=\"w-vwrapper usg_vwrapper_1 align_none valign_top\"><div class=\"w-post-elm post_title usg_post_title_1 has_text_color align_center entry-title color_link_inherit\">Disseny web per a La Folie Barcelona<\/div><\/div>\t\t<\/div>\r\n\t\t\t<\/article>\r\n\t<article class=\"w-grid-item post-24407 us_portfolio type-us_portfolio status-publish has-post-thumbnail hentry us_portfolio_category-disseny-web-ca\" data-id=\"24407\">\r\n\t\t<div class=\"w-grid-item-h\" style=\"background:#000000;color:#ffffff;\">\r\n\t\t\t\t\t\t<div class=\"w-post-elm post_image usg_post_image_1 stretched\"><img loading=\"lazy\" decoding=\"async\" width=\"1000\" height=\"667\" src=\"https:\/\/www.rhuven.com\/wp-content\/uploads\/2018\/10\/web-doctor-lazaro-gava.jpg\" class=\"attachment-large size-large wp-post-image\" alt=\"\" srcset=\"https:\/\/www.rhuven.com\/wp-content\/uploads\/2018\/10\/web-doctor-lazaro-gava.jpg 1000w, https:\/\/www.rhuven.com\/wp-content\/uploads\/2018\/10\/web-doctor-lazaro-gava-300x200.jpg 300w\" sizes=\"auto, (max-width: 1000px) 100vw, 1000px\" \/><\/div><div class=\"w-vwrapper usg_vwrapper_1 align_none valign_top\"><div class=\"w-post-elm post_title usg_post_title_1 has_text_color align_center entry-title color_link_inherit\">Disseny web Medicina Est\u00e8tica Doctor L\u00e1zaro Gava<\/div><\/div>\t\t<\/div>\r\n\t\t\t<\/article>\r\n\t<article class=\"w-grid-item post-24400 us_portfolio type-us_portfolio status-publish has-post-thumbnail hentry us_portfolio_category-disseny-web-ca us_portfolio_category-marqueting-online\" data-id=\"24400\">\r\n\t\t<div class=\"w-grid-item-h\" style=\"background:#000000;color:#ffffff;\">\r\n\t\t\t\t\t\t<div class=\"w-post-elm post_image usg_post_image_1 stretched\"><img loading=\"lazy\" decoding=\"async\" width=\"1024\" height=\"683\" src=\"https:\/\/www.rhuven.com\/wp-content\/uploads\/2018\/05\/pagina-web-rogelaine-1024x683.jpg\" class=\"attachment-large size-large wp-post-image\" alt=\"Disseny botigues online\" srcset=\"https:\/\/www.rhuven.com\/wp-content\/uploads\/2018\/05\/pagina-web-rogelaine-1024x683.jpg 1024w, https:\/\/www.rhuven.com\/wp-content\/uploads\/2018\/05\/pagina-web-rogelaine-300x200.jpg 300w, https:\/\/www.rhuven.com\/wp-content\/uploads\/2018\/05\/pagina-web-rogelaine.jpg 1000w\" sizes=\"auto, (max-width: 1024px) 100vw, 1024px\" \/><\/div><div class=\"w-vwrapper usg_vwrapper_1 align_none valign_top\"><div class=\"w-post-elm post_title usg_post_title_1 has_text_color align_center entry-title color_link_inherit\">Disseny web i M\u00e0rqueting Online per a Rogelaine Imatge de Madrid<\/div><\/div>\t\t<\/div>\r\n\t\t\t<\/article>\r\n\t<article class=\"w-grid-item post-24392 us_portfolio type-us_portfolio status-publish has-post-thumbnail hentry us_portfolio_category-disseny-web-ca\" data-id=\"24392\">\r\n\t\t<div class=\"w-grid-item-h\" style=\"background:#000000;color:#ffffff;\">\r\n\t\t\t\t\t\t<div class=\"w-post-elm post_image usg_post_image_1 stretched\"><img loading=\"lazy\" decoding=\"async\" width=\"1000\" height=\"667\" src=\"https:\/\/www.rhuven.com\/wp-content\/uploads\/2017\/09\/paginas-webs-profesionales-1.jpg\" class=\"attachment-large size-large wp-post-image\" alt=\"Disseny Web Castelldefels\" srcset=\"https:\/\/www.rhuven.com\/wp-content\/uploads\/2017\/09\/paginas-webs-profesionales-1.jpg 1000w, https:\/\/www.rhuven.com\/wp-content\/uploads\/2017\/09\/paginas-webs-profesionales-1-300x200.jpg 300w\" sizes=\"auto, (max-width: 1000px) 100vw, 1000px\" \/><\/div><div class=\"w-vwrapper usg_vwrapper_1 align_none valign_top\"><div class=\"w-post-elm post_title usg_post_title_1 has_text_color align_center entry-title color_link_inherit\">Disseny web per a Bioacer<\/div><\/div>\t\t<\/div>\r\n\t\t\t<\/article>\r\n<\/div><div class=\"w-grid-carousel-json hidden\" onclick='return {&quot;carousel_settings&quot;:{&quot;aria_labels&quot;:{&quot;prev&quot;:&quot;Anterior&quot;,&quot;next&quot;:&quot;Seg\\u00fcent&quot;},&quot;autoplayContinual&quot;:false,&quot;autoplayContinualCss&quot;:false,&quot;autoplayHoverPause&quot;:false,&quot;autoplayTimeout&quot;:3000,&quot;autoWidth&quot;:false,&quot;smartSpeed&quot;:350,&quot;margin&quot;:0,&quot;mouseDrag&quot;:true,&quot;rtl&quot;:false,&quot;slideBy&quot;:&quot;1&quot;,&quot;touchDrag&quot;:true,&quot;slideTransition&quot;:&quot;cubic-bezier(0,1,.8,1)&quot;,&quot;responsive&quot;:{&quot;0&quot;:{&quot;autoHeight&quot;:false,&quot;autoplay&quot;:true,&quot;autoplayContinualCss&quot;:false,&quot;autoWidth&quot;:false,&quot;center&quot;:true,&quot;dots&quot;:true,&quot;items&quot;:1,&quot;loop&quot;:true,&quot;nav&quot;:false,&quot;stagePadding&quot;:0,&quot;slideBy&quot;:&quot;1&quot;,&quot;touchDrag&quot;:true,&quot;mouseDrag&quot;:true},&quot;601&quot;:{&quot;autoHeight&quot;:false,&quot;autoplay&quot;:true,&quot;autoplayContinualCss&quot;:false,&quot;autoWidth&quot;:false,&quot;center&quot;:true,&quot;dots&quot;:true,&quot;items&quot;:1,&quot;loop&quot;:true,&quot;nav&quot;:false,&quot;stagePadding&quot;:0,&quot;slideBy&quot;:&quot;1&quot;,&quot;touchDrag&quot;:true,&quot;mouseDrag&quot;:true},&quot;1025&quot;:{&quot;autoHeight&quot;:false,&quot;autoplay&quot;:true,&quot;autoplayContinualCss&quot;:false,&quot;autoWidth&quot;:false,&quot;center&quot;:true,&quot;dots&quot;:true,&quot;items&quot;:2,&quot;loop&quot;:true,&quot;nav&quot;:false,&quot;stagePadding&quot;:0,&quot;slideBy&quot;:&quot;1&quot;,&quot;touchDrag&quot;:true,&quot;mouseDrag&quot;:true},&quot;1400&quot;:{&quot;items&quot;:2,&quot;autoplay&quot;:true,&quot;autoplayContinualCss&quot;:false,&quot;center&quot;:true,&quot;dots&quot;:true,&quot;nav&quot;:false,&quot;autoHeight&quot;:false,&quot;autoWidth&quot;:false,&quot;loop&quot;:true,&quot;stagePadding&quot;:0}}}}'><\/div><\/div><div class=\"w-separator size_medium\"><\/div><div class=\"w-btn-wrapper align_center\"><a class=\"w-btn us-btn-style_1\" href=\"https:\/\/www.rhuven.com\/ca\/portfolio\/\"><span class=\"w-btn-label\">Veure tots<\/span><\/a><\/div><div class=\"w-separator size_medium\"><\/div><\/div><\/div><\/div><\/div><\/section><section class=\"l-section wpb_row height_medium\"><div class=\"l-section-h i-cf\"><div class=\"g-cols vc_row via_grid cols_2 laptops-cols_inherit tablets-cols_inherit mobiles-cols_1 valign_top type_default stacking_default\" style=\"--columns-gap:4vw;\"><div class=\"wpb_column vc_column_container us_custom_33b9ee00\"><div class=\"vc_column-inner\"><h2 class=\"w-text us_custom_7f07e40b has_text_color\"><span class=\"w-text-h\"><span class=\"w-text-value\">Tens un projecte al cap? Podem ajudar-te<\/span><\/span><\/h2><\/div><\/div><div class=\"wpb_column vc_column_container\"><div class=\"vc_column-inner\"><div class=\"wpb_text_column\"><div class=\"wpb_wrapper\"><p>Explica&#8217;ns la teva idea i t&#8217;assessorem sense comprom\u00eds. Ja sigui que necessitis una web des de zero, millorar la que tens o treballar el posicionament local, t&#8217;oferim solucions clares, personalitzades i eficients. Apostem pel tracte directe, el disseny de qualitat i estrat\u00e8gies digitals que funcionen.<\/p>\n<\/div><\/div><div class=\"w-separator size_custom\" style=\"height:\" id=\"l237\"><style>@media(max-width:1024px){ #l237{height:20px!important}}@media(max-width:600px){ #l237{height:20px!important}}<\/style><\/div><\/div><\/div><\/div><\/div><\/section><section class=\"l-section wpb_row height_medium with_img\"><div class=\"l-section-img\" role=\"img\" aria-label=\"Dise\u00f1o de tiendas online Barcelona\" data-img-width=\"1000\" data-img-height=\"667\" style=\"background-image: url(https:\/\/www.rhuven.com\/wp-content\/uploads\/2025\/07\/1.jpg);\"><\/div><div class=\"l-section-overlay\" style=\"background:rgba(0,0,0,0.82)\"><\/div><div class=\"l-section-h i-cf\"><div class=\"g-cols vc_row via_grid cols_1 laptops-cols_inherit tablets-cols_inherit mobiles-cols_1 valign_top type_default stacking_default\"><div class=\"wpb_column vc_column_container us_custom_28022451 has_text_color has_bg_color\"><div class=\"vc_column-overlay\" style=\"background:rgba(0,0,0,0.50)\"><\/div><div class=\"vc_column-inner\"><div class=\"w-actionbox us_custom_7eada627 color_light controls_bottom\"><div class=\"w-actionbox-text\"><div class=\"w-actionbox-title\">Fem la teva p\u00e0gina web?<\/div><\/div><div class=\"w-actionbox-controls\"><a class=\"w-btn us-btn-style_1\" href=\"#1\"><span class=\"w-btn-label\">Escriu-nos<\/span><\/a><\/div><\/div><div class=\"w-separator size_small\"><\/div><\/div><\/div><\/div><\/div><\/section><section class=\"l-section wpb_row height_medium width_custom color_alternate\" style=\"--site-content-width:1300px;\"><div class=\"l-section-h i-cf\"><div class=\"g-cols vc_row via_grid cols_1 laptops-cols_inherit tablets-cols_inherit mobiles-cols_1 valign_top type_default stacking_default\"><div class=\"wpb_column vc_column_container\"><div class=\"vc_column-inner\"><div class=\"w-separator size_custom\" style=\"height:\" id=\"f7b5\"><style>@media(max-width:1024px){ #f7b5{height:20px!important}}@media(max-width:600px){ #f7b5{height:20px!important}}<\/style><\/div><div class=\"wpb_text_column us_custom_8bd9b0ce\"><div class=\"wpb_wrapper\"><p style=\"text-align: center;\"><strong><span style=\"color: #c6a04f;\">Qu\u00e8 opinen els nostres clients?<\/span><\/strong><\/p>\n<\/div><\/div><div class=\"w-separator size_large\"><\/div><div class=\"w-grid us_carousel type_carousel layout_testimonial_8 preload_style_spinner items_2\" id=\"us_grid_2\" style=\"--items:2;--gap:0.8rem;\"><style>.layout_testimonial_8 .w-grid-item-h{}.layout_testimonial_8 .usg_vwrapper_1{color:var(--color-content-text)!important;border-radius:var(--site-border-radius)!important;padding:10%!important;background:var(--color-content-bg-alt)!important}.layout_testimonial_8 .usg_post_custom_field_1{font-size:14px!important}.layout_testimonial_8 .usg_post_custom_field_2{color:var(--color-content-heading)!important;font-size:1.2rem!important;line-height:1.5!important}.layout_testimonial_8 .usg_vwrapper_2{margin-top:auto!important}.layout_testimonial_8 .usg_post_custom_field_3{color:var(--color-content-primary)!important}<\/style><div class=\"w-grid-list owl-carousel valign_stretch dotstyle_dash navstyle_circle arrows-ver-pos_middle arrows-hor-pos_on_sides_outside arrows-disabled_hide owl-responsive-2000 with_dots with_arrows\" style=\"--transition-duration:350ms;--arrows-size:1rem;--arrows-hor-offset:calc(1rem + 0.8rem);--arrows-gap:10px;\">\t<article class=\"w-grid-item post-20569 us_testimonial type-us_testimonial status-publish hentry\" data-id=\"20569\">\r\n\t\t<div class=\"w-grid-item-h\">\r\n\t\t\t\t\t\t<div class=\"w-vwrapper usg_vwrapper_1 has_text_color align_none valign_top\" style=\"--vwrapper-gap:1.5rem\"><div class=\"w-post-elm post_custom_field usg_post_custom_field_3 has_text_color type_icon us_testimonial_rating color_link_inherit\"><div class=\"w-testimonial-rating\"><i><\/i><i><\/i><i><\/i><i><\/i><i><\/i><\/div><\/div><div class=\"w-post-elm post_content usg_post_content_1\"><p>Treballar amb Rub\u00e9n \u00e9s un veritable encert, tant a nivell de comunicaci\u00f3 com de resultats. S&#8217;encarregaren de crear la nostra p\u00e0gina web i del treball de posicionament web. Fa m\u00e9s de 5 anys que treballem amb ells.<\/p>\n<\/div><div class=\"w-vwrapper usg_vwrapper_2 align_none valign_top\" style=\"--vwrapper-gap:0rem\"><div class=\"w-post-elm post_custom_field usg_post_custom_field_2 has_text_color type_text us_testimonial_author color_link_inherit\"><span class=\"w-post-elm-value\">Sonia C.<\/span><\/div><div class=\"w-post-elm post_custom_field usg_post_custom_field_1 type_text us_testimonial_role color_link_inherit\"><span class=\"w-post-elm-value\"><\/span><\/div><\/div><\/div>\t\t<\/div>\r\n\t\t\t<\/article>\r\n\t<article class=\"w-grid-item post-20568 us_testimonial type-us_testimonial status-publish hentry\" data-id=\"20568\">\r\n\t\t<div class=\"w-grid-item-h\">\r\n\t\t\t\t\t\t<div class=\"w-vwrapper usg_vwrapper_1 has_text_color align_none valign_top\" style=\"--vwrapper-gap:1.5rem\"><div class=\"w-post-elm post_custom_field usg_post_custom_field_3 has_text_color type_icon us_testimonial_rating color_link_inherit\"><div class=\"w-testimonial-rating\"><i><\/i><i><\/i><i><\/i><i><\/i><i><\/i><\/div><\/div><div class=\"w-post-elm post_content usg_post_content_1\"><p>Em van assessorar super b\u00e9 en el meu projecte en l\u00ednia, creant la meva p\u00e0gina web i gestionant les xarxes socials. Professionals i recomanables al 100%!!!<\/p>\n<\/div><div class=\"w-vwrapper usg_vwrapper_2 align_none valign_top\" style=\"--vwrapper-gap:0rem\"><div class=\"w-post-elm post_custom_field usg_post_custom_field_2 has_text_color type_text us_testimonial_author color_link_inherit\"><span class=\"w-post-elm-value\">Laura M.<\/span><\/div><div class=\"w-post-elm post_custom_field usg_post_custom_field_1 type_text us_testimonial_role color_link_inherit\"><span class=\"w-post-elm-value\"><\/span><\/div><\/div><\/div>\t\t<\/div>\r\n\t\t\t<\/article>\r\n\t<article class=\"w-grid-item post-20567 us_testimonial type-us_testimonial status-publish hentry\" data-id=\"20567\">\r\n\t\t<div class=\"w-grid-item-h\">\r\n\t\t\t\t\t\t<div class=\"w-vwrapper usg_vwrapper_1 has_text_color align_none valign_top\" style=\"--vwrapper-gap:1.5rem\"><div class=\"w-post-elm post_custom_field usg_post_custom_field_3 has_text_color type_icon us_testimonial_rating color_link_inherit\"><div class=\"w-testimonial-rating\"><i><\/i><i><\/i><i><\/i><i><\/i><\/div><\/div><div class=\"w-post-elm post_content usg_post_content_1\"><p>Vaig contactar amb ells perqu\u00e8 el meu anterior web era un desastre, necessitava que alg\u00fa que realment sab\u00e9s fer la seva feina m&#8217;ajud\u00e9s amb la meva p\u00e0gina web. Els vaig trobar a trav\u00e9s de Google i van dissenyar la p\u00e0gina web que necessitava. Gr\u00e0cies.<\/p>\n<\/div><div class=\"w-vwrapper usg_vwrapper_2 align_none valign_top\" style=\"--vwrapper-gap:0rem\"><div class=\"w-post-elm post_custom_field usg_post_custom_field_2 has_text_color type_text us_testimonial_author color_link_inherit\"><span class=\"w-post-elm-value\">Armant C.<\/span><\/div><div class=\"w-post-elm post_custom_field usg_post_custom_field_1 type_text us_testimonial_role color_link_inherit\"><span class=\"w-post-elm-value\"><\/span><\/div><\/div><\/div>\t\t<\/div>\r\n\t\t\t<\/article>\r\n\t<article class=\"w-grid-item post-20566 us_testimonial type-us_testimonial status-publish hentry\" data-id=\"20566\">\r\n\t\t<div class=\"w-grid-item-h\">\r\n\t\t\t\t\t\t<div class=\"w-vwrapper usg_vwrapper_1 has_text_color align_none valign_top\" style=\"--vwrapper-gap:1.5rem\"><div class=\"w-post-elm post_custom_field usg_post_custom_field_3 has_text_color type_icon us_testimonial_rating color_link_inherit\"><div class=\"w-testimonial-rating\"><i><\/i><i><\/i><i><\/i><i><\/i><i><\/i><\/div><\/div><div class=\"w-post-elm post_content usg_post_content_1\"><p>Fa m\u00e9s de 7 anys que treballem amb Rub\u00e9n, encarregant-se del disseny web del nostre despatx d&#8217;advocats i del posicionament web. Si est\u00e0s buscant un equip de confian\u00e7a i que facin una bona feina, no busquis m\u00e9s ;)<\/p>\n<\/div><div class=\"w-vwrapper usg_vwrapper_2 align_none valign_top\" style=\"--vwrapper-gap:0rem\"><div class=\"w-post-elm post_custom_field usg_post_custom_field_2 has_text_color type_text us_testimonial_author color_link_inherit\"><span class=\"w-post-elm-value\">Patr\u00edcia S.<\/span><\/div><div class=\"w-post-elm post_custom_field usg_post_custom_field_1 type_text us_testimonial_role color_link_inherit\"><span class=\"w-post-elm-value\"><\/span><\/div><\/div><\/div>\t\t<\/div>\r\n\t\t\t<\/article>\r\n\t<article class=\"w-grid-item post-20565 us_testimonial type-us_testimonial status-publish hentry\" data-id=\"20565\">\r\n\t\t<div class=\"w-grid-item-h\">\r\n\t\t\t\t\t\t<div class=\"w-vwrapper usg_vwrapper_1 has_text_color align_none valign_top\" style=\"--vwrapper-gap:1.5rem\"><div class=\"w-post-elm post_custom_field usg_post_custom_field_3 has_text_color type_icon us_testimonial_rating color_link_inherit\"><div class=\"w-testimonial-rating\"><i><\/i><i><\/i><i><\/i><i><\/i><i><\/i><\/div><\/div><div class=\"w-post-elm post_content usg_post_content_1\"><p>Estan especialitzats en WordPress, que era just el que est\u00e0vem buscant. Destaquem la seva professionalitat i rapidesa, a m\u00e9s a m\u00e9s la comunicaci\u00f3 \u00e9s super fluida. Seran fixos pels nostres propers projectes.<\/p>\n<\/div><div class=\"w-vwrapper usg_vwrapper_2 align_none valign_top\" style=\"--vwrapper-gap:0rem\"><div class=\"w-post-elm post_custom_field usg_post_custom_field_2 has_text_color type_text us_testimonial_author color_link_inherit\"><span class=\"w-post-elm-value\">Didac F.<\/span><\/div><div class=\"w-post-elm post_custom_field usg_post_custom_field_1 type_text us_testimonial_role color_link_inherit\"><span class=\"w-post-elm-value\"><\/span><\/div><\/div><\/div>\t\t<\/div>\r\n\t\t\t<\/article>\r\n\t<article class=\"w-grid-item post-20564 us_testimonial type-us_testimonial status-publish hentry\" data-id=\"20564\">\r\n\t\t<div class=\"w-grid-item-h\">\r\n\t\t\t\t\t\t<div class=\"w-vwrapper usg_vwrapper_1 has_text_color align_none valign_top\" style=\"--vwrapper-gap:1.5rem\"><div class=\"w-post-elm post_custom_field usg_post_custom_field_3 has_text_color type_icon us_testimonial_rating color_link_inherit\"><div class=\"w-testimonial-rating\"><i><\/i><i><\/i><i><\/i><i><\/i><\/div><\/div><div class=\"w-post-elm post_content usg_post_content_1\"><p>Es van encarregar del disseny del logotip per a la meva empresa, la veritat \u00e9s que el resultat final va ser perfecte. Gr\u00e0cies.<\/p>\n<\/div><div class=\"w-vwrapper usg_vwrapper_2 align_none valign_top\" style=\"--vwrapper-gap:0rem\"><div class=\"w-post-elm post_custom_field usg_post_custom_field_2 has_text_color type_text us_testimonial_author color_link_inherit\"><span class=\"w-post-elm-value\">John Doe<\/span><\/div><div class=\"w-post-elm post_custom_field usg_post_custom_field_1 type_text us_testimonial_role color_link_inherit\"><span class=\"w-post-elm-value\"><\/span><\/div><\/div><\/div>\t\t<\/div>\r\n\t\t\t<\/article>\r\n\t<article class=\"w-grid-item post-20563 us_testimonial type-us_testimonial status-publish hentry\" data-id=\"20563\">\r\n\t\t<div class=\"w-grid-item-h\">\r\n\t\t\t\t\t\t<div class=\"w-vwrapper usg_vwrapper_1 has_text_color align_none valign_top\" style=\"--vwrapper-gap:1.5rem\"><div class=\"w-post-elm post_custom_field usg_post_custom_field_3 has_text_color type_icon us_testimonial_rating color_link_inherit\"><div class=\"w-testimonial-rating\"><i><\/i><i><\/i><i><\/i><i><\/i><i><\/i><\/div><\/div><div class=\"w-post-elm post_content usg_post_content_1\"><p>Van dissenyar la p\u00e0gina web i el logotip del meu centre de massatges, tamb\u00e9 porten el SEO de la meva p\u00e0gina web des de fa un parell danys. En destacaria el talent a l&#8217;hora de transmetre la teva idea al disseny, tant a nivell web com del logo. La comunicaci\u00f3 amb ells \u00e9s molt bona, no tenen problemes a explicar-t&#8217;ho tot les vegades que necessitis, una mica d&#8217;agrair ja que no \u00e9s f\u00e0cil entendre el m\u00f3n del m\u00e0rqueting en l\u00ednia.<\/p>\n<\/div><div class=\"w-vwrapper usg_vwrapper_2 align_none valign_top\" style=\"--vwrapper-gap:0rem\"><div class=\"w-post-elm post_custom_field usg_post_custom_field_2 has_text_color type_text us_testimonial_author color_link_inherit\"><span class=\"w-post-elm-value\">Marta M.<\/span><\/div><div class=\"w-post-elm post_custom_field usg_post_custom_field_1 type_text us_testimonial_role color_link_inherit\"><span class=\"w-post-elm-value\"><\/span><\/div><\/div><\/div>\t\t<\/div>\r\n\t\t\t<\/article>\r\n<\/div><div class=\"w-grid-carousel-json hidden\" onclick='return {&quot;carousel_settings&quot;:{&quot;aria_labels&quot;:{&quot;prev&quot;:&quot;Anterior&quot;,&quot;next&quot;:&quot;Seg\\u00fcent&quot;},&quot;autoplayContinual&quot;:false,&quot;autoplayContinualCss&quot;:false,&quot;autoplayHoverPause&quot;:false,&quot;autoplayTimeout&quot;:3000,&quot;autoWidth&quot;:false,&quot;smartSpeed&quot;:350,&quot;margin&quot;:0,&quot;mouseDrag&quot;:true,&quot;rtl&quot;:false,&quot;slideBy&quot;:&quot;1&quot;,&quot;touchDrag&quot;:true,&quot;slideTransition&quot;:&quot;&quot;,&quot;responsive&quot;:{&quot;0&quot;:{&quot;autoHeight&quot;:true,&quot;autoplay&quot;:true,&quot;autoplayContinualCss&quot;:false,&quot;autoWidth&quot;:false,&quot;center&quot;:true,&quot;dots&quot;:true,&quot;items&quot;:1,&quot;loop&quot;:true,&quot;nav&quot;:false,&quot;stagePadding&quot;:0,&quot;slideBy&quot;:&quot;1&quot;,&quot;touchDrag&quot;:true,&quot;mouseDrag&quot;:true},&quot;601&quot;:{&quot;autoHeight&quot;:true,&quot;autoplay&quot;:true,&quot;autoplayContinualCss&quot;:false,&quot;autoWidth&quot;:false,&quot;center&quot;:true,&quot;dots&quot;:true,&quot;items&quot;:2,&quot;loop&quot;:true,&quot;nav&quot;:true,&quot;stagePadding&quot;:0,&quot;slideBy&quot;:&quot;1&quot;,&quot;touchDrag&quot;:true,&quot;mouseDrag&quot;:true},&quot;1025&quot;:{&quot;autoHeight&quot;:true,&quot;autoplay&quot;:true,&quot;autoplayContinualCss&quot;:false,&quot;autoWidth&quot;:false,&quot;center&quot;:true,&quot;dots&quot;:true,&quot;items&quot;:3,&quot;loop&quot;:true,&quot;nav&quot;:true,&quot;stagePadding&quot;:0,&quot;slideBy&quot;:&quot;1&quot;,&quot;touchDrag&quot;:true,&quot;mouseDrag&quot;:true},&quot;1381&quot;:{&quot;items&quot;:2,&quot;autoplay&quot;:false,&quot;autoplayContinualCss&quot;:false,&quot;center&quot;:false,&quot;dots&quot;:true,&quot;nav&quot;:true,&quot;autoHeight&quot;:false,&quot;autoWidth&quot;:false,&quot;loop&quot;:true,&quot;stagePadding&quot;:0}}}}'><\/div><\/div><div class=\"w-separator size_custom\" style=\"height:\" id=\"x252\"><style>@media(max-width:1024px){ #x252{height:20px!important}}@media(max-width:600px){ #x252{height:20px!important}}<\/style><\/div><\/div><\/div><\/div><\/div><\/section>\n","protected":false},"excerpt":{"rendered":"Van dissenyar la p\u00e0gina web i el logotip del meu centre de massatges, tamb\u00e9 porten el SEO de la meva p\u00e0gina web des de fa un parell danys. En destacaria el talent a l'hora de transmetre la teva idea al disseny, tant a nivell web com del logo. La comunicaci\u00f3 amb ells \u00e9s molt bona,...","protected":false},"author":1,"featured_media":23841,"parent":0,"menu_order":0,"comment_status":"closed","ping_status":"closed","template":"","meta":{"_joinchat":[],"footnotes":""},"class_list":["post-24089","page","type-page","status-publish","has-post-thumbnail","hentry"],"yoast_head":"<!-- This site is optimized with the Yoast SEO plugin v27.4 - https:\/\/yoast.com\/product\/yoast-seo-wordpress\/ -->\n<title>Disseny web Castelldefels | Ag\u00e8ncia SEO especialitzada<\/title>\n<meta name=\"description\" content=\"Experts en disseny web Castelldefels i posicionament SEO.\" \/>\n<meta name=\"robots\" content=\"index, follow, max-snippet:-1, max-image-preview:large, max-video-preview:-1\" \/>\n<link rel=\"canonical\" href=\"https:\/\/www.rhuven.com\/ca\/disseny-web-castelldefels\/\" \/>\n<meta property=\"og:locale\" content=\"ca_ES\" \/>\n<meta property=\"og:type\" content=\"article\" \/>\n<meta property=\"og:title\" content=\"Disseny web Castelldefels | Ag\u00e8ncia SEO especialitzada\" \/>\n<meta property=\"og:description\" content=\"Experts en disseny web Castelldefels i posicionament SEO.\" \/>\n<meta property=\"og:url\" content=\"https:\/\/www.rhuven.com\/ca\/disseny-web-castelldefels\/\" \/>\n<meta property=\"og:site_name\" content=\"Rhuven\" \/>\n<meta property=\"article:publisher\" content=\"https:\/\/www.facebook.com\/RubenBretones\" \/>\n<meta property=\"article:modified_time\" content=\"2026-02-21T12:17:57+00:00\" \/>\n<meta property=\"og:image\" content=\"https:\/\/www.rhuven.com\/wp-content\/uploads\/2025\/07\/9.jpg\" \/>\n\t<meta property=\"og:image:width\" content=\"1000\" \/>\n\t<meta property=\"og:image:height\" content=\"1000\" \/>\n\t<meta property=\"og:image:type\" content=\"image\/jpeg\" \/>\n<meta name=\"twitter:card\" content=\"summary_large_image\" \/>\n<meta name=\"twitter:site\" content=\"@rhuven_design\" \/>\n<meta name=\"twitter:label1\" content=\"Temps estimat de lectura\" \/>\n\t<meta name=\"twitter:data1\" content=\"14 minuts\" \/>\n<script type=\"application\/ld+json\" class=\"yoast-schema-graph\">{\"@context\":\"https:\\\/\\\/schema.org\",\"@graph\":[{\"@type\":\"WebPage\",\"@id\":\"https:\\\/\\\/www.rhuven.com\\\/ca\\\/disseny-web-castelldefels\\\/\",\"url\":\"https:\\\/\\\/www.rhuven.com\\\/ca\\\/disseny-web-castelldefels\\\/\",\"name\":\"Disseny web Castelldefels | Ag\u00e8ncia SEO especialitzada\",\"isPartOf\":{\"@id\":\"https:\\\/\\\/www.rhuven.com\\\/ca\\\/#website\"},\"primaryImageOfPage\":{\"@id\":\"https:\\\/\\\/www.rhuven.com\\\/ca\\\/disseny-web-castelldefels\\\/#primaryimage\"},\"image\":{\"@id\":\"https:\\\/\\\/www.rhuven.com\\\/ca\\\/disseny-web-castelldefels\\\/#primaryimage\"},\"thumbnailUrl\":\"https:\\\/\\\/www.rhuven.com\\\/wp-content\\\/uploads\\\/2025\\\/07\\\/9.jpg\",\"datePublished\":\"2025-07-13T12:22:30+00:00\",\"dateModified\":\"2026-02-21T12:17:57+00:00\",\"description\":\"Experts en disseny web Castelldefels i posicionament SEO.\",\"breadcrumb\":{\"@id\":\"https:\\\/\\\/www.rhuven.com\\\/ca\\\/disseny-web-castelldefels\\\/#breadcrumb\"},\"inLanguage\":\"ca\",\"potentialAction\":[{\"@type\":\"ReadAction\",\"target\":[\"https:\\\/\\\/www.rhuven.com\\\/ca\\\/disseny-web-castelldefels\\\/\"]}]},{\"@type\":\"ImageObject\",\"inLanguage\":\"ca\",\"@id\":\"https:\\\/\\\/www.rhuven.com\\\/ca\\\/disseny-web-castelldefels\\\/#primaryimage\",\"url\":\"https:\\\/\\\/www.rhuven.com\\\/wp-content\\\/uploads\\\/2025\\\/07\\\/9.jpg\",\"contentUrl\":\"https:\\\/\\\/www.rhuven.com\\\/wp-content\\\/uploads\\\/2025\\\/07\\\/9.jpg\",\"width\":1000,\"height\":1000,\"caption\":\"Dise\u00f1o web Castelldefels\"},{\"@type\":\"BreadcrumbList\",\"@id\":\"https:\\\/\\\/www.rhuven.com\\\/ca\\\/disseny-web-castelldefels\\\/#breadcrumb\",\"itemListElement\":[{\"@type\":\"ListItem\",\"position\":1,\"name\":\"Portada\",\"item\":\"https:\\\/\\\/www.rhuven.com\\\/ca\\\/disseny-web-barcelona\\\/\"},{\"@type\":\"ListItem\",\"position\":2,\"name\":\"Disseny Web Castelldefels\"}]},{\"@type\":\"WebSite\",\"@id\":\"https:\\\/\\\/www.rhuven.com\\\/ca\\\/#website\",\"url\":\"https:\\\/\\\/www.rhuven.com\\\/ca\\\/\",\"name\":\"Rhuven.com\",\"description\":\"Dise\u00f1o web Barcelona\",\"publisher\":{\"@id\":\"https:\\\/\\\/www.rhuven.com\\\/ca\\\/#organization\"},\"alternateName\":\"Rhuven\",\"potentialAction\":[{\"@type\":\"SearchAction\",\"target\":{\"@type\":\"EntryPoint\",\"urlTemplate\":\"https:\\\/\\\/www.rhuven.com\\\/ca\\\/?s={search_term_string}\"},\"query-input\":{\"@type\":\"PropertyValueSpecification\",\"valueRequired\":true,\"valueName\":\"search_term_string\"}}],\"inLanguage\":\"ca\"},{\"@type\":\"Organization\",\"@id\":\"https:\\\/\\\/www.rhuven.com\\\/ca\\\/#organization\",\"name\":\"Rhuven\",\"url\":\"https:\\\/\\\/www.rhuven.com\\\/ca\\\/\",\"logo\":{\"@type\":\"ImageObject\",\"inLanguage\":\"ca\",\"@id\":\"https:\\\/\\\/www.rhuven.com\\\/ca\\\/#\\\/schema\\\/logo\\\/image\\\/\",\"url\":\"https:\\\/\\\/www.rhuven.com\\\/wp-content\\\/uploads\\\/2016\\\/05\\\/logo_rhuven2.png\",\"contentUrl\":\"https:\\\/\\\/www.rhuven.com\\\/wp-content\\\/uploads\\\/2016\\\/05\\\/logo_rhuven2.png\",\"width\":198,\"height\":198,\"caption\":\"Rhuven\"},\"image\":{\"@id\":\"https:\\\/\\\/www.rhuven.com\\\/ca\\\/#\\\/schema\\\/logo\\\/image\\\/\"},\"sameAs\":[\"https:\\\/\\\/www.facebook.com\\\/RubenBretones\",\"https:\\\/\\\/x.com\\\/rhuven_design\",\"https:\\\/\\\/www.instagram.com\\\/rhuven_design\\\/\",\"https:\\\/\\\/www.linkedin.com\\\/in\\\/rubenbretones\",\"https:\\\/\\\/myspace.com\\\/rhuven_desing\",\"https:\\\/\\\/es.pinterest.com\\\/RhuvenDesign\\\/\",\"https:\\\/\\\/www.youtube.com\\\/c\\\/Rub\u00e9nBretones\"]}]}<\/script>\n<!-- \/ Yoast SEO plugin. -->","yoast_head_json":{"title":"Disseny web Castelldefels | Ag\u00e8ncia SEO especialitzada","description":"Experts en disseny web Castelldefels i posicionament SEO.","robots":{"index":"index","follow":"follow","max-snippet":"max-snippet:-1","max-image-preview":"max-image-preview:large","max-video-preview":"max-video-preview:-1"},"canonical":"https:\/\/www.rhuven.com\/ca\/disseny-web-castelldefels\/","og_locale":"ca_ES","og_type":"article","og_title":"Disseny web Castelldefels | Ag\u00e8ncia SEO especialitzada","og_description":"Experts en disseny web Castelldefels i posicionament SEO.","og_url":"https:\/\/www.rhuven.com\/ca\/disseny-web-castelldefels\/","og_site_name":"Rhuven","article_publisher":"https:\/\/www.facebook.com\/RubenBretones","article_modified_time":"2026-02-21T12:17:57+00:00","og_image":[{"width":1000,"height":1000,"url":"https:\/\/www.rhuven.com\/wp-content\/uploads\/2025\/07\/9.jpg","type":"image\/jpeg"}],"twitter_card":"summary_large_image","twitter_site":"@rhuven_design","twitter_misc":{"Temps estimat de lectura":"14 minuts"},"schema":{"@context":"https:\/\/schema.org","@graph":[{"@type":"WebPage","@id":"https:\/\/www.rhuven.com\/ca\/disseny-web-castelldefels\/","url":"https:\/\/www.rhuven.com\/ca\/disseny-web-castelldefels\/","name":"Disseny web Castelldefels | Ag\u00e8ncia SEO especialitzada","isPartOf":{"@id":"https:\/\/www.rhuven.com\/ca\/#website"},"primaryImageOfPage":{"@id":"https:\/\/www.rhuven.com\/ca\/disseny-web-castelldefels\/#primaryimage"},"image":{"@id":"https:\/\/www.rhuven.com\/ca\/disseny-web-castelldefels\/#primaryimage"},"thumbnailUrl":"https:\/\/www.rhuven.com\/wp-content\/uploads\/2025\/07\/9.jpg","datePublished":"2025-07-13T12:22:30+00:00","dateModified":"2026-02-21T12:17:57+00:00","description":"Experts en disseny web Castelldefels i posicionament SEO.","breadcrumb":{"@id":"https:\/\/www.rhuven.com\/ca\/disseny-web-castelldefels\/#breadcrumb"},"inLanguage":"ca","potentialAction":[{"@type":"ReadAction","target":["https:\/\/www.rhuven.com\/ca\/disseny-web-castelldefels\/"]}]},{"@type":"ImageObject","inLanguage":"ca","@id":"https:\/\/www.rhuven.com\/ca\/disseny-web-castelldefels\/#primaryimage","url":"https:\/\/www.rhuven.com\/wp-content\/uploads\/2025\/07\/9.jpg","contentUrl":"https:\/\/www.rhuven.com\/wp-content\/uploads\/2025\/07\/9.jpg","width":1000,"height":1000,"caption":"Dise\u00f1o web Castelldefels"},{"@type":"BreadcrumbList","@id":"https:\/\/www.rhuven.com\/ca\/disseny-web-castelldefels\/#breadcrumb","itemListElement":[{"@type":"ListItem","position":1,"name":"Portada","item":"https:\/\/www.rhuven.com\/ca\/disseny-web-barcelona\/"},{"@type":"ListItem","position":2,"name":"Disseny Web Castelldefels"}]},{"@type":"WebSite","@id":"https:\/\/www.rhuven.com\/ca\/#website","url":"https:\/\/www.rhuven.com\/ca\/","name":"Rhuven.com","description":"Dise\u00f1o web Barcelona","publisher":{"@id":"https:\/\/www.rhuven.com\/ca\/#organization"},"alternateName":"Rhuven","potentialAction":[{"@type":"SearchAction","target":{"@type":"EntryPoint","urlTemplate":"https:\/\/www.rhuven.com\/ca\/?s={search_term_string}"},"query-input":{"@type":"PropertyValueSpecification","valueRequired":true,"valueName":"search_term_string"}}],"inLanguage":"ca"},{"@type":"Organization","@id":"https:\/\/www.rhuven.com\/ca\/#organization","name":"Rhuven","url":"https:\/\/www.rhuven.com\/ca\/","logo":{"@type":"ImageObject","inLanguage":"ca","@id":"https:\/\/www.rhuven.com\/ca\/#\/schema\/logo\/image\/","url":"https:\/\/www.rhuven.com\/wp-content\/uploads\/2016\/05\/logo_rhuven2.png","contentUrl":"https:\/\/www.rhuven.com\/wp-content\/uploads\/2016\/05\/logo_rhuven2.png","width":198,"height":198,"caption":"Rhuven"},"image":{"@id":"https:\/\/www.rhuven.com\/ca\/#\/schema\/logo\/image\/"},"sameAs":["https:\/\/www.facebook.com\/RubenBretones","https:\/\/x.com\/rhuven_design","https:\/\/www.instagram.com\/rhuven_design\/","https:\/\/www.linkedin.com\/in\/rubenbretones","https:\/\/myspace.com\/rhuven_desing","https:\/\/es.pinterest.com\/RhuvenDesign\/","https:\/\/www.youtube.com\/c\/Rub\u00e9nBretones"]}]}},"_links":{"self":[{"href":"https:\/\/www.rhuven.com\/ca\/wp-json\/wp\/v2\/pages\/24089","targetHints":{"allow":["GET"]}}],"collection":[{"href":"https:\/\/www.rhuven.com\/ca\/wp-json\/wp\/v2\/pages"}],"about":[{"href":"https:\/\/www.rhuven.com\/ca\/wp-json\/wp\/v2\/types\/page"}],"author":[{"embeddable":true,"href":"https:\/\/www.rhuven.com\/ca\/wp-json\/wp\/v2\/users\/1"}],"replies":[{"embeddable":true,"href":"https:\/\/www.rhuven.com\/ca\/wp-json\/wp\/v2\/comments?post=24089"}],"version-history":[{"count":4,"href":"https:\/\/www.rhuven.com\/ca\/wp-json\/wp\/v2\/pages\/24089\/revisions"}],"predecessor-version":[{"id":24621,"href":"https:\/\/www.rhuven.com\/ca\/wp-json\/wp\/v2\/pages\/24089\/revisions\/24621"}],"wp:featuredmedia":[{"embeddable":true,"href":"https:\/\/www.rhuven.com\/ca\/wp-json\/wp\/v2\/media\/23841"}],"wp:attachment":[{"href":"https:\/\/www.rhuven.com\/ca\/wp-json\/wp\/v2\/media?parent=24089"}],"curies":[{"name":"wp","href":"https:\/\/api.w.org\/{rel}","templated":true}]}}